{"id":634,"date":"2018-12-28T14:07:35","date_gmt":"2018-12-28T13:07:35","guid":{"rendered":"https:\/\/akademskaknjiga.com\/product\/islam-ateizam-i-modernost-neka-bogohulna-razmisljanja\/"},"modified":"2023-03-01T11:05:36","modified_gmt":"2023-03-01T11:05:36","slug":"islam-ateizam-i-modernost-neka-bogohulna-razmisljanja","status":"publish","type":"product","link":"https:\/\/akademskaknjiga.com\/en\/katalog\/islam-ateizam-i-modernost-neka-bogohulna-razmisljanja","title":{"rendered":"ISLAM, ATEIZAM I MODERNOST. Neka bogohulna razmi\u0161ljanja"},"content":{"rendered":"<p>Trenutno najanga\u017eovaniji planetarni filozof, Slavoj \u017di\u017eek, ekspresno je reagovao nakon ubila\u010dkog pohoda 7. januara 2015. u prostorijama satiri\u010dnog lista <i>\u0160arli Ebdo<\/i> zbirkom tekstova naslovljenom <i>Islam, ateizam i modernost \u2013 neka bogohulna razmi\u0161ljanja<\/i>. U ovoj knjizi \u017di\u017eek, s jedne strane, preispituje linije dodira i razdvajanja izme\u0111u demokratskog liberalizma i islamskog (kvazi)fundamentalizma, dok s druge strane podvrgava analizi velike svetske religije koje se smatraju apsolutnim i nespornim. Lakanovski analizira ulogu \u017eene u islamskoj religiji kroz pri\u010du o Agari stavljaju\u0107i u komparativni odnos elemente Kur\u2019ana i Biblije. Nagla\u0161avaju\u0107i da \u0161okantnost trenutka ne sme spre\u010diti brzo promi\u0161ljanje, te da razmi\u0161ljanje hladnom glavom pre normalizuje situaciju i otupljuje o\u0161tricu istine, autor tvrdi da kritika islamskog terorizma mora i\u0107i uporedo s kritikom liberalne demokratije.<\/p>\n<p>\u201eEkstati\u010dni momenti pariskih manifestacija jesu, naravno, trijumf ideologije: oni su ujedinili ljude protiv neprijatelja \u010dije fascinantno prisustvo momentalno bri\u0161e sve antagonizme. Dakle, pitanje koje treba postaviti jeste: \u0161ta oni zamagljuju? Koja je njihova uloga u zamagljivanju? Trebalo bi, naravno, nedvosmisleno da osudimo ubistva kao napad na samu su\u0161tinu na\u0161ih sloboda i da ih osudimo bez ikakvih skrivenih ograda (u stilu \u201e\u0160arli Ebdo je ipak previ\u0161e provocirao i poni\u017eavao muslimane\u201d). Trebalo bi da odbacimo sva sli\u010dna upu\u0107ivanja na olak\u0161avaju\u0107i \u0161iri kontekst: bra\u0107a koja napadaju bila su duboko pogo\u0111ena u\u017easima ameri\u010dke okupacije Iraka (OK, ali za\u0161to onda nisu napali neki ameri\u010dki vojni objekat umesto francuskog satiri\u010dnog \u010dasopisa?), Muslimani su na Zapadu defakto jedva tolerisana i eksploatisana manjina (crni Afrikanci jo\u0161 i vi\u0161e, pa ipak ne u\u010destvuju u bombardovanju i ubijanju) itd\u2026\u201d<\/p>","protected":false},"excerpt":{"rendered":"<p><strong>Prevela s engleskog<\/strong> Ljiljana Mati\u0107<\/p>","protected":false},"featured_media":20120,"template":"","meta":{"_acf_changed":false},"product_brand":[],"product_cat":[456],"product_tag":[1373],"prevodilac":[],"autor":[140],"autori":[],"class_list":["post-634","product","type-product","status-publish","has-post-thumbnail","product_cat-filozofija","product_tag-arcus","autor-slavoj-zizek-slavoj-zizek","first","instock","sale","taxable","shipping-taxable","purchasable","product-type-simple"],"acf":[],"_links":{"self":[{"href":"https:\/\/akademskaknjiga.com\/en\/wp-json\/wp\/v2\/product\/634","targetHints":{"allow":["GET"]}}],"collection":[{"href":"https:\/\/akademskaknjiga.com\/en\/wp-json\/wp\/v2\/product"}],"about":[{"href":"https:\/\/akademskaknjiga.com\/en\/wp-json\/wp\/v2\/types\/product"}],"wp:featuredmedia":[{"embeddable":true,"href":"https:\/\/akademskaknjiga.com\/en\/wp-json\/wp\/v2\/media\/20120"}],"wp:attachment":[{"href":"https:\/\/akademskaknjiga.com\/en\/wp-json\/wp\/v2\/media?parent=634"}],"wp:term":[{"taxonomy":"product_brand","embeddable":true,"href":"https:\/\/akademskaknjiga.com\/en\/wp-json\/wp\/v2\/product_brand?post=634"},{"taxonomy":"product_cat","embeddable":true,"href":"https:\/\/akademskaknjiga.com\/en\/wp-json\/wp\/v2\/product_cat?post=634"},{"taxonomy":"product_tag","embeddable":true,"href":"https:\/\/akademskaknjiga.com\/en\/wp-json\/wp\/v2\/product_tag?post=634"},{"taxonomy":"prevodilac","embeddable":true,"href":"https:\/\/akademskaknjiga.com\/en\/wp-json\/wp\/v2\/prevodilac?post=634"},{"taxonomy":"autor","embeddable":true,"href":"https:\/\/akademskaknjiga.com\/en\/wp-json\/wp\/v2\/autor?post=634"},{"taxonomy":"autori","embeddable":true,"href":"https:\/\/akademskaknjiga.com\/en\/wp-json\/wp\/v2\/autori?post=634"}],"curies":[{"name":"wp","href":"https:\/\/api.w.org\/{rel}","templated":true}]}}