{"id":569,"date":"2018-12-28T14:04:12","date_gmt":"2018-12-28T14:04:12","guid":{"rendered":"https:\/\/akademskaknjiga.com\/product\/katastrofe\/"},"modified":"2025-05-05T12:37:00","modified_gmt":"2025-05-05T12:37:00","slug":"katastrofe","status":"publish","type":"product","link":"https:\/\/akademskaknjiga.com\/en\/katalog\/katastrofe","title":{"rendered":"KATASTROFE"},"content":{"rendered":"<p>Od sedamdesetih godina XX veka, \u201erizik\u201c je jedan od na\u010dina suo\u010davanja sa neodre\u0111enom neizvesno\u0161\u0107u koja obuzima na\u0161 svet. Do tada, termin \u201ekatastrofa\u201c bio je dovoljan za poimanje razli\u010ditih pojedina\u010dnih slu\u010dajeva izbijanja kriza.<\/p>\n<p>Iz nesre\u0107a u po\u0161asti, iz neda\u0107a u pokore, Zapad je sebi predstavljao katastrofe prema slo\u017eenom mehanizmu \u010dija ra\u010dvanja istra\u017euje Fransoa Valter. Za\u0161to se klasi\u010dno doba toliko pribojavalo prolaska kometa i njihovih predskazanja? \u0160ta nagoni vek prosvetitetljstva da bude fasciniran prizorima vulkanskih erupcija? Da li je XIX vek zaista prometejski vek, po\u0161to se \u010dini da se on miri sa nizom industrijskih i rudarskih katastrofa? A \u0161ta tek re\u0107i o nemo\u0107i pro\u0161log veka suo\u010denog sa apsolutnim moralnim katastrofama, Au\u0161vicom i Hiro\u0161imom?<\/p>\n<p>Umesto da sledi redukcionisti\u010dku shemu po kojoj smo navodno pre\u0161li iz dru\u0161tva fatalnosti u dru\u0161tvo sigurnosti, Fransoa Valter nastoji da odmeri doprinos slika i diskursa stvaranju anksiogene klime. On pokazuje da se kultura rizika uvek napaja na simboli\u010dkim izvorima a tim vi\u0161e kada svetom vlada ideologija predostro\u017enosti i trajnog razvoja, u senci najavljene ekolo\u0161ke katastrofe.<\/p>","protected":false},"excerpt":{"rendered":"<p><strong>Prevela s francuskog<\/strong> Tamara Val\u010di\u0107<\/p>","protected":false},"featured_media":20055,"template":"","meta":{"_acf_changed":false},"product_brand":[],"product_cat":[2456,2598,460,1909],"product_tag":[41],"prevodilac":[],"autor":[158],"autori":[],"class_list":["post-569","product","type-product","status-publish","has-post-thumbnail","product_cat-dani-frankofonih-autora","product_cat-drugi-svetski-rat","product_cat-istorija","product_cat-kulturna-istorija","product_tag-arhipelag","autor-fransoa-valter-francois-walter","first","instock","sale","taxable","shipping-taxable","purchasable","product-type-simple"],"acf":[],"_links":{"self":[{"href":"https:\/\/akademskaknjiga.com\/en\/wp-json\/wp\/v2\/product\/569","targetHints":{"allow":["GET"]}}],"collection":[{"href":"https:\/\/akademskaknjiga.com\/en\/wp-json\/wp\/v2\/product"}],"about":[{"href":"https:\/\/akademskaknjiga.com\/en\/wp-json\/wp\/v2\/types\/product"}],"wp:featuredmedia":[{"embeddable":true,"href":"https:\/\/akademskaknjiga.com\/en\/wp-json\/wp\/v2\/media\/20055"}],"wp:attachment":[{"href":"https:\/\/akademskaknjiga.com\/en\/wp-json\/wp\/v2\/media?parent=569"}],"wp:term":[{"taxonomy":"product_brand","embeddable":true,"href":"https:\/\/akademskaknjiga.com\/en\/wp-json\/wp\/v2\/product_brand?post=569"},{"taxonomy":"product_cat","embeddable":true,"href":"https:\/\/akademskaknjiga.com\/en\/wp-json\/wp\/v2\/product_cat?post=569"},{"taxonomy":"product_tag","embeddable":true,"href":"https:\/\/akademskaknjiga.com\/en\/wp-json\/wp\/v2\/product_tag?post=569"},{"taxonomy":"prevodilac","embeddable":true,"href":"https:\/\/akademskaknjiga.com\/en\/wp-json\/wp\/v2\/prevodilac?post=569"},{"taxonomy":"autor","embeddable":true,"href":"https:\/\/akademskaknjiga.com\/en\/wp-json\/wp\/v2\/autor?post=569"},{"taxonomy":"autori","embeddable":true,"href":"https:\/\/akademskaknjiga.com\/en\/wp-json\/wp\/v2\/autori?post=569"}],"curies":[{"name":"wp","href":"https:\/\/api.w.org\/{rel}","templated":true}]}}