{"id":497,"date":"2018-12-28T14:02:00","date_gmt":"2018-12-28T13:02:00","guid":{"rendered":"https:\/\/akademskaknjiga.com\/product\/o-seksualnoj-teoriji-totem-i-tabu\/"},"modified":"2023-03-01T11:02:04","modified_gmt":"2023-03-01T11:02:04","slug":"o-seksualnoj-teoriji-totem-i-tabu","status":"publish","type":"product","link":"https:\/\/akademskaknjiga.com\/en\/katalog\/o-seksualnoj-teoriji-totem-i-tabu","title":{"rendered":"O SEKSUALNOJ TEORIJI TOTEM I TABU"},"content":{"rendered":"<p><em>O SEKSUALNOJ TEORIJI TOTEM I TABU.<\/em><\/p>\n<p>Zbog ra\u0161irenosti perverznih sklonosti Frojdu se nametnula ideja da je predodre\u0111enost ka izopa\u010denostima zapravo izvorna i univerzalna osobina ljudskog seksualnog nagona. Verovao je da tu izvornu predodre\u0111enost mo\u017ee ustanoviti jo\u0161 u detinjstvu. Me\u0111u silama koje odre\u0111uju usmerenost seksualnog poriva, istakao je stid, odbojnost, saose\u0107ajnost i dru\u0161tvene konstrukcije morala i autoriteta. On tako u svakom zastranjenju od normalnog seksualnog \u017eivota prepoznaje ko\u010denje razvoja i zaostajanje na stadijumima detinjstva.<\/p>\n<p style=\"text-align: center;\">* * *<\/p>\n<p>\u201eNekada davno, prognana bra\u0107a su se udru\u017eila, ubila su svoga oca i pojela ga, \u010dime je prestala da postoji o\u010deva horda\u201c. Upravo ovako Frojd sa\u017eima velik nau\u010dni mit koji je sam konstruisao da bi objasnio nastanak civilizovanog \u010dove\u010danstva. Oslanjaju\u0107i se na antropolo\u0161ku, lingvisti\u010dku i klini\u010dku gra\u0111u, Frojd kolektivnu psihologiju nastoji da objasni uz pomo\u0107 psihoanalize. Primitivni \u010dovek, dete i neuroti\u010dar postaju predmeti psihoanalize, koja Frojdovom virtuozno\u0161\u0107u postaje op\u0161ta teorija o \u010doveku i \u010dove\u010danstvu.<\/p>\n<p><a href=\"https:\/\/akademskaknjiga.com\/en\/biblioteka\/\u03b5\u03c0\u03b9\u03bc\u03b5\u03bb\u03b5\u03b9\u03b1\/\">https:\/\/akademskaknjiga.com\/biblioteka\/\u03b5\u03c0\u03b9\u03bc\u03b5\u03bb\u03b5\u03b9\u03b1\/<\/a><\/p>","protected":false},"excerpt":{"rendered":"<p><strong>Preveo sa nema\u010dkog:<\/strong> Pavle Mileki\u0107<\/p>","protected":false},"featured_media":19983,"template":"","meta":{"_acf_changed":false},"product_brand":[],"product_cat":[476],"product_tag":[1503],"prevodilac":[],"autor":[85],"autori":[],"class_list":["post-497","product","type-product","status-publish","has-post-thumbnail","product_cat-psihologija","product_tag-1503","autor-sigmund-frojd-sigmund-freud","first","instock","sale","taxable","shipping-taxable","purchasable","product-type-simple"],"acf":[],"_links":{"self":[{"href":"https:\/\/akademskaknjiga.com\/en\/wp-json\/wp\/v2\/product\/497","targetHints":{"allow":["GET"]}}],"collection":[{"href":"https:\/\/akademskaknjiga.com\/en\/wp-json\/wp\/v2\/product"}],"about":[{"href":"https:\/\/akademskaknjiga.com\/en\/wp-json\/wp\/v2\/types\/product"}],"wp:featuredmedia":[{"embeddable":true,"href":"https:\/\/akademskaknjiga.com\/en\/wp-json\/wp\/v2\/media\/19983"}],"wp:attachment":[{"href":"https:\/\/akademskaknjiga.com\/en\/wp-json\/wp\/v2\/media?parent=497"}],"wp:term":[{"taxonomy":"product_brand","embeddable":true,"href":"https:\/\/akademskaknjiga.com\/en\/wp-json\/wp\/v2\/product_brand?post=497"},{"taxonomy":"product_cat","embeddable":true,"href":"https:\/\/akademskaknjiga.com\/en\/wp-json\/wp\/v2\/product_cat?post=497"},{"taxonomy":"product_tag","embeddable":true,"href":"https:\/\/akademskaknjiga.com\/en\/wp-json\/wp\/v2\/product_tag?post=497"},{"taxonomy":"prevodilac","embeddable":true,"href":"https:\/\/akademskaknjiga.com\/en\/wp-json\/wp\/v2\/prevodilac?post=497"},{"taxonomy":"autor","embeddable":true,"href":"https:\/\/akademskaknjiga.com\/en\/wp-json\/wp\/v2\/autor?post=497"},{"taxonomy":"autori","embeddable":true,"href":"https:\/\/akademskaknjiga.com\/en\/wp-json\/wp\/v2\/autori?post=497"}],"curies":[{"name":"wp","href":"https:\/\/api.w.org\/{rel}","templated":true}]}}