{"id":19074,"date":"2023-02-23T11:27:57","date_gmt":"2023-02-23T11:27:57","guid":{"rendered":"https:\/\/nortz.rs\/novi\/?page_id=19074"},"modified":"2026-08-31T14:30:12","modified_gmt":"2026-08-31T14:30:12","slug":"u-pripremi","status":"publish","type":"page","link":"https:\/\/akademskaknjiga.com\/en\/u-pripremi","title":{"rendered":"In preparation"},"content":{"rendered":"<p><div class=\"fusion-fullwidth fullwidth-box fusion-builder-row-1 fusion-flex-container has-pattern-background has-mask-background nonhundred-percent-fullwidth non-hundred-percent-height-scrolling\" style=\"--awb-border-radius-top-left:0px;--awb-border-radius-top-right:0px;--awb-border-radius-bottom-right:0px;--awb-border-radius-bottom-left:0px;--awb-flex-wrap:wrap;\" ><div class=\"fusion-builder-row fusion-row fusion-flex-align-items-flex-start fusion-flex-justify-content-center fusion-flex-content-wrap\" style=\"max-width:1248px;margin-left: calc(-4% \/ 2 );margin-right: calc(-4% \/ 2 );\"><div class=\"fusion-layout-column fusion_builder_column fusion-builder-column-0 fusion_builder_column_4_5 4_5 fusion-flex-column\" style=\"--awb-bg-size:cover;--awb-width-large:80%;--awb-margin-top-large:0px;--awb-spacing-right-large:2.4%;--awb-margin-bottom-large:0px;--awb-spacing-left-large:2.4%;--awb-width-medium:80%;--awb-order-medium:0;--awb-spacing-right-medium:2.4%;--awb-spacing-left-medium:2.4%;--awb-width-small:100%;--awb-order-small:0;--awb-spacing-right-small:1.92%;--awb-spacing-left-small:1.92%;\"><div class=\"fusion-column-wrapper fusion-column-has-shadow fusion-flex-justify-content-flex-start fusion-content-layout-column\"><div class=\"fusion-separator fusion-full-width-sep\" style=\"align-self: center;margin-left: auto;margin-right: auto;width:100%;\"><div class=\"fusion-separator-border sep-single sep-solid\" style=\"--awb-height:20px;--awb-amount:20px;--awb-sep-color:#000000;border-color:#000000;border-top-width:1px;\"><\/div><\/div><div class=\"fusion-text fusion-text-1 fusion-text-no-margin\" style=\"--awb-content-alignment:center;--awb-font-size:31px;--awb-text-color:#cc2d2d;--awb-margin-bottom:0px;--awb-text-font-family:&#039;Trebuchet MS&#039;, Helvetica, sans-serif;--awb-text-font-style:normal;--awb-text-font-weight:400;\"><p><span style=\"color: rgb(204, 45, 45);\"><span style=\"color: rgb(204, 45, 45);\">Uskoro izlazi iz \u0161tampe<\/span><\/span><\/p>\n<\/div><div class=\"fusion-builder-row fusion-builder-row-inner fusion-row fusion-flex-align-items-flex-start fusion-flex-justify-content-center fusion-flex-content-wrap\" style=\"--awb-flex-grow:0;--awb-flex-grow-medium:0;--awb-flex-grow-small:0;--awb-flex-shrink:0;--awb-flex-shrink-medium:0;--awb-flex-shrink-small:0;width:104% !important;max-width:104% !important;margin-left: calc(-4% \/ 2 );margin-right: calc(-4% \/ 2 );\"><div class=\"fusion-layout-column fusion_builder_column_inner fusion-builder-nested-column-0 fusion_builder_column_inner_1_2 1_2 fusion-flex-column\" style=\"--awb-bg-size:cover;--awb-width-large:50%;--awb-margin-top-large:0px;--awb-spacing-right-large:3.84%;--awb-margin-bottom-large:20px;--awb-spacing-left-large:3.84%;--awb-width-medium:50%;--awb-order-medium:0;--awb-spacing-right-medium:3.84%;--awb-spacing-left-medium:3.84%;--awb-width-small:100%;--awb-order-small:0;--awb-spacing-right-small:1.92%;--awb-spacing-left-small:1.92%;\"><div class=\"fusion-column-wrapper fusion-column-has-shadow fusion-flex-justify-content-flex-start fusion-content-layout-column\"><div class=\"fusion-image-element\" style=\"text-align:center;--awb-max-width:200px;--awb-caption-title-font-family:var(--h2_typography-font-family);--awb-caption-title-font-weight:var(--h2_typography-font-weight);--awb-caption-title-font-style:var(--h2_typography-font-style);--awb-caption-title-size:var(--h2_typography-font-size);--awb-caption-title-transform:var(--h2_typography-text-transform);--awb-caption-title-line-height:var(--h2_typography-line-height);--awb-caption-title-letter-spacing:var(--h2_typography-letter-spacing);\"><span class=\"fusion-imageframe imageframe-none imageframe-1 hover-type-none\"><img decoding=\"async\" width=\"600\" height=\"900\" title=\"\u0160andor Marai, Prva ljubav &#8211; korica za \u0161tampu 02 + UV + EU-1 (1)\" src=\"https:\/\/akademskaknjiga.com\/wp-content\/uploads\/2026\/08\/Sandor-Marai-Prva-ljubav-korica-za-stampu-02-UV-EU-1-1.png\" data-orig-src=\"https:\/\/akademskaknjiga.com\/wp-content\/uploads\/2026\/08\/Sandor-Marai-Prva-ljubav-korica-za-stampu-02-UV-EU-1-1.png\" alt class=\"lazyload img-responsive wp-image-35229\" srcset=\"data:image\/svg+xml,%3Csvg%20xmlns%3D%27http%3A%2F%2Fwww.w3.org%2F2000%2Fsvg%27%20width%3D%27600%27%20height%3D%27900%27%20viewBox%3D%270%200%20600%20900%27%3E%3Crect%20width%3D%27600%27%20height%3D%27900%27%20fill-opacity%3D%220%22%2F%3E%3C%2Fsvg%3E\" data-srcset=\"https:\/\/akademskaknjiga.com\/wp-content\/uploads\/2026\/08\/Sandor-Marai-Prva-ljubav-korica-za-stampu-02-UV-EU-1-1-200x300.png 200w, https:\/\/akademskaknjiga.com\/wp-content\/uploads\/2026\/08\/Sandor-Marai-Prva-ljubav-korica-za-stampu-02-UV-EU-1-1-400x600.png 400w, https:\/\/akademskaknjiga.com\/wp-content\/uploads\/2026\/08\/Sandor-Marai-Prva-ljubav-korica-za-stampu-02-UV-EU-1-1.png 600w\" data-sizes=\"auto\" data-orig-sizes=\"(max-width: 640px) 100vw, 600px\" \/><\/span><\/div><\/div><\/div><div class=\"fusion-layout-column fusion_builder_column_inner fusion-builder-nested-column-1 fusion_builder_column_inner_1_2 1_2 fusion-flex-column\" style=\"--awb-bg-size:cover;--awb-width-large:50%;--awb-margin-top-large:0px;--awb-spacing-right-large:3.84%;--awb-margin-bottom-large:20px;--awb-spacing-left-large:3.84%;--awb-width-medium:50%;--awb-order-medium:0;--awb-spacing-right-medium:3.84%;--awb-spacing-left-medium:3.84%;--awb-width-small:100%;--awb-order-small:0;--awb-spacing-right-small:1.92%;--awb-spacing-left-small:1.92%;\"><div class=\"fusion-column-wrapper fusion-column-has-shadow fusion-flex-justify-content-flex-start fusion-content-layout-column\"><div class=\"fusion-text fusion-text-2\"><p>Zamislimo neo\u017eenjenog profesora latinskog jezika u provincijskoj \u0161koli po\u010detkom 20. veka u Ma\u0111arskoj. Zamislimo njegovu usamljenost i njegovo robovanje navikama. Zamislimo zakasnelu krizu srednjih godina koja ga je uzdrmala i ophrvala.<\/p>\n<\/div><\/div><\/div><\/div><div class=\"fusion-builder-row fusion-builder-row-inner fusion-row fusion-flex-align-items-flex-start fusion-flex-justify-content-center fusion-flex-content-wrap\" style=\"--awb-flex-grow:0;--awb-flex-grow-medium:0;--awb-flex-grow-small:0;--awb-flex-shrink:0;--awb-flex-shrink-medium:0;--awb-flex-shrink-small:0;width:104% !important;max-width:104% !important;margin-left: calc(-4% \/ 2 );margin-right: calc(-4% \/ 2 );\"><div class=\"fusion-layout-column fusion_builder_column_inner fusion-builder-nested-column-2 fusion_builder_column_inner_1_2 1_2 fusion-flex-column\" style=\"--awb-bg-size:cover;--awb-width-large:50%;--awb-margin-top-large:0px;--awb-spacing-right-large:3.84%;--awb-margin-bottom-large:20px;--awb-spacing-left-large:3.84%;--awb-width-medium:50%;--awb-order-medium:0;--awb-spacing-right-medium:3.84%;--awb-spacing-left-medium:3.84%;--awb-width-small:100%;--awb-order-small:0;--awb-spacing-right-small:1.92%;--awb-spacing-left-small:1.92%;\"><div class=\"fusion-column-wrapper fusion-column-has-shadow fusion-flex-justify-content-flex-start fusion-content-layout-column\"><div class=\"fusion-image-element\" style=\"text-align:center;--awb-max-width:200px;--awb-caption-title-font-family:var(--h2_typography-font-family);--awb-caption-title-font-weight:var(--h2_typography-font-weight);--awb-caption-title-font-style:var(--h2_typography-font-style);--awb-caption-title-size:var(--h2_typography-font-size);--awb-caption-title-transform:var(--h2_typography-text-transform);--awb-caption-title-line-height:var(--h2_typography-line-height);--awb-caption-title-letter-spacing:var(--h2_typography-letter-spacing);\"><span class=\"fusion-imageframe imageframe-none imageframe-2 hover-type-none\"><img decoding=\"async\" width=\"600\" height=\"900\" title=\"Staljin je voleo decu, korica za \u0161tampu-1 (1)\" src=\"https:\/\/akademskaknjiga.com\/wp-content\/uploads\/2026\/08\/Staljin-je-voleo-decu-korica-za-stampu-1-1.png\" data-orig-src=\"https:\/\/akademskaknjiga.com\/wp-content\/uploads\/2026\/08\/Staljin-je-voleo-decu-korica-za-stampu-1-1.png\" alt class=\"lazyload img-responsive wp-image-35280\" srcset=\"data:image\/svg+xml,%3Csvg%20xmlns%3D%27http%3A%2F%2Fwww.w3.org%2F2000%2Fsvg%27%20width%3D%27600%27%20height%3D%27900%27%20viewBox%3D%270%200%20600%20900%27%3E%3Crect%20width%3D%27600%27%20height%3D%27900%27%20fill-opacity%3D%220%22%2F%3E%3C%2Fsvg%3E\" data-srcset=\"https:\/\/akademskaknjiga.com\/wp-content\/uploads\/2026\/08\/Staljin-je-voleo-decu-korica-za-stampu-1-1-200x300.png 200w, https:\/\/akademskaknjiga.com\/wp-content\/uploads\/2026\/08\/Staljin-je-voleo-decu-korica-za-stampu-1-1-400x600.png 400w, https:\/\/akademskaknjiga.com\/wp-content\/uploads\/2026\/08\/Staljin-je-voleo-decu-korica-za-stampu-1-1.png 600w\" data-sizes=\"auto\" data-orig-sizes=\"(max-width: 640px) 100vw, 600px\" \/><\/span><\/div><\/div><\/div><div class=\"fusion-layout-column fusion_builder_column_inner fusion-builder-nested-column-3 fusion_builder_column_inner_1_2 1_2 fusion-flex-column\" style=\"--awb-bg-size:cover;--awb-width-large:50%;--awb-margin-top-large:0px;--awb-spacing-right-large:3.84%;--awb-margin-bottom-large:20px;--awb-spacing-left-large:3.84%;--awb-width-medium:50%;--awb-order-medium:0;--awb-spacing-right-medium:3.84%;--awb-spacing-left-medium:3.84%;--awb-width-small:100%;--awb-order-small:0;--awb-spacing-right-small:1.92%;--awb-spacing-left-small:1.92%;\"><div class=\"fusion-column-wrapper fusion-column-has-shadow fusion-flex-justify-content-flex-start fusion-content-layout-column\"><div class=\"fusion-text fusion-text-3\"><p>Ponajpre \u2013 ovo je ljubavni roman. O fatalnoj, frustriraju\u0107oj i uglavnom neuzvra\u0107enoj srpskoj ljubavi prema ruskom vo\u0111i. O dve porodice i ljudima preko \u010dijih se le\u0111a prelamaju tereti i udesi istorije.<\/p>\n<\/div><\/div><\/div><\/div><div class=\"fusion-builder-row fusion-builder-row-inner fusion-row fusion-flex-align-items-flex-start fusion-flex-justify-content-center fusion-flex-content-wrap\" style=\"--awb-flex-grow:0;--awb-flex-grow-medium:0;--awb-flex-grow-small:0;--awb-flex-shrink:0;--awb-flex-shrink-medium:0;--awb-flex-shrink-small:0;width:104% !important;max-width:104% !important;margin-left: calc(-4% \/ 2 );margin-right: calc(-4% \/ 2 );\"><div class=\"fusion-layout-column fusion_builder_column_inner fusion-builder-nested-column-4 fusion_builder_column_inner_1_2 1_2 fusion-flex-column\" style=\"--awb-bg-size:cover;--awb-width-large:50%;--awb-margin-top-large:0px;--awb-spacing-right-large:3.84%;--awb-margin-bottom-large:20px;--awb-spacing-left-large:3.84%;--awb-width-medium:50%;--awb-order-medium:0;--awb-spacing-right-medium:3.84%;--awb-spacing-left-medium:3.84%;--awb-width-small:100%;--awb-order-small:0;--awb-spacing-right-small:1.92%;--awb-spacing-left-small:1.92%;\"><div class=\"fusion-column-wrapper fusion-column-has-shadow fusion-flex-justify-content-flex-start fusion-content-layout-column\"><div class=\"fusion-image-element\" style=\"text-align:center;--awb-max-width:200px;--awb-caption-title-font-family:var(--h2_typography-font-family);--awb-caption-title-font-weight:var(--h2_typography-font-weight);--awb-caption-title-font-style:var(--h2_typography-font-style);--awb-caption-title-size:var(--h2_typography-font-size);--awb-caption-title-transform:var(--h2_typography-text-transform);--awb-caption-title-line-height:var(--h2_typography-line-height);--awb-caption-title-letter-spacing:var(--h2_typography-letter-spacing);\"><span class=\"fusion-imageframe imageframe-none imageframe-3 hover-type-none\"><img decoding=\"async\" width=\"600\" height=\"900\" title=\"Varadi, Kapije mog \u017eivota &#8211; OMOT za \u0161tampu (2)-1 (1)\" src=\"https:\/\/akademskaknjiga.com\/wp-content\/uploads\/2026\/08\/Varadi-Kapije-mog-zivota-OMOT-za-stampu-2-1-1.png\" data-orig-src=\"https:\/\/akademskaknjiga.com\/wp-content\/uploads\/2026\/08\/Varadi-Kapije-mog-zivota-OMOT-za-stampu-2-1-1.png\" alt class=\"lazyload img-responsive wp-image-35253\" srcset=\"data:image\/svg+xml,%3Csvg%20xmlns%3D%27http%3A%2F%2Fwww.w3.org%2F2000%2Fsvg%27%20width%3D%27600%27%20height%3D%27900%27%20viewBox%3D%270%200%20600%20900%27%3E%3Crect%20width%3D%27600%27%20height%3D%27900%27%20fill-opacity%3D%220%22%2F%3E%3C%2Fsvg%3E\" data-srcset=\"https:\/\/akademskaknjiga.com\/wp-content\/uploads\/2026\/08\/Varadi-Kapije-mog-zivota-OMOT-za-stampu-2-1-1-200x300.png 200w, https:\/\/akademskaknjiga.com\/wp-content\/uploads\/2026\/08\/Varadi-Kapije-mog-zivota-OMOT-za-stampu-2-1-1-400x600.png 400w, https:\/\/akademskaknjiga.com\/wp-content\/uploads\/2026\/08\/Varadi-Kapije-mog-zivota-OMOT-za-stampu-2-1-1.png 600w\" data-sizes=\"auto\" data-orig-sizes=\"(max-width: 640px) 100vw, 600px\" \/><\/span><\/div><\/div><\/div><div class=\"fusion-layout-column fusion_builder_column_inner fusion-builder-nested-column-5 fusion_builder_column_inner_1_2 1_2 fusion-flex-column\" style=\"--awb-bg-size:cover;--awb-width-large:50%;--awb-margin-top-large:0px;--awb-spacing-right-large:3.84%;--awb-margin-bottom-large:20px;--awb-spacing-left-large:3.84%;--awb-width-medium:50%;--awb-order-medium:0;--awb-spacing-right-medium:3.84%;--awb-spacing-left-medium:3.84%;--awb-width-small:100%;--awb-order-small:0;--awb-spacing-right-small:1.92%;--awb-spacing-left-small:1.92%;\"><div class=\"fusion-column-wrapper fusion-column-has-shadow fusion-flex-justify-content-flex-start fusion-content-layout-column\"><div class=\"fusion-text fusion-text-4\"><p>Da li se poimanje zavi\u010daja menja kada jedan grad dobija nova imena, menja dr\u017eave, dru\u0161tvene poretke? Kako odrastanje me\u0111u razli\u010ditim jezicima i kulturama oblikuje pogled na svet? \u0160ta porodi\u010dna dokumenta otkrivaju o detaljima istorije koje zvani\u010dni izvori izostavljaju? O tome u prvom tomu memoara pi\u0161e Tibor Varadi.<\/p>\n<\/div><\/div><\/div><\/div><div class=\"fusion-separator fusion-full-width-sep\" style=\"align-self: center;margin-left: auto;margin-right: auto;width:100%;\"><div class=\"fusion-separator-border sep-double\" style=\"--awb-height:20px;--awb-amount:20px;border-color:var(--awb-color3);border-top-width:1px;border-bottom-width:1px;\"><\/div><\/div><\/div><\/div><div class=\"fusion-layout-column fusion_builder_column fusion-builder-column-1 fusion_builder_column_4_5 4_5 fusion-flex-column\" style=\"--awb-bg-size:cover;--awb-width-large:80%;--awb-margin-top-large:0px;--awb-spacing-right-large:2.4%;--awb-margin-bottom-large:0px;--awb-spacing-left-large:2.4%;--awb-width-medium:80%;--awb-order-medium:0;--awb-spacing-right-medium:2.4%;--awb-spacing-left-medium:2.4%;--awb-width-small:100%;--awb-order-small:0;--awb-spacing-right-small:1.92%;--awb-spacing-left-small:1.92%;\"><div class=\"fusion-column-wrapper fusion-column-has-shadow fusion-flex-justify-content-flex-start fusion-content-layout-column\"><div class=\"fusion-separator fusion-full-width-sep\" style=\"align-self: center;margin-left: auto;margin-right: auto;width:100%;\"><div class=\"fusion-separator-border sep-single sep-solid\" style=\"--awb-height:20px;--awb-amount:20px;--awb-sep-color:#000000;border-color:#000000;border-top-width:1px;\"><\/div><\/div><div class=\"fusion-text fusion-text-5 fusion-text-no-margin\" style=\"--awb-content-alignment:center;--awb-font-size:31px;--awb-text-color:#cc2d2d;--awb-margin-bottom:0px;--awb-text-font-family:&#039;Trebuchet MS&#039;, Helvetica, sans-serif;--awb-text-font-style:normal;--awb-text-font-weight:400;\"><p><span style=\"color: rgb(204, 45, 45);\"><span style=\"color: rgb(204, 45, 45);\">U narednom periodu<\/span><\/span><\/p>\n<\/div><\/div><\/div><div class=\"fusion-layout-column fusion_builder_column fusion-builder-column-2 fusion_builder_column_4_5 4_5 fusion-flex-column\" style=\"--awb-bg-size:cover;--awb-width-large:80%;--awb-margin-top-large:0px;--awb-spacing-right-large:2.4%;--awb-margin-bottom-large:20px;--awb-spacing-left-large:2.4%;--awb-width-medium:80%;--awb-order-medium:0;--awb-spacing-right-medium:2.4%;--awb-spacing-left-medium:2.4%;--awb-width-small:100%;--awb-order-small:0;--awb-spacing-right-small:1.92%;--awb-spacing-left-small:1.92%;\"><div class=\"fusion-column-wrapper fusion-column-has-shadow fusion-flex-justify-content-flex-start fusion-content-layout-column\"><div class=\"fusion-text fusion-text-6\" style=\"--awb-content-alignment:center;--awb-font-size:18px;--awb-text-font-family:&quot;Nunito&quot;;--awb-text-font-style:normal;--awb-text-font-weight:700;\"><p><a href=\"https:\/\/akademskaknjiga.com\/en\/biblioteka\/arhipelag\/\">BIBLIOTEKA ARHIPELAG<\/a><\/p>\n<\/div><div class=\"fusion-text fusion-text-7\" style=\"--awb-content-alignment:center;--awb-font-size:16px;\"><\/div><div class=\"fusion-text fusion-text-8\"><p style=\"text-align: center;\">\n<\/div><\/div><\/div><\/div><\/div><div class=\"fusion-fullwidth fullwidth-box fusion-builder-row-2 fusion-flex-container has-pattern-background has-mask-background nonhundred-percent-fullwidth non-hundred-percent-height-scrolling\" style=\"--awb-border-radius-top-left:0px;--awb-border-radius-top-right:0px;--awb-border-radius-bottom-right:0px;--awb-border-radius-bottom-left:0px;--awb-flex-wrap:wrap;\" ><div class=\"fusion-builder-row fusion-row fusion-flex-align-items-flex-start fusion-flex-justify-content-center fusion-flex-content-wrap\" style=\"max-width:1248px;margin-left: calc(-4% \/ 2 );margin-right: calc(-4% \/ 2 );\"><div class=\"fusion-layout-column fusion_builder_column fusion-builder-column-3 fusion_builder_column_2_5 2_5 fusion-flex-column\" style=\"--awb-bg-size:cover;--awb-width-large:40%;--awb-margin-top-large:0px;--awb-spacing-right-large:4.8%;--awb-margin-bottom-large:20px;--awb-spacing-left-large:4.8%;--awb-width-medium:40%;--awb-order-medium:0;--awb-spacing-right-medium:4.8%;--awb-spacing-left-medium:4.8%;--awb-width-small:100%;--awb-order-small:0;--awb-spacing-right-small:1.92%;--awb-spacing-left-small:1.92%;\"><div class=\"fusion-column-wrapper fusion-column-has-shadow fusion-flex-justify-content-flex-start fusion-content-layout-column\"><div class=\"fusion-image-element\" style=\"text-align:center;--awb-caption-text-size:16px;--awb-max-width:200px;--awb-caption-title-font-family:var(--h2_typography-font-family);--awb-caption-title-font-weight:var(--h2_typography-font-weight);--awb-caption-title-font-style:var(--h2_typography-font-style);--awb-caption-title-size:var(--h2_typography-font-size);--awb-caption-title-transform:none;--awb-caption-title-line-height:var(--h2_typography-line-height);--awb-caption-title-letter-spacing:var(--h2_typography-letter-spacing);\"><span class=\"fusion-imageframe imageframe-none imageframe-4 hover-type-none\"><img decoding=\"async\" width=\"325\" height=\"500\" alt=\"Guillaume Calafat, Mathieu Grenet M\u00c9DITERRAN\u00c9ES. UNE HISTOIRE DES MOBILIT\u00c9S HUMAINES (1492\u20111750)\" title=\"9780241722909-jacket-large\" src=\"https:\/\/akademskaknjiga.com\/wp-content\/uploads\/2025\/08\/9780241722909-jacket-large.jpg\" data-orig-src=\"https:\/\/akademskaknjiga.com\/wp-content\/uploads\/2025\/08\/9780241722909-jacket-large.jpg\" class=\"lazyload img-responsive wp-image-32351\" srcset=\"data:image\/svg+xml,%3Csvg%20xmlns%3D%27http%3A%2F%2Fwww.w3.org%2F2000%2Fsvg%27%20width%3D%27325%27%20height%3D%27500%27%20viewBox%3D%270%200%20325%20500%27%3E%3Crect%20width%3D%27325%27%20height%3D%27500%27%20fill-opacity%3D%220%22%2F%3E%3C%2Fsvg%3E\" data-srcset=\"https:\/\/akademskaknjiga.com\/wp-content\/uploads\/2025\/08\/9780241722909-jacket-large-200x308.jpg 200w, https:\/\/akademskaknjiga.com\/wp-content\/uploads\/2025\/08\/9780241722909-jacket-large.jpg 325w\" data-sizes=\"auto\" data-orig-sizes=\"(max-width: 640px) 100vw, 325px\" \/><\/span><\/div><div class=\"fusion-text fusion-text-9\" style=\"--awb-content-alignment:center;--awb-font-size:16px;\"><p>Mark Mazower: <i>ON ANTISEMITISM<\/i> <\/p>\n<\/div><div class=\"fusion-text fusion-text-10\" style=\"--awb-content-alignment:center;--awb-font-size:16px;\"><p style=\"text-align: center;\">\n<\/div><\/div><\/div><div class=\"fusion-layout-column fusion_builder_column fusion-builder-column-4 fusion_builder_column_2_5 2_5 fusion-flex-column\" style=\"--awb-bg-size:cover;--awb-width-large:40%;--awb-margin-top-large:0px;--awb-spacing-right-large:4.8%;--awb-margin-bottom-large:20px;--awb-spacing-left-large:4.8%;--awb-width-medium:40%;--awb-order-medium:0;--awb-spacing-right-medium:4.8%;--awb-spacing-left-medium:4.8%;--awb-width-small:100%;--awb-order-small:0;--awb-spacing-right-small:1.92%;--awb-spacing-left-small:1.92%;\"><div class=\"fusion-column-wrapper fusion-column-has-shadow fusion-flex-justify-content-flex-start fusion-content-layout-column\"><div class=\"fusion-image-element\" style=\"text-align:center;--awb-caption-text-size:16px;--awb-max-width:200px;--awb-caption-title-font-family:var(--h2_typography-font-family);--awb-caption-title-font-weight:var(--h2_typography-font-weight);--awb-caption-title-font-style:var(--h2_typography-font-style);--awb-caption-title-size:var(--h2_typography-font-size);--awb-caption-title-transform:none;--awb-caption-title-line-height:var(--h2_typography-line-height);--awb-caption-title-letter-spacing:var(--h2_typography-letter-spacing);\"><span class=\"fusion-imageframe imageframe-none imageframe-5 hover-type-none\"><img decoding=\"async\" width=\"293\" height=\"445\" alt=\"Isak Njutn: OPTIKA\" title=\"51njtBHSQvL._SY445_SX342_\" src=\"https:\/\/akademskaknjiga.com\/wp-content\/uploads\/2025\/08\/51njtBHSQvL._SY445_SX342_.jpg\" data-orig-src=\"https:\/\/akademskaknjiga.com\/wp-content\/uploads\/2025\/08\/51njtBHSQvL._SY445_SX342_.jpg\" class=\"lazyload img-responsive wp-image-32350\" srcset=\"data:image\/svg+xml,%3Csvg%20xmlns%3D%27http%3A%2F%2Fwww.w3.org%2F2000%2Fsvg%27%20width%3D%27293%27%20height%3D%27445%27%20viewBox%3D%270%200%20293%20445%27%3E%3Crect%20width%3D%27293%27%20height%3D%27445%27%20fill-opacity%3D%220%22%2F%3E%3C%2Fsvg%3E\" data-srcset=\"https:\/\/akademskaknjiga.com\/wp-content\/uploads\/2025\/08\/51njtBHSQvL._SY445_SX342_-200x304.jpg 200w, https:\/\/akademskaknjiga.com\/wp-content\/uploads\/2025\/08\/51njtBHSQvL._SY445_SX342_.jpg 293w\" data-sizes=\"auto\" data-orig-sizes=\"(max-width: 640px) 100vw, 293px\" \/><\/span><\/div><div class=\"fusion-text fusion-text-11\" style=\"--awb-content-alignment:center;--awb-font-size:16px;\"><div data-olk-copy-source=\"MessageBody\">Peter Longerich: <em>JOSEPH GOEBBELS&nbsp;<\/em><\/div>\n<\/div><\/div><\/div><\/div><\/div><div class=\"fusion-fullwidth fullwidth-box fusion-builder-row-3 fusion-flex-container has-pattern-background has-mask-background nonhundred-percent-fullwidth non-hundred-percent-height-scrolling\" style=\"--awb-border-radius-top-left:0px;--awb-border-radius-top-right:0px;--awb-border-radius-bottom-right:0px;--awb-border-radius-bottom-left:0px;--awb-flex-wrap:wrap;\" ><div class=\"fusion-builder-row fusion-row fusion-flex-align-items-flex-start fusion-flex-justify-content-center fusion-flex-content-wrap\" style=\"max-width:1248px;margin-left: calc(-4% \/ 2 );margin-right: calc(-4% \/ 2 );\"><div class=\"fusion-layout-column fusion_builder_column fusion-builder-column-5 fusion_builder_column_2_5 2_5 fusion-flex-column\" style=\"--awb-bg-size:cover;--awb-width-large:40%;--awb-margin-top-large:0px;--awb-spacing-right-large:4.8%;--awb-margin-bottom-large:20px;--awb-spacing-left-large:4.8%;--awb-width-medium:40%;--awb-order-medium:0;--awb-spacing-right-medium:4.8%;--awb-spacing-left-medium:4.8%;--awb-width-small:100%;--awb-order-small:0;--awb-spacing-right-small:1.92%;--awb-spacing-left-small:1.92%;\"><div class=\"fusion-column-wrapper fusion-column-has-shadow fusion-flex-justify-content-flex-start fusion-content-layout-column\"><div class=\"fusion-text fusion-text-12\" style=\"--awb-content-alignment:center;--awb-font-size:16px;\"><p style=\"text-align: center;\">\n<\/div><\/div><\/div><\/div><\/div><div class=\"fusion-fullwidth fullwidth-box fusion-builder-row-4 fusion-flex-container has-pattern-background has-mask-background nonhundred-percent-fullwidth non-hundred-percent-height-scrolling\" style=\"--awb-border-radius-top-left:0px;--awb-border-radius-top-right:0px;--awb-border-radius-bottom-right:0px;--awb-border-radius-bottom-left:0px;--awb-flex-wrap:wrap;\" ><div class=\"fusion-builder-row fusion-row fusion-flex-align-items-flex-start fusion-flex-justify-content-center fusion-flex-content-wrap\" style=\"max-width:1248px;margin-left: calc(-4% \/ 2 );margin-right: calc(-4% \/ 2 );\"><div class=\"fusion-layout-column fusion_builder_column fusion-builder-column-6 fusion_builder_column_2_5 2_5 fusion-flex-column\" style=\"--awb-bg-size:cover;--awb-width-large:40%;--awb-margin-top-large:0px;--awb-spacing-right-large:4.8%;--awb-margin-bottom-large:20px;--awb-spacing-left-large:4.8%;--awb-width-medium:40%;--awb-order-medium:0;--awb-spacing-right-medium:4.8%;--awb-spacing-left-medium:4.8%;--awb-width-small:100%;--awb-order-small:0;--awb-spacing-right-small:1.92%;--awb-spacing-left-small:1.92%;\"><div class=\"fusion-column-wrapper fusion-column-has-shadow fusion-flex-justify-content-flex-start fusion-content-layout-column\"><div class=\"fusion-image-element\" style=\"text-align:center;--awb-caption-text-size:16px;--awb-max-width:200px;--awb-caption-title-font-family:var(--h2_typography-font-family);--awb-caption-title-font-weight:var(--h2_typography-font-weight);--awb-caption-title-font-style:var(--h2_typography-font-style);--awb-caption-title-size:var(--h2_typography-font-size);--awb-caption-title-transform:none;--awb-caption-title-line-height:var(--h2_typography-line-height);--awb-caption-title-letter-spacing:var(--h2_typography-letter-spacing);\"><span class=\"fusion-imageframe imageframe-none imageframe-6 hover-type-none\"><img decoding=\"async\" width=\"658\" height=\"1000\" alt=\"Guillaume Calafat, Mathieu Grenet M\u00c9DITERRAN\u00c9ES. UNE HISTOIRE DES MOBILIT\u00c9S HUMAINES (1492\u20111750)\" title=\"71ZEDqA+lxL._AC_UF1000,1000_QL80_\" src=\"https:\/\/akademskaknjiga.com\/wp-content\/uploads\/2026\/01\/71ZEDqAlxL._AC_UF10001000_QL80_.jpg\" data-orig-src=\"https:\/\/akademskaknjiga.com\/wp-content\/uploads\/2026\/01\/71ZEDqAlxL._AC_UF10001000_QL80_.jpg\" class=\"lazyload img-responsive wp-image-33552\" srcset=\"data:image\/svg+xml,%3Csvg%20xmlns%3D%27http%3A%2F%2Fwww.w3.org%2F2000%2Fsvg%27%20width%3D%27658%27%20height%3D%271000%27%20viewBox%3D%270%200%20658%201000%27%3E%3Crect%20width%3D%27658%27%20height%3D%271000%27%20fill-opacity%3D%220%22%2F%3E%3C%2Fsvg%3E\" data-srcset=\"https:\/\/akademskaknjiga.com\/wp-content\/uploads\/2026\/01\/71ZEDqAlxL._AC_UF10001000_QL80_-200x304.jpg 200w, https:\/\/akademskaknjiga.com\/wp-content\/uploads\/2026\/01\/71ZEDqAlxL._AC_UF10001000_QL80_-400x608.jpg 400w, https:\/\/akademskaknjiga.com\/wp-content\/uploads\/2026\/01\/71ZEDqAlxL._AC_UF10001000_QL80_-600x912.jpg 600w, https:\/\/akademskaknjiga.com\/wp-content\/uploads\/2026\/01\/71ZEDqAlxL._AC_UF10001000_QL80_.jpg 658w\" data-sizes=\"auto\" data-orig-sizes=\"(max-width: 640px) 100vw, 600px\" \/><\/span><\/div><div class=\"fusion-text fusion-text-13\" style=\"--awb-content-alignment:center;--awb-font-size:16px;\"><div data-olk-copy-source=\"MessageBody\">\n<div data-olk-copy-source=\"MessageBody\">\n<p>Richard Evans: <span style=\"letter-spacing: 0.24px; background-color: rgba(0, 0, 0, 0);\">HITLER\u2019S PEOPLE<\/span><\/p>\n<\/div>\n<\/div>\n<\/div><div class=\"fusion-text fusion-text-14\" style=\"--awb-content-alignment:center;--awb-font-size:16px;\"><p style=\"text-align: center;\">\n<\/div><\/div><\/div><div class=\"fusion-layout-column fusion_builder_column fusion-builder-column-7 fusion_builder_column_2_5 2_5 fusion-flex-column\" style=\"--awb-bg-size:cover;--awb-width-large:40%;--awb-margin-top-large:0px;--awb-spacing-right-large:4.8%;--awb-margin-bottom-large:20px;--awb-spacing-left-large:4.8%;--awb-width-medium:40%;--awb-order-medium:0;--awb-spacing-right-medium:4.8%;--awb-spacing-left-medium:4.8%;--awb-width-small:100%;--awb-order-small:0;--awb-spacing-right-small:1.92%;--awb-spacing-left-small:1.92%;\"><div class=\"fusion-column-wrapper fusion-column-has-shadow fusion-flex-justify-content-flex-start fusion-content-layout-column\"><div class=\"fusion-image-element\" style=\"text-align:center;--awb-caption-text-size:16px;--awb-max-width:300px;--awb-caption-title-font-family:var(--h2_typography-font-family);--awb-caption-title-font-weight:var(--h2_typography-font-weight);--awb-caption-title-font-style:var(--h2_typography-font-style);--awb-caption-title-size:var(--h2_typography-font-size);--awb-caption-title-transform:none;--awb-caption-title-line-height:var(--h2_typography-line-height);--awb-caption-title-letter-spacing:var(--h2_typography-letter-spacing);\"><span class=\"fusion-imageframe imageframe-none imageframe-7 hover-type-none\"><img decoding=\"async\" width=\"458\" height=\"458\" alt=\"Guillaume Calafat, Mathieu Grenet M\u00c9DITERRAN\u00c9ES. UNE HISTOIRE DES MOBILIT\u00c9S HUMAINES (1492\u20111750)\" title=\"maciej-gorny-wielka-wojna-profesorow-nauki-o-czlowieku-1912-1923\" src=\"https:\/\/akademskaknjiga.com\/wp-content\/uploads\/2025\/08\/maciej-gorny-wielka-wojna-profesorow-nauki-o-czlowieku-1912-1923.jpg\" data-orig-src=\"https:\/\/akademskaknjiga.com\/wp-content\/uploads\/2025\/08\/maciej-gorny-wielka-wojna-profesorow-nauki-o-czlowieku-1912-1923.jpg\" class=\"lazyload img-responsive wp-image-32352\" srcset=\"data:image\/svg+xml,%3Csvg%20xmlns%3D%27http%3A%2F%2Fwww.w3.org%2F2000%2Fsvg%27%20width%3D%27458%27%20height%3D%27458%27%20viewBox%3D%270%200%20458%20458%27%3E%3Crect%20width%3D%27458%27%20height%3D%27458%27%20fill-opacity%3D%220%22%2F%3E%3C%2Fsvg%3E\" data-srcset=\"https:\/\/akademskaknjiga.com\/wp-content\/uploads\/2025\/08\/maciej-gorny-wielka-wojna-profesorow-nauki-o-czlowieku-1912-1923-200x200.jpg 200w, https:\/\/akademskaknjiga.com\/wp-content\/uploads\/2025\/08\/maciej-gorny-wielka-wojna-profesorow-nauki-o-czlowieku-1912-1923-400x400.jpg 400w, https:\/\/akademskaknjiga.com\/wp-content\/uploads\/2025\/08\/maciej-gorny-wielka-wojna-profesorow-nauki-o-czlowieku-1912-1923.jpg 458w\" data-sizes=\"auto\" data-orig-sizes=\"(max-width: 640px) 100vw, 458px\" \/><\/span><\/div><div class=\"fusion-text fusion-text-15\" style=\"--awb-content-alignment:center;--awb-font-size:16px;\"><div data-olk-copy-source=\"MessageBody\">\n<div data-olk-copy-source=\"MessageBody\">Maciej G\u00f3rny: <em>Wielka Wojna Profesor\u00f3w<\/em><\/div>\n<\/div>\n<\/div><div class=\"fusion-text fusion-text-16\" style=\"--awb-content-alignment:center;--awb-font-size:16px;\"><p style=\"text-align: center;\">\n<\/div><\/div><\/div><\/div><\/div><div class=\"fusion-fullwidth fullwidth-box fusion-builder-row-5 fusion-flex-container has-pattern-background has-mask-background nonhundred-percent-fullwidth non-hundred-percent-height-scrolling\" style=\"--awb-border-radius-top-left:0px;--awb-border-radius-top-right:0px;--awb-border-radius-bottom-right:0px;--awb-border-radius-bottom-left:0px;--awb-flex-wrap:wrap;\" ><div class=\"fusion-builder-row fusion-row fusion-flex-align-items-flex-start fusion-flex-justify-content-center fusion-flex-content-wrap\" style=\"max-width:1248px;margin-left: calc(-4% \/ 2 );margin-right: calc(-4% \/ 2 );\"><div class=\"fusion-layout-column fusion_builder_column fusion-builder-column-8 fusion_builder_column_2_5 2_5 fusion-flex-column\" style=\"--awb-bg-size:cover;--awb-width-large:40%;--awb-margin-top-large:0px;--awb-spacing-right-large:4.8%;--awb-margin-bottom-large:20px;--awb-spacing-left-large:4.8%;--awb-width-medium:40%;--awb-order-medium:0;--awb-spacing-right-medium:4.8%;--awb-spacing-left-medium:4.8%;--awb-width-small:100%;--awb-order-small:0;--awb-spacing-right-small:1.92%;--awb-spacing-left-small:1.92%;\"><div class=\"fusion-column-wrapper fusion-column-has-shadow fusion-flex-justify-content-flex-start fusion-content-layout-column\"><div class=\"fusion-image-element\" style=\"text-align:center;--awb-caption-text-size:16px;--awb-max-width:200px;--awb-caption-title-font-family:var(--h2_typography-font-family);--awb-caption-title-font-weight:var(--h2_typography-font-weight);--awb-caption-title-font-style:var(--h2_typography-font-style);--awb-caption-title-size:var(--h2_typography-font-size);--awb-caption-title-transform:none;--awb-caption-title-line-height:var(--h2_typography-line-height);--awb-caption-title-letter-spacing:var(--h2_typography-letter-spacing);\"><span class=\"fusion-imageframe imageframe-none imageframe-8 hover-type-none\"><img decoding=\"async\" width=\"273\" height=\"425\" alt=\"Guillaume Calafat, Mathieu Grenet M\u00c9DITERRAN\u00c9ES. UNE HISTOIRE DES MOBILIT\u00c9S HUMAINES (1492\u20111750)\" title=\"91UlKJe1u4L._SY425_\" src=\"https:\/\/akademskaknjiga.com\/wp-content\/uploads\/2026\/03\/91UlKJe1u4L._SY425_.jpg\" data-orig-src=\"https:\/\/akademskaknjiga.com\/wp-content\/uploads\/2026\/03\/91UlKJe1u4L._SY425_.jpg\" class=\"lazyload img-responsive wp-image-33938\" srcset=\"data:image\/svg+xml,%3Csvg%20xmlns%3D%27http%3A%2F%2Fwww.w3.org%2F2000%2Fsvg%27%20width%3D%27273%27%20height%3D%27425%27%20viewBox%3D%270%200%20273%20425%27%3E%3Crect%20width%3D%27273%27%20height%3D%27425%27%20fill-opacity%3D%220%22%2F%3E%3C%2Fsvg%3E\" data-srcset=\"https:\/\/akademskaknjiga.com\/wp-content\/uploads\/2026\/03\/91UlKJe1u4L._SY425_-200x311.jpg 200w, https:\/\/akademskaknjiga.com\/wp-content\/uploads\/2026\/03\/91UlKJe1u4L._SY425_.jpg 273w\" data-sizes=\"auto\" data-orig-sizes=\"(max-width: 640px) 100vw, 273px\" \/><\/span><\/div><div class=\"fusion-text fusion-text-17\" style=\"--awb-content-alignment:center;--awb-font-size:16px;\"><div data-olk-copy-source=\"MessageBody\">\n<p>Marie-Janine Calic: BALKAN-ODYSSEE: 1933\u20131941. Auf der Flucht vor Hitler durch S\u00fcdosteuropa<\/p>\n<\/div>\n<\/div><div class=\"fusion-text fusion-text-18\" style=\"--awb-content-alignment:center;--awb-font-size:16px;\"><p style=\"text-align: center;\">\n<\/div><\/div><\/div><div class=\"fusion-layout-column fusion_builder_column fusion-builder-column-9 fusion_builder_column_2_5 2_5 fusion-flex-column\" style=\"--awb-bg-size:cover;--awb-width-large:40%;--awb-margin-top-large:0px;--awb-spacing-right-large:4.8%;--awb-margin-bottom-large:20px;--awb-spacing-left-large:4.8%;--awb-width-medium:40%;--awb-order-medium:0;--awb-spacing-right-medium:4.8%;--awb-spacing-left-medium:4.8%;--awb-width-small:100%;--awb-order-small:0;--awb-spacing-right-small:1.92%;--awb-spacing-left-small:1.92%;\"><div class=\"fusion-column-wrapper fusion-column-has-shadow fusion-flex-justify-content-flex-start fusion-content-layout-column\"><div class=\"fusion-image-element\" style=\"text-align:center;--awb-caption-text-size:16px;--awb-max-width:200px;--awb-caption-title-font-family:var(--h2_typography-font-family);--awb-caption-title-font-weight:var(--h2_typography-font-weight);--awb-caption-title-font-style:var(--h2_typography-font-style);--awb-caption-title-size:var(--h2_typography-font-size);--awb-caption-title-transform:none;--awb-caption-title-line-height:var(--h2_typography-line-height);--awb-caption-title-letter-spacing:var(--h2_typography-letter-spacing);\"><span class=\"fusion-imageframe imageframe-none imageframe-9 hover-type-none\"><img decoding=\"async\" width=\"1080\" height=\"1920\" alt=\"Guillaume Calafat, Mathieu Grenet M\u00c9DITERRAN\u00c9ES. UNE HISTOIRE DES MOBILIT\u00c9S HUMAINES (1492\u20111750)\" title=\"FRAN230126-0816-Live_CS0816\" src=\"https:\/\/akademskaknjiga.com\/wp-content\/uploads\/2026\/06\/FRAN230126-0816-Live_CS0816-scaled.jpg\" data-orig-src=\"https:\/\/akademskaknjiga.com\/wp-content\/uploads\/2026\/06\/FRAN230126-0816-Live_CS0816-scaled.jpg\" class=\"lazyload img-responsive wp-image-34649\" srcset=\"data:image\/svg+xml,%3Csvg%20xmlns%3D%27http%3A%2F%2Fwww.w3.org%2F2000%2Fsvg%27%20width%3D%271080%27%20height%3D%271920%27%20viewBox%3D%270%200%201080%201920%27%3E%3Crect%20width%3D%271080%27%20height%3D%271920%27%20fill-opacity%3D%220%22%2F%3E%3C%2Fsvg%3E\" data-srcset=\"https:\/\/akademskaknjiga.com\/wp-content\/uploads\/2026\/06\/FRAN230126-0816-Live_CS0816-200x355.jpg 200w, https:\/\/akademskaknjiga.com\/wp-content\/uploads\/2026\/06\/FRAN230126-0816-Live_CS0816-400x711.jpg 400w, https:\/\/akademskaknjiga.com\/wp-content\/uploads\/2026\/06\/FRAN230126-0816-Live_CS0816-600x1066.jpg 600w, https:\/\/akademskaknjiga.com\/wp-content\/uploads\/2026\/06\/FRAN230126-0816-Live_CS0816-800x1422.jpg 800w, https:\/\/akademskaknjiga.com\/wp-content\/uploads\/2026\/06\/FRAN230126-0816-Live_CS0816-scaled.jpg 1080w, https:\/\/akademskaknjiga.com\/wp-content\/uploads\/2026\/06\/FRAN230126-0816-Live_CS0816-1200x2133.jpg 1200w\" data-sizes=\"auto\" data-orig-sizes=\"(max-width: 640px) 100vw, 600px\" \/><\/span><\/div><div class=\"fusion-text fusion-text-19\" style=\"--awb-content-alignment:center;--awb-font-size:16px;\"><div data-olk-copy-source=\"MessageBody\">\n<p>Tal Bruttmann, Stefan H\u00f6rdler, Christoph Kreutzm\u00fcller<b>:&nbsp;<\/b>UN ALBUM D&#8217;AUSCHWITZ. Comment les nazis ont photographi\u00e9 leurs crimes<\/p>\n<\/div>\n<\/div><div class=\"fusion-text fusion-text-20\" style=\"--awb-content-alignment:center;--awb-font-size:16px;\"><p style=\"text-align: center;\">\n<\/div><\/div><\/div><\/div><\/div><div class=\"fusion-fullwidth fullwidth-box fusion-builder-row-6 fusion-flex-container has-pattern-background has-mask-background nonhundred-percent-fullwidth non-hundred-percent-height-scrolling\" style=\"--awb-border-radius-top-left:0px;--awb-border-radius-top-right:0px;--awb-border-radius-bottom-right:0px;--awb-border-radius-bottom-left:0px;--awb-flex-wrap:wrap;\" ><div class=\"fusion-builder-row fusion-row fusion-flex-align-items-flex-start fusion-flex-justify-content-center fusion-flex-content-wrap\" style=\"max-width:1248px;margin-left: calc(-4% \/ 2 );margin-right: calc(-4% \/ 2 );\"><div class=\"fusion-layout-column fusion_builder_column fusion-builder-column-10 fusion_builder_column_2_5 2_5 fusion-flex-column\" style=\"--awb-bg-size:cover;--awb-width-large:40%;--awb-margin-top-large:0px;--awb-spacing-right-large:4.8%;--awb-margin-bottom-large:20px;--awb-spacing-left-large:4.8%;--awb-width-medium:40%;--awb-order-medium:0;--awb-spacing-right-medium:4.8%;--awb-spacing-left-medium:4.8%;--awb-width-small:100%;--awb-order-small:0;--awb-spacing-right-small:1.92%;--awb-spacing-left-small:1.92%;\"><div class=\"fusion-column-wrapper fusion-column-has-shadow fusion-flex-justify-content-flex-start fusion-content-layout-column\"><div class=\"fusion-image-element\" style=\"text-align:center;--awb-caption-text-size:16px;--awb-max-width:200px;--awb-caption-title-font-family:var(--h2_typography-font-family);--awb-caption-title-font-weight:var(--h2_typography-font-weight);--awb-caption-title-font-style:var(--h2_typography-font-style);--awb-caption-title-size:var(--h2_typography-font-size);--awb-caption-title-transform:none;--awb-caption-title-line-height:var(--h2_typography-line-height);--awb-caption-title-letter-spacing:var(--h2_typography-letter-spacing);\"><span class=\"fusion-imageframe imageframe-none imageframe-10 hover-type-none\"><img decoding=\"async\" width=\"1234\" height=\"1920\" alt=\"Guillaume Calafat, Mathieu Grenet M\u00c9DITERRAN\u00c9ES. UNE HISTOIRE DES MOBILIT\u00c9S HUMAINES (1492\u20111750)\" title=\"51wAIbQ73LL\" src=\"https:\/\/akademskaknjiga.com\/wp-content\/uploads\/2026\/02\/51wAIbQ73LL-scaled.jpg\" data-orig-src=\"https:\/\/akademskaknjiga.com\/wp-content\/uploads\/2026\/02\/51wAIbQ73LL-scaled.jpg\" class=\"lazyload img-responsive wp-image-33915\" srcset=\"data:image\/svg+xml,%3Csvg%20xmlns%3D%27http%3A%2F%2Fwww.w3.org%2F2000%2Fsvg%27%20width%3D%271234%27%20height%3D%271920%27%20viewBox%3D%270%200%201234%201920%27%3E%3Crect%20width%3D%271234%27%20height%3D%271920%27%20fill-opacity%3D%220%22%2F%3E%3C%2Fsvg%3E\" data-srcset=\"https:\/\/akademskaknjiga.com\/wp-content\/uploads\/2026\/02\/51wAIbQ73LL-200x311.jpg 200w, https:\/\/akademskaknjiga.com\/wp-content\/uploads\/2026\/02\/51wAIbQ73LL-400x622.jpg 400w, https:\/\/akademskaknjiga.com\/wp-content\/uploads\/2026\/02\/51wAIbQ73LL-600x934.jpg 600w, https:\/\/akademskaknjiga.com\/wp-content\/uploads\/2026\/02\/51wAIbQ73LL-800x1245.jpg 800w, https:\/\/akademskaknjiga.com\/wp-content\/uploads\/2026\/02\/51wAIbQ73LL-1200x1867.jpg 1200w, https:\/\/akademskaknjiga.com\/wp-content\/uploads\/2026\/02\/51wAIbQ73LL-scaled.jpg 1234w\" data-sizes=\"auto\" data-orig-sizes=\"(max-width: 640px) 100vw, 600px\" \/><\/span><\/div><div class=\"fusion-text fusion-text-21\" style=\"--awb-content-alignment:center;--awb-font-size:16px;\"><div>Maria Todorova&nbsp;<\/div>\n<div><i>The Balkans. Mission Possible&nbsp;<\/i><\/div>\n<\/div><\/div><\/div><\/div><\/div><div class=\"fusion-fullwidth fullwidth-box fusion-builder-row-7 fusion-flex-container has-pattern-background has-mask-background nonhundred-percent-fullwidth non-hundred-percent-height-scrolling\" style=\"--awb-border-radius-top-left:0px;--awb-border-radius-top-right:0px;--awb-border-radius-bottom-right:0px;--awb-border-radius-bottom-left:0px;--awb-flex-wrap:wrap;\" ><div class=\"fusion-builder-row fusion-row fusion-flex-align-items-flex-start fusion-flex-justify-content-center fusion-flex-content-wrap\" style=\"max-width:1248px;margin-left: calc(-4% \/ 2 );margin-right: calc(-4% \/ 2 );\"><div class=\"fusion-layout-column fusion_builder_column fusion-builder-column-11 fusion_builder_column_2_5 2_5 fusion-flex-column\" style=\"--awb-bg-size:cover;--awb-width-large:40%;--awb-margin-top-large:0px;--awb-spacing-right-large:4.8%;--awb-margin-bottom-large:20px;--awb-spacing-left-large:4.8%;--awb-width-medium:40%;--awb-order-medium:0;--awb-spacing-right-medium:4.8%;--awb-spacing-left-medium:4.8%;--awb-width-small:100%;--awb-order-small:0;--awb-spacing-right-small:1.92%;--awb-spacing-left-small:1.92%;\"><div class=\"fusion-column-wrapper fusion-column-has-shadow fusion-flex-justify-content-flex-start fusion-content-layout-column\"><div class=\"fusion-image-element\" style=\"text-align:center;--awb-caption-text-size:16px;--awb-max-width:200px;--awb-caption-title-font-family:var(--h2_typography-font-family);--awb-caption-title-font-weight:var(--h2_typography-font-weight);--awb-caption-title-font-style:var(--h2_typography-font-style);--awb-caption-title-size:var(--h2_typography-font-size);--awb-caption-title-transform:none;--awb-caption-title-line-height:var(--h2_typography-line-height);--awb-caption-title-letter-spacing:var(--h2_typography-letter-spacing);\"><span class=\"fusion-imageframe imageframe-none imageframe-11 hover-type-none\"><img decoding=\"async\" width=\"1218\" height=\"1920\" alt=\"Guillaume Calafat, Mathieu Grenet M\u00c9DITERRAN\u00c9ES. UNE HISTOIRE DES MOBILIT\u00c9S HUMAINES (1492\u20111750)\" title=\"145725\" src=\"https:\/\/akademskaknjiga.com\/wp-content\/uploads\/2026\/06\/145725-scaled.jpg\" data-orig-src=\"https:\/\/akademskaknjiga.com\/wp-content\/uploads\/2026\/06\/145725-scaled.jpg\" class=\"lazyload img-responsive wp-image-34650\" srcset=\"data:image\/svg+xml,%3Csvg%20xmlns%3D%27http%3A%2F%2Fwww.w3.org%2F2000%2Fsvg%27%20width%3D%271218%27%20height%3D%271920%27%20viewBox%3D%270%200%201218%201920%27%3E%3Crect%20width%3D%271218%27%20height%3D%271920%27%20fill-opacity%3D%220%22%2F%3E%3C%2Fsvg%3E\" data-srcset=\"https:\/\/akademskaknjiga.com\/wp-content\/uploads\/2026\/06\/145725-200x315.jpg 200w, https:\/\/akademskaknjiga.com\/wp-content\/uploads\/2026\/06\/145725-400x631.jpg 400w, https:\/\/akademskaknjiga.com\/wp-content\/uploads\/2026\/06\/145725-600x946.jpg 600w, https:\/\/akademskaknjiga.com\/wp-content\/uploads\/2026\/06\/145725-800x1261.jpg 800w, https:\/\/akademskaknjiga.com\/wp-content\/uploads\/2026\/06\/145725-1200x1892.jpg 1200w, https:\/\/akademskaknjiga.com\/wp-content\/uploads\/2026\/06\/145725-scaled.jpg 1218w\" data-sizes=\"auto\" data-orig-sizes=\"(max-width: 640px) 100vw, 600px\" \/><\/span><\/div><div class=\"fusion-text fusion-text-22\" style=\"--awb-content-alignment:center;--awb-font-size:16px;\"><p class=\"x_gmail-Default\" data-olk-copy-source=\"MessageBody\">Peter Sloterdijk: DER KONTINENT OHNE EIGENSCHAFTEN<\/p>\n<\/div><\/div><\/div><\/div><\/div><div class=\"fusion-fullwidth fullwidth-box fusion-builder-row-8 fusion-flex-container has-pattern-background has-mask-background nonhundred-percent-fullwidth non-hundred-percent-height-scrolling\" style=\"--awb-border-radius-top-left:0px;--awb-border-radius-top-right:0px;--awb-border-radius-bottom-right:0px;--awb-border-radius-bottom-left:0px;--awb-flex-wrap:wrap;\" ><div class=\"fusion-builder-row fusion-row fusion-flex-align-items-flex-start fusion-flex-justify-content-center fusion-flex-content-wrap\" style=\"max-width:1248px;margin-left: calc(-4% \/ 2 );margin-right: calc(-4% \/ 2 );\"><div class=\"fusion-layout-column fusion_builder_column fusion-builder-column-12 fusion_builder_column_2_5 2_5 fusion-flex-column\" style=\"--awb-bg-size:cover;--awb-width-large:40%;--awb-margin-top-large:0px;--awb-spacing-right-large:4.8%;--awb-margin-bottom-large:20px;--awb-spacing-left-large:4.8%;--awb-width-medium:40%;--awb-order-medium:0;--awb-spacing-right-medium:4.8%;--awb-spacing-left-medium:4.8%;--awb-width-small:100%;--awb-order-small:0;--awb-spacing-right-small:1.92%;--awb-spacing-left-small:1.92%;\"><div class=\"fusion-column-wrapper fusion-column-has-shadow fusion-flex-justify-content-flex-start fusion-content-layout-column\"><div class=\"fusion-image-element\" style=\"text-align:center;--awb-caption-text-size:16px;--awb-max-width:200px;--awb-caption-title-font-family:var(--h2_typography-font-family);--awb-caption-title-font-weight:var(--h2_typography-font-weight);--awb-caption-title-font-style:var(--h2_typography-font-style);--awb-caption-title-size:var(--h2_typography-font-size);--awb-caption-title-transform:none;--awb-caption-title-line-height:var(--h2_typography-line-height);--awb-caption-title-letter-spacing:var(--h2_typography-letter-spacing);\"><span class=\"fusion-imageframe imageframe-none imageframe-12 hover-type-none\"><img decoding=\"async\" width=\"607\" height=\"1000\" alt=\"Guillaume Calafat, Mathieu Grenet M\u00c9DITERRAN\u00c9ES. UNE HISTOIRE DES MOBILIT\u00c9S HUMAINES (1492\u20111750)\" title=\"91cFmRS0izL._AC_UF1000,1000_QL80_\" src=\"https:\/\/akademskaknjiga.com\/wp-content\/uploads\/2024\/06\/91cFmRS0izL._AC_UF10001000_QL80_.jpg\" data-orig-src=\"https:\/\/akademskaknjiga.com\/wp-content\/uploads\/2024\/06\/91cFmRS0izL._AC_UF10001000_QL80_.jpg\" class=\"lazyload img-responsive wp-image-29109\" srcset=\"data:image\/svg+xml,%3Csvg%20xmlns%3D%27http%3A%2F%2Fwww.w3.org%2F2000%2Fsvg%27%20width%3D%27607%27%20height%3D%271000%27%20viewBox%3D%270%200%20607%201000%27%3E%3Crect%20width%3D%27607%27%20height%3D%271000%27%20fill-opacity%3D%220%22%2F%3E%3C%2Fsvg%3E\" data-srcset=\"https:\/\/akademskaknjiga.com\/wp-content\/uploads\/2024\/06\/91cFmRS0izL._AC_UF10001000_QL80_-200x329.jpg 200w, https:\/\/akademskaknjiga.com\/wp-content\/uploads\/2024\/06\/91cFmRS0izL._AC_UF10001000_QL80_-400x659.jpg 400w, https:\/\/akademskaknjiga.com\/wp-content\/uploads\/2024\/06\/91cFmRS0izL._AC_UF10001000_QL80_-600x988.jpg 600w, https:\/\/akademskaknjiga.com\/wp-content\/uploads\/2024\/06\/91cFmRS0izL._AC_UF10001000_QL80_.jpg 607w\" data-sizes=\"auto\" data-orig-sizes=\"(max-width: 640px) 100vw, 600px\" \/><\/span><\/div><div class=\"fusion-text fusion-text-23\" style=\"--awb-content-alignment:center;--awb-font-size:16px;\"><p>Guillaume Calafat, Mathieu Grenet M\u00c9DITERRAN\u00c9ES. UNE HISTOIRE DES MOBILIT\u00c9S HUMAINES (1492\u20111750)<\/p>\n<\/div><\/div><\/div><\/div><\/div><div class=\"fusion-fullwidth fullwidth-box fusion-builder-row-9 fusion-flex-container has-pattern-background has-mask-background nonhundred-percent-fullwidth non-hundred-percent-height-scrolling\" style=\"--awb-border-radius-top-left:0px;--awb-border-radius-top-right:0px;--awb-border-radius-bottom-right:0px;--awb-border-radius-bottom-left:0px;--awb-flex-wrap:wrap;\" ><div class=\"fusion-builder-row fusion-row fusion-flex-align-items-flex-start fusion-flex-justify-content-center fusion-flex-content-wrap\" style=\"max-width:1248px;margin-left: calc(-4% \/ 2 );margin-right: calc(-4% \/ 2 );\"><div class=\"fusion-layout-column fusion_builder_column fusion-builder-column-13 fusion_builder_column_2_5 2_5 fusion-flex-column\" style=\"--awb-bg-size:cover;--awb-width-large:40%;--awb-margin-top-large:0px;--awb-spacing-right-large:4.8%;--awb-margin-bottom-large:20px;--awb-spacing-left-large:4.8%;--awb-width-medium:40%;--awb-order-medium:0;--awb-spacing-right-medium:4.8%;--awb-spacing-left-medium:4.8%;--awb-width-small:100%;--awb-order-small:0;--awb-spacing-right-small:1.92%;--awb-spacing-left-small:1.92%;\"><div class=\"fusion-column-wrapper fusion-column-has-shadow fusion-flex-justify-content-flex-start fusion-content-layout-column\"><div class=\"fusion-image-element\" style=\"text-align:center;--awb-caption-text-size:16px;--awb-max-width:200px;--awb-caption-title-font-family:var(--h2_typography-font-family);--awb-caption-title-font-weight:var(--h2_typography-font-weight);--awb-caption-title-font-style:var(--h2_typography-font-style);--awb-caption-title-size:var(--h2_typography-font-size);--awb-caption-title-transform:none;--awb-caption-title-line-height:var(--h2_typography-line-height);--awb-caption-title-letter-spacing:var(--h2_typography-letter-spacing);\"><span class=\"fusion-imageframe imageframe-none imageframe-13 hover-type-none\"><img decoding=\"async\" width=\"300\" height=\"466\" alt=\"\u0413\u0435\u043e\u0440\u0433\u0438 \u041d. \u041d\u0438\u043a\u043e\u043b\u043e\u0432: \u0426\u0430\u0440 \u0421\u0430\u043c\u0443\u0438\u043b\" title=\"41827051\" src=\"https:\/\/akademskaknjiga.com\/wp-content\/uploads\/2025\/03\/41827051.jpg\" data-orig-src=\"https:\/\/akademskaknjiga.com\/wp-content\/uploads\/2025\/03\/41827051.jpg\" class=\"lazyload img-responsive wp-image-31277\" srcset=\"data:image\/svg+xml,%3Csvg%20xmlns%3D%27http%3A%2F%2Fwww.w3.org%2F2000%2Fsvg%27%20width%3D%27300%27%20height%3D%27466%27%20viewBox%3D%270%200%20300%20466%27%3E%3Crect%20width%3D%27300%27%20height%3D%27466%27%20fill-opacity%3D%220%22%2F%3E%3C%2Fsvg%3E\" data-srcset=\"https:\/\/akademskaknjiga.com\/wp-content\/uploads\/2025\/03\/41827051-200x311.jpg 200w, https:\/\/akademskaknjiga.com\/wp-content\/uploads\/2025\/03\/41827051.jpg 300w\" data-sizes=\"auto\" data-orig-sizes=\"(max-width: 640px) 100vw, 300px\" \/><\/span><\/div><div class=\"fusion-text fusion-text-24\" style=\"--awb-content-alignment:center;--awb-font-size:16px;\"><p><span lang=\"sr-Cyrl-RS\"><span style=\"color: black; font-family: times new roman,serif; font-size: large;\" data-olk-copy-source=\"MessageBody\">HAL\u0130L \u0130NALCIK&nbsp;<i>THE OTTOMAN EMPIRE, Sultan, Society and Economy<\/i><\/span><\/span><\/p>\n<\/div><div class=\"fusion-text fusion-text-25\"><\/div><\/div><\/div><\/div><\/div><div class=\"fusion-fullwidth fullwidth-box fusion-builder-row-10 fusion-flex-container has-pattern-background has-mask-background nonhundred-percent-fullwidth non-hundred-percent-height-scrolling\" style=\"--awb-border-radius-top-left:0px;--awb-border-radius-top-right:0px;--awb-border-radius-bottom-right:0px;--awb-border-radius-bottom-left:0px;--awb-flex-wrap:wrap;\" ><div class=\"fusion-builder-row fusion-row fusion-flex-align-items-flex-start fusion-flex-justify-content-center fusion-flex-content-wrap\" style=\"max-width:1248px;margin-left: calc(-4% \/ 2 );margin-right: calc(-4% \/ 2 );\"><div class=\"fusion-layout-column fusion_builder_column fusion-builder-column-14 fusion_builder_column_2_5 2_5 fusion-flex-column\" style=\"--awb-bg-size:cover;--awb-width-large:40%;--awb-margin-top-large:0px;--awb-spacing-right-large:4.8%;--awb-margin-bottom-large:20px;--awb-spacing-left-large:4.8%;--awb-width-medium:40%;--awb-order-medium:0;--awb-spacing-right-medium:4.8%;--awb-spacing-left-medium:4.8%;--awb-width-small:100%;--awb-order-small:0;--awb-spacing-right-small:1.92%;--awb-spacing-left-small:1.92%;\"><div class=\"fusion-column-wrapper fusion-column-has-shadow fusion-flex-justify-content-flex-start fusion-content-layout-column\"><div class=\"fusion-image-element\" style=\"text-align:center;--awb-caption-text-size:16px;--awb-max-width:210px;--awb-caption-title-font-family:var(--h2_typography-font-family);--awb-caption-title-font-weight:var(--h2_typography-font-weight);--awb-caption-title-font-style:var(--h2_typography-font-style);--awb-caption-title-size:var(--h2_typography-font-size);--awb-caption-title-transform:none;--awb-caption-title-line-height:var(--h2_typography-line-height);--awb-caption-title-letter-spacing:var(--h2_typography-letter-spacing);\"><span class=\"fusion-imageframe imageframe-none imageframe-14 hover-type-none\"><img decoding=\"async\" width=\"288\" height=\"445\" alt=\"Isak Njutn: OPTIKA\" title=\"41dIlSmmehL._SY445_SX342_\" src=\"https:\/\/akademskaknjiga.com\/wp-content\/uploads\/2025\/04\/41dIlSmmehL._SY445_SX342_.jpg\" data-orig-src=\"https:\/\/akademskaknjiga.com\/wp-content\/uploads\/2025\/04\/41dIlSmmehL._SY445_SX342_.jpg\" class=\"lazyload img-responsive wp-image-31521\" srcset=\"data:image\/svg+xml,%3Csvg%20xmlns%3D%27http%3A%2F%2Fwww.w3.org%2F2000%2Fsvg%27%20width%3D%27288%27%20height%3D%27445%27%20viewBox%3D%270%200%20288%20445%27%3E%3Crect%20width%3D%27288%27%20height%3D%27445%27%20fill-opacity%3D%220%22%2F%3E%3C%2Fsvg%3E\" data-srcset=\"https:\/\/akademskaknjiga.com\/wp-content\/uploads\/2025\/04\/41dIlSmmehL._SY445_SX342_-200x309.jpg 200w, https:\/\/akademskaknjiga.com\/wp-content\/uploads\/2025\/04\/41dIlSmmehL._SY445_SX342_.jpg 288w\" data-sizes=\"auto\" data-orig-sizes=\"(max-width: 640px) 100vw, 288px\" \/><\/span><\/div><div class=\"fusion-text fusion-text-26\" style=\"--awb-content-alignment:center;--awb-font-size:16px;\"><div data-olk-copy-source=\"MessageBody\">Barbara Stollberg-Rilinger:<\/div>\n<div><em>Die Aufkl\u00e4rung. Europa im 18. Jahrhundert<\/em><\/div>\n<\/div><\/div><\/div><\/div><\/div><div class=\"fusion-fullwidth fullwidth-box fusion-builder-row-11 fusion-flex-container has-pattern-background has-mask-background nonhundred-percent-fullwidth non-hundred-percent-height-scrolling\" style=\"--awb-border-radius-top-left:0px;--awb-border-radius-top-right:0px;--awb-border-radius-bottom-right:0px;--awb-border-radius-bottom-left:0px;--awb-flex-wrap:wrap;\" ><div class=\"fusion-builder-row fusion-row fusion-flex-align-items-flex-start fusion-flex-justify-content-center fusion-flex-content-wrap\" style=\"max-width:1248px;margin-left: calc(-4% \/ 2 );margin-right: calc(-4% \/ 2 );\"><div class=\"fusion-layout-column fusion_builder_column fusion-builder-column-15 fusion_builder_column_4_5 4_5 fusion-flex-column\" style=\"--awb-bg-size:cover;--awb-width-large:80%;--awb-margin-top-large:0px;--awb-spacing-right-large:2.4%;--awb-margin-bottom-large:20px;--awb-spacing-left-large:2.4%;--awb-width-medium:80%;--awb-order-medium:0;--awb-spacing-right-medium:2.4%;--awb-spacing-left-medium:2.4%;--awb-width-small:100%;--awb-order-small:0;--awb-spacing-right-small:1.92%;--awb-spacing-left-small:1.92%;\"><div class=\"fusion-column-wrapper fusion-column-has-shadow fusion-flex-justify-content-flex-start fusion-content-layout-column\"><div class=\"fusion-text fusion-text-27\" style=\"--awb-content-alignment:center;--awb-font-size:16px;\"><\/div><div class=\"fusion-text fusion-text-28\" style=\"--awb-content-alignment:center;--awb-font-size:16px;\"><p>Romulus Vulc\u0103nescu: <em>Mitologie romana<\/em><\/p>\n<p>Milivoj Be\u0161lin <em>IDEJA MODERNE SRBIJE U SOCIJALISTI\u010cKOJ JUGOSLAVIJI, KNJIGA 2<\/em><\/p>\n<p>Petar \u017darkovi\u0107 i <span style=\"letter-spacing: 0.24px; background-color: rgba(0, 0, 0, 0);\">Zoran Bajin: <\/span><span style=\"letter-spacing: 0.24px; background-color: rgba(0, 0, 0, 0);\"><i>KO\u010cA POPOVI\u0106, VELI\u010cINA I PAD REVOLUCIJE: IZ DNEVNI\u010cKIH BELE\u017dAKA (1966-1972)<\/i><\/span><\/p>\n<\/div><div class=\"fusion-separator fusion-full-width-sep\" style=\"align-self: center;margin-left: auto;margin-right: auto;width:100%;\"><div class=\"fusion-separator-border sep-single sep-solid\" style=\"--awb-height:20px;--awb-amount:20px;--awb-sep-color:#000000;border-color:#000000;border-top-width:1px;\"><\/div><\/div><\/div><\/div><div class=\"fusion-layout-column fusion_builder_column fusion-builder-column-16 fusion_builder_column_4_5 4_5 fusion-flex-column\" style=\"--awb-bg-size:cover;--awb-width-large:80%;--awb-margin-top-large:0px;--awb-spacing-right-large:2.4%;--awb-margin-bottom-large:20px;--awb-spacing-left-large:2.4%;--awb-width-medium:80%;--awb-order-medium:0;--awb-spacing-right-medium:2.4%;--awb-spacing-left-medium:2.4%;--awb-width-small:100%;--awb-order-small:0;--awb-spacing-right-small:1.92%;--awb-spacing-left-small:1.92%;\"><div class=\"fusion-column-wrapper fusion-column-has-shadow fusion-flex-justify-content-flex-start fusion-content-layout-column\"><div class=\"fusion-text fusion-text-29\" style=\"--awb-content-alignment:center;--awb-font-size:18px;--awb-text-font-family:&quot;Nunito&quot;;--awb-text-font-style:normal;--awb-text-font-weight:700;\"><p><a href=\"https:\/\/akademskaknjiga.com\/en\/biblioteka\/physis\/\">BIBLIOTEKA PHYSIS<\/a><\/p>\n<\/div><\/div><\/div><div class=\"fusion-layout-column fusion_builder_column fusion-builder-column-17 fusion_builder_column_2_5 2_5 fusion-flex-column\" style=\"--awb-bg-size:cover;--awb-width-large:40%;--awb-margin-top-large:0px;--awb-spacing-right-large:4.8%;--awb-margin-bottom-large:20px;--awb-spacing-left-large:4.8%;--awb-width-medium:40%;--awb-order-medium:0;--awb-spacing-right-medium:4.8%;--awb-spacing-left-medium:4.8%;--awb-width-small:100%;--awb-order-small:0;--awb-spacing-right-small:1.92%;--awb-spacing-left-small:1.92%;\"><div class=\"fusion-column-wrapper fusion-column-has-shadow fusion-flex-justify-content-flex-start fusion-content-layout-column\"><div class=\"fusion-image-element\" style=\"text-align:center;--awb-caption-text-size:16px;--awb-caption-title-font-family:var(--h2_typography-font-family);--awb-caption-title-font-weight:var(--h2_typography-font-weight);--awb-caption-title-font-style:var(--h2_typography-font-style);--awb-caption-title-size:var(--h2_typography-font-size);--awb-caption-title-transform:none;--awb-caption-title-line-height:var(--h2_typography-line-height);--awb-caption-title-letter-spacing:var(--h2_typography-letter-spacing);\"><span class=\"fusion-imageframe imageframe-none imageframe-15 hover-type-none\"><a class=\"fusion-no-lightbox\" href=\"https:\/\/www.amazon.com\/Neurophilosophy-Toward-Unified-Science-Mind-Brain\/dp\/0262530856\" target=\"_self\" aria-label=\"neurofizika\" rel=\"noopener\"><img decoding=\"async\" width=\"197\" height=\"300\" alt=\"Patri\u0161a \u010cer\u010dland: NEUROFILOZOFIJA\" src=\"https:\/\/akademskaknjiga.com\/wp-content\/uploads\/2023\/03\/neurofizika.jpg\" data-orig-src=\"https:\/\/akademskaknjiga.com\/wp-content\/uploads\/2023\/03\/neurofizika-197x300.jpg\" class=\"lazyload img-responsive wp-image-20892\" srcset=\"data:image\/svg+xml,%3Csvg%20xmlns%3D%27http%3A%2F%2Fwww.w3.org%2F2000%2Fsvg%27%20width%3D%27227%27%20height%3D%27346%27%20viewBox%3D%270%200%20227%20346%27%3E%3Crect%20width%3D%27227%27%20height%3D%27346%27%20fill-opacity%3D%220%22%2F%3E%3C%2Fsvg%3E\" data-srcset=\"https:\/\/akademskaknjiga.com\/wp-content\/uploads\/2023\/03\/neurofizika-200x305.jpg 200w, https:\/\/akademskaknjiga.com\/wp-content\/uploads\/2023\/03\/neurofizika.jpg 227w\" data-sizes=\"auto\" data-orig-sizes=\"(max-width: 640px) 100vw, 197px\" \/><\/a><\/span><\/div><div class=\"fusion-text fusion-text-30\" style=\"--awb-content-alignment:center;--awb-font-size:16px;\"><p><em>Patri\u0161a \u010cer\u010dland: NEUROFILOZOFIJA<\/em><\/p>\n<\/div><\/div><\/div><div class=\"fusion-layout-column fusion_builder_column fusion-builder-column-18 fusion_builder_column_2_5 2_5 fusion-flex-column\" style=\"--awb-bg-size:cover;--awb-width-large:40%;--awb-margin-top-large:0px;--awb-spacing-right-large:4.8%;--awb-margin-bottom-large:20px;--awb-spacing-left-large:4.8%;--awb-width-medium:40%;--awb-order-medium:0;--awb-spacing-right-medium:4.8%;--awb-spacing-left-medium:4.8%;--awb-width-small:100%;--awb-order-small:0;--awb-spacing-right-small:1.92%;--awb-spacing-left-small:1.92%;\"><div class=\"fusion-column-wrapper fusion-column-has-shadow fusion-flex-justify-content-flex-start fusion-content-layout-column\"><div class=\"fusion-image-element\" style=\"text-align:center;--awb-caption-text-size:16px;--awb-caption-title-font-family:var(--h2_typography-font-family);--awb-caption-title-font-weight:var(--h2_typography-font-weight);--awb-caption-title-font-style:var(--h2_typography-font-style);--awb-caption-title-size:var(--h2_typography-font-size);--awb-caption-title-transform:none;--awb-caption-title-line-height:var(--h2_typography-line-height);--awb-caption-title-letter-spacing:var(--h2_typography-letter-spacing);\"><span class=\"fusion-imageframe imageframe-none imageframe-16 hover-type-none\"><a class=\"fusion-no-lightbox\" href=\"https:\/\/www.amazon.com\/Opticks-Reflections-Refractions-Inflections-Light-Based\/dp\/0486602052\" target=\"_self\" aria-label=\"optika\" rel=\"noopener\"><img decoding=\"async\" width=\"195\" height=\"300\" alt=\"Isak Njutn: OPTIKA\" src=\"https:\/\/akademskaknjiga.com\/wp-content\/uploads\/2023\/03\/optika.jpg\" data-orig-src=\"https:\/\/akademskaknjiga.com\/wp-content\/uploads\/2023\/03\/optika-195x300.jpg\" class=\"lazyload img-responsive wp-image-20890\" srcset=\"data:image\/svg+xml,%3Csvg%20xmlns%3D%27http%3A%2F%2Fwww.w3.org%2F2000%2Fsvg%27%20width%3D%27324%27%20height%3D%27499%27%20viewBox%3D%270%200%20324%20499%27%3E%3Crect%20width%3D%27324%27%20height%3D%27499%27%20fill-opacity%3D%220%22%2F%3E%3C%2Fsvg%3E\" data-srcset=\"https:\/\/akademskaknjiga.com\/wp-content\/uploads\/2023\/03\/optika-200x308.jpg 200w, https:\/\/akademskaknjiga.com\/wp-content\/uploads\/2023\/03\/optika.jpg 324w\" data-sizes=\"auto\" data-orig-sizes=\"(max-width: 640px) 100vw, 195px\" \/><\/a><\/span><\/div><div class=\"fusion-text fusion-text-31\" style=\"--awb-content-alignment:center;--awb-font-size:16px;\"><p><em>Isak Njutn: OPTIKA<\/em><\/p>\n<\/div><\/div><\/div><div class=\"fusion-layout-column fusion_builder_column fusion-builder-column-19 fusion_builder_column_2_5 2_5 fusion-flex-column\" style=\"--awb-bg-size:cover;--awb-width-large:40%;--awb-margin-top-large:0px;--awb-spacing-right-large:4.8%;--awb-margin-bottom-large:20px;--awb-spacing-left-large:4.8%;--awb-width-medium:40%;--awb-order-medium:0;--awb-spacing-right-medium:4.8%;--awb-spacing-left-medium:4.8%;--awb-width-small:100%;--awb-order-small:0;--awb-spacing-right-small:1.92%;--awb-spacing-left-small:1.92%;\"><div class=\"fusion-column-wrapper fusion-column-has-shadow fusion-flex-justify-content-flex-start fusion-content-layout-column\"><div class=\"fusion-image-element\" style=\"text-align:center;--awb-caption-text-size:16px;--awb-caption-title-font-family:var(--h2_typography-font-family);--awb-caption-title-font-weight:var(--h2_typography-font-weight);--awb-caption-title-font-style:var(--h2_typography-font-style);--awb-caption-title-size:var(--h2_typography-font-size);--awb-caption-title-transform:none;--awb-caption-title-line-height:var(--h2_typography-line-height);--awb-caption-title-letter-spacing:var(--h2_typography-letter-spacing);\"><span class=\"fusion-imageframe imageframe-none imageframe-17 hover-type-none\"><a class=\"fusion-no-lightbox\" href=\"https:\/\/www.amazon.com\/Opticks-Reflections-Refractions-Inflections-Light-Based\/dp\/0486602052\" target=\"_self\" aria-label=\"images (1)\" rel=\"noopener\"><img decoding=\"async\" width=\"190\" height=\"265\" alt=\"Isak Njutn: OPTIKA\" src=\"data:image\/svg+xml,%3Csvg%20xmlns%3D%27http%3A%2F%2Fwww.w3.org%2F2000%2Fsvg%27%20width%3D%27190%27%20height%3D%27265%27%20viewBox%3D%270%200%20190%20265%27%3E%3Crect%20width%3D%27190%27%20height%3D%27265%27%20fill-opacity%3D%220%22%2F%3E%3C%2Fsvg%3E\" data-orig-src=\"https:\/\/akademskaknjiga.com\/wp-content\/uploads\/2025\/03\/images-1.jpg\" class=\"lazyload img-responsive wp-image-31279\"\/><\/a><\/span><\/div><\/div><\/div><\/div><\/div><div class=\"fusion-fullwidth fullwidth-box fusion-builder-row-12 fusion-flex-container has-pattern-background has-mask-background nonhundred-percent-fullwidth non-hundred-percent-height-scrolling\" style=\"--awb-border-radius-top-left:0px;--awb-border-radius-top-right:0px;--awb-border-radius-bottom-right:0px;--awb-border-radius-bottom-left:0px;--awb-flex-wrap:wrap;\" ><div class=\"fusion-builder-row fusion-row fusion-flex-align-items-flex-start fusion-flex-justify-content-center fusion-flex-content-wrap\" style=\"max-width:1248px;margin-left: calc(-4% \/ 2 );margin-right: calc(-4% \/ 2 );\"><div class=\"fusion-layout-column fusion_builder_column fusion-builder-column-20 fusion_builder_column_4_5 4_5 fusion-flex-column\" style=\"--awb-bg-size:cover;--awb-width-large:80%;--awb-margin-top-large:0px;--awb-spacing-right-large:2.4%;--awb-margin-bottom-large:20px;--awb-spacing-left-large:2.4%;--awb-width-medium:80%;--awb-order-medium:0;--awb-spacing-right-medium:2.4%;--awb-spacing-left-medium:2.4%;--awb-width-small:100%;--awb-order-small:0;--awb-spacing-right-small:1.92%;--awb-spacing-left-small:1.92%;\"><div class=\"fusion-column-wrapper fusion-column-has-shadow fusion-flex-justify-content-flex-start fusion-content-layout-column\"><div class=\"fusion-text fusion-text-32\" style=\"--awb-content-alignment:center;--awb-font-size:16px;\"><p>Ru\u0111er Bo\u0161kovi\u0107: <em>TEORIJA PRIRODNE FILOZOFIJE<\/em><\/p>\n<\/div><div class=\"fusion-separator fusion-full-width-sep\" style=\"align-self: center;margin-left: auto;margin-right: auto;width:100%;\"><div class=\"fusion-separator-border sep-single sep-solid\" style=\"--awb-height:20px;--awb-amount:20px;--awb-sep-color:#000000;border-color:#000000;border-top-width:1px;\"><\/div><\/div><\/div><\/div><div class=\"fusion-layout-column fusion_builder_column fusion-builder-column-21 fusion_builder_column_4_5 4_5 fusion-flex-column\" style=\"--awb-bg-size:cover;--awb-width-large:80%;--awb-margin-top-large:0px;--awb-spacing-right-large:2.4%;--awb-margin-bottom-large:20px;--awb-spacing-left-large:2.4%;--awb-width-medium:80%;--awb-order-medium:0;--awb-spacing-right-medium:2.4%;--awb-spacing-left-medium:2.4%;--awb-width-small:100%;--awb-order-small:0;--awb-spacing-right-small:1.92%;--awb-spacing-left-small:1.92%;\"><div class=\"fusion-column-wrapper fusion-column-has-shadow fusion-flex-justify-content-flex-start fusion-content-layout-column\"><div class=\"fusion-text fusion-text-33\" style=\"--awb-content-alignment:center;--awb-font-size:18px;--awb-text-font-family:&quot;Nunito&quot;;--awb-text-font-style:normal;--awb-text-font-weight:700;\"><p><a href=\"https:\/\/akademskaknjiga.com\/en\/biblioteka\/posebna-izdanja\/\">BIBLIOTEKA POSEBNA IZDANJA<\/a><\/p>\n<\/div><\/div><\/div><\/div><\/div><div class=\"fusion-fullwidth fullwidth-box fusion-builder-row-13 fusion-flex-container has-pattern-background has-mask-background nonhundred-percent-fullwidth non-hundred-percent-height-scrolling\" style=\"--awb-border-radius-top-left:0px;--awb-border-radius-top-right:0px;--awb-border-radius-bottom-right:0px;--awb-border-radius-bottom-left:0px;--awb-flex-wrap:wrap;\" ><div class=\"fusion-builder-row fusion-row fusion-flex-align-items-flex-start fusion-flex-justify-content-center fusion-flex-content-wrap\" style=\"max-width:1248px;margin-left: calc(-4% \/ 2 );margin-right: calc(-4% \/ 2 );\"><div class=\"fusion-layout-column fusion_builder_column fusion-builder-column-22 fusion_builder_column_4_5 4_5 fusion-flex-column\" style=\"--awb-bg-size:cover;--awb-width-large:80%;--awb-margin-top-large:0px;--awb-spacing-right-large:2.4%;--awb-margin-bottom-large:20px;--awb-spacing-left-large:2.4%;--awb-width-medium:80%;--awb-order-medium:0;--awb-spacing-right-medium:2.4%;--awb-spacing-left-medium:2.4%;--awb-width-small:100%;--awb-order-small:0;--awb-spacing-right-small:1.92%;--awb-spacing-left-small:1.92%;\"><div class=\"fusion-column-wrapper fusion-column-has-shadow fusion-flex-justify-content-flex-start fusion-content-layout-column\"><div class=\"fusion-text fusion-text-34\" style=\"--awb-content-alignment:center;--awb-font-size:16px;\"><p><span style=\"color: var(--awb-text-color); font-family: var(--awb-text-font-family); font-size: var(--awb-font-size); font-style: var(--awb-text-font-style); font-weight: var(--awb-text-font-weight); letter-spacing: var(--awb-letter-spacing); text-align: var(--awb-content-alignment); text-transform: var(--awb-text-transform); background-color: var(--awb-bg-color-hover);\">Ivana Marciki\u0107: <\/span><em style=\"color: var(--awb-text-color); font-family: var(--awb-text-font-family); font-size: var(--awb-font-size); font-weight: var(--awb-text-font-weight); letter-spacing: var(--awb-letter-spacing); text-align: var(--awb-content-alignment); text-transform: var(--awb-text-transform); background-color: var(--awb-bg-color-hover);\">EFEKTI KONSTRUKCIJE PROSTORA U VIZUELNIM UMETNOSTIMA<\/em><\/p>\n<\/div><div class=\"fusion-text fusion-text-35\"><p style=\"text-align: center;\">Slobodan \u0106ur\u010di\u0107: ARHITEKTURA NA BALKANU. OD DIOKLECIJANA<br \/>DO SULEJMANA VELI\u010cANSTVENOG<\/p>\n<p style=\"text-align: center;\">Losoncz \/ Stojanovi\u0107 \/ Bojani\u0107: SVOJINA \u2013 ZBORNIK<\/p>\n<p style=\"text-align: center;\"><span style=\"color: black; font-family: times new roman,serif; font-size: large;\" data-olk-copy-source=\"MessageBody\">Richard Cockett <i>VIENNA: HOW THE CITY OF IDEAS CREATED THE MODERN WORLD<\/i><\/span><\/p>\n<p style=\"text-align: center;\">\n<\/div><\/div><\/div><\/div><\/div><div class=\"fusion-fullwidth fullwidth-box fusion-builder-row-14 fusion-flex-container has-pattern-background has-mask-background nonhundred-percent-fullwidth non-hundred-percent-height-scrolling\" style=\"--awb-border-radius-top-left:0px;--awb-border-radius-top-right:0px;--awb-border-radius-bottom-right:0px;--awb-border-radius-bottom-left:0px;--awb-flex-wrap:wrap;\" ><div class=\"fusion-builder-row fusion-row fusion-flex-align-items-flex-start fusion-flex-justify-content-center fusion-flex-content-wrap\" style=\"max-width:1248px;margin-left: calc(-4% \/ 2 );margin-right: calc(-4% \/ 2 );\"><div class=\"fusion-layout-column fusion_builder_column fusion-builder-column-23 fusion_builder_column_4_5 4_5 fusion-flex-column\" style=\"--awb-bg-size:cover;--awb-width-large:80%;--awb-margin-top-large:0px;--awb-spacing-right-large:2.4%;--awb-margin-bottom-large:20px;--awb-spacing-left-large:2.4%;--awb-width-medium:80%;--awb-order-medium:0;--awb-spacing-right-medium:2.4%;--awb-spacing-left-medium:2.4%;--awb-width-small:100%;--awb-order-small:0;--awb-spacing-right-small:1.92%;--awb-spacing-left-small:1.92%;\"><div class=\"fusion-column-wrapper fusion-column-has-shadow fusion-flex-justify-content-flex-start fusion-content-layout-column\"><div class=\"fusion-text fusion-text-36\"><\/div><div class=\"fusion-separator fusion-full-width-sep\" style=\"align-self: center;margin-left: auto;margin-right: auto;width:100%;\"><div class=\"fusion-separator-border sep-single sep-solid\" style=\"--awb-height:20px;--awb-amount:20px;--awb-sep-color:#000000;border-color:#000000;border-top-width:1px;\"><\/div><\/div><\/div><\/div><div class=\"fusion-layout-column fusion_builder_column fusion-builder-column-24 fusion_builder_column_4_5 4_5 fusion-flex-column\" style=\"--awb-bg-size:cover;--awb-width-large:80%;--awb-margin-top-large:0px;--awb-spacing-right-large:2.4%;--awb-margin-bottom-large:20px;--awb-spacing-left-large:2.4%;--awb-width-medium:80%;--awb-order-medium:0;--awb-spacing-right-medium:2.4%;--awb-spacing-left-medium:2.4%;--awb-width-small:100%;--awb-order-small:0;--awb-spacing-right-small:1.92%;--awb-spacing-left-small:1.92%;\"><div class=\"fusion-column-wrapper fusion-column-has-shadow fusion-flex-justify-content-flex-start fusion-content-layout-column\"><div class=\"fusion-text fusion-text-37\" style=\"--awb-content-alignment:center;--awb-font-size:18px;--awb-text-font-family:&quot;Nunito&quot;;--awb-text-font-style:normal;--awb-text-font-weight:700;\"><p><a href=\"https:\/\/akademskaknjiga.com\/en\/biblioteka\/iz-pesnikove-zaostavstine\/\">BIBLIOTEKA IZ PESNIKOVE ZAOSTAV\u0160TINE<\/a><\/p>\n<\/div><\/div><\/div><div class=\"fusion-layout-column fusion_builder_column fusion-builder-column-25 fusion_builder_column_4_5 4_5 fusion-flex-column\" style=\"--awb-bg-size:cover;--awb-width-large:80%;--awb-margin-top-large:0px;--awb-spacing-right-large:2.4%;--awb-margin-bottom-large:20px;--awb-spacing-left-large:2.4%;--awb-width-medium:80%;--awb-order-medium:0;--awb-spacing-right-medium:2.4%;--awb-spacing-left-medium:2.4%;--awb-width-small:100%;--awb-order-small:0;--awb-spacing-right-small:1.92%;--awb-spacing-left-small:1.92%;\"><div class=\"fusion-column-wrapper fusion-column-has-shadow fusion-flex-justify-content-flex-start fusion-content-layout-column\"><div class=\"fusion-text fusion-text-38\" style=\"--awb-content-alignment:center;--awb-font-size:16px;\"><p>Vasko Popa: Ha\u0161i<\/p>\n<\/div><div class=\"fusion-separator fusion-full-width-sep\" style=\"align-self: center;margin-left: auto;margin-right: auto;width:100%;\"><div class=\"fusion-separator-border sep-single sep-solid\" style=\"--awb-height:20px;--awb-amount:20px;--awb-sep-color:#000000;border-color:#000000;border-top-width:1px;\"><\/div><\/div><div class=\"fusion-text fusion-text-39\" style=\"--awb-content-alignment:center;--awb-font-size:18px;--awb-text-font-family:&quot;Nunito&quot;;--awb-text-font-style:normal;--awb-text-font-weight:700;\"><p><a href=\"https:\/\/akademskaknjiga.com\/en\/biblioteka\/posebna-izdanja\/\">BIBLIOTEKA A<\/a>RCUS<\/p>\n<\/div><\/div><\/div><\/div><\/div><div class=\"fusion-fullwidth fullwidth-box fusion-builder-row-15 fusion-flex-container has-pattern-background has-mask-background nonhundred-percent-fullwidth non-hundred-percent-height-scrolling\" style=\"--awb-border-radius-top-left:0px;--awb-border-radius-top-right:0px;--awb-border-radius-bottom-right:0px;--awb-border-radius-bottom-left:0px;--awb-flex-wrap:wrap;\" ><div class=\"fusion-builder-row fusion-row fusion-flex-align-items-flex-start fusion-flex-justify-content-center fusion-flex-content-wrap\" style=\"max-width:1248px;margin-left: calc(-4% \/ 2 );margin-right: calc(-4% \/ 2 );\"><div class=\"fusion-layout-column fusion_builder_column fusion-builder-column-26 fusion_builder_column_1_2 1_2 fusion-flex-column\" style=\"--awb-bg-size:cover;--awb-width-large:50%;--awb-margin-top-large:0px;--awb-spacing-right-large:3.84%;--awb-margin-bottom-large:20px;--awb-spacing-left-large:3.84%;--awb-width-medium:50%;--awb-order-medium:0;--awb-spacing-right-medium:3.84%;--awb-spacing-left-medium:3.84%;--awb-width-small:100%;--awb-order-small:0;--awb-spacing-right-small:1.92%;--awb-spacing-left-small:1.92%;\"><div class=\"fusion-column-wrapper fusion-column-has-shadow fusion-flex-justify-content-flex-start fusion-content-layout-column\"><div class=\"fusion-image-element\" style=\"text-align:center;--awb-caption-text-size:16px;--awb-max-width:200px;--awb-caption-title-font-family:var(--h2_typography-font-family);--awb-caption-title-font-weight:var(--h2_typography-font-weight);--awb-caption-title-font-style:var(--h2_typography-font-style);--awb-caption-title-size:var(--h2_typography-font-size);--awb-caption-title-transform:none;--awb-caption-title-line-height:var(--h2_typography-line-height);--awb-caption-title-letter-spacing:var(--h2_typography-letter-spacing);\"><span class=\"fusion-imageframe imageframe-none imageframe-18 hover-type-none\"><img decoding=\"async\" width=\"658\" height=\"1000\" alt=\"Isak Njutn: OPTIKA\" title=\"71ZRtLC-muL._AC_UF1000,1000_QL80_\" src=\"https:\/\/akademskaknjiga.com\/wp-content\/uploads\/2025\/03\/71ZRtLC-muL._AC_UF10001000_QL80_.jpg\" data-orig-src=\"https:\/\/akademskaknjiga.com\/wp-content\/uploads\/2025\/03\/71ZRtLC-muL._AC_UF10001000_QL80_.jpg\" class=\"lazyload img-responsive wp-image-31281\" srcset=\"data:image\/svg+xml,%3Csvg%20xmlns%3D%27http%3A%2F%2Fwww.w3.org%2F2000%2Fsvg%27%20width%3D%27658%27%20height%3D%271000%27%20viewBox%3D%270%200%20658%201000%27%3E%3Crect%20width%3D%27658%27%20height%3D%271000%27%20fill-opacity%3D%220%22%2F%3E%3C%2Fsvg%3E\" data-srcset=\"https:\/\/akademskaknjiga.com\/wp-content\/uploads\/2025\/03\/71ZRtLC-muL._AC_UF10001000_QL80_-200x304.jpg 200w, https:\/\/akademskaknjiga.com\/wp-content\/uploads\/2025\/03\/71ZRtLC-muL._AC_UF10001000_QL80_-400x608.jpg 400w, https:\/\/akademskaknjiga.com\/wp-content\/uploads\/2025\/03\/71ZRtLC-muL._AC_UF10001000_QL80_-600x912.jpg 600w, https:\/\/akademskaknjiga.com\/wp-content\/uploads\/2025\/03\/71ZRtLC-muL._AC_UF10001000_QL80_.jpg 658w\" data-sizes=\"auto\" data-orig-sizes=\"(max-width: 640px) 100vw, 600px\" \/><\/span><\/div><div class=\"fusion-text fusion-text-40\" style=\"--awb-content-alignment:center;--awb-font-size:16px;\"><div><span lang=\"sr-Latn-RS\"><span style=\"color: black; font-family: times new roman,serif; font-size: large;\" data-olk-copy-source=\"MessageBody\">Dan Breznitz&nbsp;<i>Innovation in Real Places&nbsp;<\/i><\/span><\/span><\/div>\n<\/div><div class=\"fusion-image-element\" style=\"text-align:center;--awb-caption-text-size:16px;--awb-max-width:200px;--awb-caption-title-font-family:var(--h2_typography-font-family);--awb-caption-title-font-weight:var(--h2_typography-font-weight);--awb-caption-title-font-style:var(--h2_typography-font-style);--awb-caption-title-size:var(--h2_typography-font-size);--awb-caption-title-transform:none;--awb-caption-title-line-height:var(--h2_typography-line-height);--awb-caption-title-letter-spacing:var(--h2_typography-letter-spacing);\"><span class=\"fusion-imageframe imageframe-none imageframe-19 hover-type-none\"><img decoding=\"async\" width=\"333\" height=\"500\" alt=\"Isak Njutn: OPTIKA\" title=\"Version 1.0.0\" src=\"https:\/\/akademskaknjiga.com\/wp-content\/uploads\/2024\/06\/41qh5eLCW5L.jpg\" data-orig-src=\"https:\/\/akademskaknjiga.com\/wp-content\/uploads\/2024\/06\/41qh5eLCW5L.jpg\" class=\"lazyload img-responsive wp-image-29113\" srcset=\"data:image\/svg+xml,%3Csvg%20xmlns%3D%27http%3A%2F%2Fwww.w3.org%2F2000%2Fsvg%27%20width%3D%27333%27%20height%3D%27500%27%20viewBox%3D%270%200%20333%20500%27%3E%3Crect%20width%3D%27333%27%20height%3D%27500%27%20fill-opacity%3D%220%22%2F%3E%3C%2Fsvg%3E\" data-srcset=\"https:\/\/akademskaknjiga.com\/wp-content\/uploads\/2024\/06\/41qh5eLCW5L-200x300.jpg 200w, https:\/\/akademskaknjiga.com\/wp-content\/uploads\/2024\/06\/41qh5eLCW5L.jpg 333w\" data-sizes=\"auto\" data-orig-sizes=\"(max-width: 640px) 100vw, 333px\" \/><\/span><\/div><div class=\"fusion-text fusion-text-41\" style=\"--awb-content-alignment:center;--awb-font-size:16px;\"><p>\u017dilija Ka\u017ee i Toma Piketi ISTORIJA POLITI\u010cKIH SUKOBA. IZBORI I DRU\u0160TVENE NEJEDNAKOSTI U FRANCUSKOJ (1789\u20132022)<\/p>\n<\/div><\/div><\/div><div class=\"fusion-layout-column fusion_builder_column fusion-builder-column-27 fusion_builder_column_1_2 1_2 fusion-flex-column\" style=\"--awb-bg-size:cover;--awb-width-large:50%;--awb-margin-top-large:0px;--awb-spacing-right-large:3.84%;--awb-margin-bottom-large:20px;--awb-spacing-left-large:3.84%;--awb-width-medium:50%;--awb-order-medium:0;--awb-spacing-right-medium:3.84%;--awb-spacing-left-medium:3.84%;--awb-width-small:100%;--awb-order-small:0;--awb-spacing-right-small:1.92%;--awb-spacing-left-small:1.92%;\"><div class=\"fusion-column-wrapper fusion-column-has-shadow fusion-flex-justify-content-flex-start fusion-content-layout-column\"><div class=\"fusion-image-element\" style=\"text-align:center;--awb-caption-text-size:16px;--awb-max-width:200px;--awb-caption-title-font-family:var(--h2_typography-font-family);--awb-caption-title-font-weight:var(--h2_typography-font-weight);--awb-caption-title-font-style:var(--h2_typography-font-style);--awb-caption-title-size:var(--h2_typography-font-size);--awb-caption-title-transform:none;--awb-caption-title-line-height:var(--h2_typography-line-height);--awb-caption-title-letter-spacing:var(--h2_typography-letter-spacing);\"><span class=\"fusion-imageframe imageframe-none imageframe-20 hover-type-none\"><img decoding=\"async\" width=\"182\" height=\"276\" alt=\"Isak Njutn: OPTIKA\" title=\"images\" src=\"data:image\/svg+xml,%3Csvg%20xmlns%3D%27http%3A%2F%2Fwww.w3.org%2F2000%2Fsvg%27%20width%3D%27182%27%20height%3D%27276%27%20viewBox%3D%270%200%20182%20276%27%3E%3Crect%20width%3D%27182%27%20height%3D%27276%27%20fill-opacity%3D%220%22%2F%3E%3C%2Fsvg%3E\" data-orig-src=\"https:\/\/akademskaknjiga.com\/wp-content\/uploads\/2026\/01\/images.png\" class=\"lazyload img-responsive wp-image-33464\"\/><\/span><\/div><div class=\"fusion-text fusion-text-42\" style=\"--awb-content-alignment:center;--awb-font-size:16px;\"><p>Lucas Chancel <em>\u00c9nergie et in\u00e9galit\u00e9s. Une histoire politique<\/em><\/p>\n<\/div><div class=\"fusion-image-element\" style=\"text-align:center;--awb-caption-text-size:16px;--awb-max-width:200px;--awb-caption-title-font-family:var(--h2_typography-font-family);--awb-caption-title-font-weight:var(--h2_typography-font-weight);--awb-caption-title-font-style:var(--h2_typography-font-style);--awb-caption-title-size:var(--h2_typography-font-size);--awb-caption-title-transform:none;--awb-caption-title-line-height:var(--h2_typography-line-height);--awb-caption-title-letter-spacing:var(--h2_typography-letter-spacing);\"><span class=\"fusion-imageframe imageframe-none imageframe-21 hover-type-none\"><img decoding=\"async\" width=\"1199\" height=\"1841\" alt=\"Isak Njutn: OPTIKA\" title=\"tecnofascismo-1\" src=\"https:\/\/akademskaknjiga.com\/wp-content\/uploads\/2026\/06\/tecnofascismo-1.jpg\" data-orig-src=\"https:\/\/akademskaknjiga.com\/wp-content\/uploads\/2026\/06\/tecnofascismo-1.jpg\" class=\"lazyload img-responsive wp-image-34651\" srcset=\"data:image\/svg+xml,%3Csvg%20xmlns%3D%27http%3A%2F%2Fwww.w3.org%2F2000%2Fsvg%27%20width%3D%271199%27%20height%3D%271841%27%20viewBox%3D%270%200%201199%201841%27%3E%3Crect%20width%3D%271199%27%20height%3D%271841%27%20fill-opacity%3D%220%22%2F%3E%3C%2Fsvg%3E\" data-srcset=\"https:\/\/akademskaknjiga.com\/wp-content\/uploads\/2026\/06\/tecnofascismo-1-200x307.jpg 200w, https:\/\/akademskaknjiga.com\/wp-content\/uploads\/2026\/06\/tecnofascismo-1-400x614.jpg 400w, https:\/\/akademskaknjiga.com\/wp-content\/uploads\/2026\/06\/tecnofascismo-1-600x921.jpg 600w, https:\/\/akademskaknjiga.com\/wp-content\/uploads\/2026\/06\/tecnofascismo-1-800x1228.jpg 800w, https:\/\/akademskaknjiga.com\/wp-content\/uploads\/2026\/06\/tecnofascismo-1.jpg 1199w\" data-sizes=\"auto\" data-orig-sizes=\"(max-width: 640px) 100vw, 600px\" \/><\/span><\/div><div class=\"fusion-text fusion-text-43\" style=\"--awb-content-alignment:center;--awb-font-size:16px;\"><p class=\"x_MsoNormal\"><span data-olk-copy-source=\"MessageBody\">Donatella di Cesare: TECNOFASCISMO<\/span><\/p>\n<\/div><\/div><\/div><\/div><\/div><div class=\"fusion-fullwidth fullwidth-box fusion-builder-row-16 fusion-flex-container has-pattern-background has-mask-background nonhundred-percent-fullwidth non-hundred-percent-height-scrolling\" style=\"--awb-border-radius-top-left:0px;--awb-border-radius-top-right:0px;--awb-border-radius-bottom-right:0px;--awb-border-radius-bottom-left:0px;--awb-flex-wrap:wrap;\" ><div class=\"fusion-builder-row fusion-row fusion-flex-align-items-flex-start fusion-flex-justify-content-center fusion-flex-content-wrap\" style=\"max-width:1248px;margin-left: calc(-4% \/ 2 );margin-right: calc(-4% \/ 2 );\"><div class=\"fusion-layout-column fusion_builder_column fusion-builder-column-28 fusion_builder_column_4_5 4_5 fusion-flex-column\" style=\"--awb-bg-size:cover;--awb-width-large:80%;--awb-margin-top-large:0px;--awb-spacing-right-large:2.4%;--awb-margin-bottom-large:20px;--awb-spacing-left-large:2.4%;--awb-width-medium:80%;--awb-order-medium:0;--awb-spacing-right-medium:2.4%;--awb-spacing-left-medium:2.4%;--awb-width-small:100%;--awb-order-small:0;--awb-spacing-right-small:1.92%;--awb-spacing-left-small:1.92%;\"><div class=\"fusion-column-wrapper fusion-column-has-shadow fusion-flex-justify-content-flex-start fusion-content-layout-column\"><div class=\"fusion-separator fusion-full-width-sep\" style=\"align-self: center;margin-left: auto;margin-right: auto;width:100%;\"><div class=\"fusion-separator-border sep-single sep-solid\" style=\"--awb-height:20px;--awb-amount:20px;--awb-sep-color:#000000;border-color:#000000;border-top-width:1px;\"><\/div><\/div><\/div><\/div><div class=\"fusion-layout-column fusion_builder_column fusion-builder-column-29 fusion_builder_column_4_5 4_5 fusion-flex-column\" style=\"--awb-bg-size:cover;--awb-width-large:80%;--awb-margin-top-large:0px;--awb-spacing-right-large:2.4%;--awb-margin-bottom-large:20px;--awb-spacing-left-large:2.4%;--awb-width-medium:80%;--awb-order-medium:0;--awb-spacing-right-medium:2.4%;--awb-spacing-left-medium:2.4%;--awb-width-small:100%;--awb-order-small:0;--awb-spacing-right-small:1.92%;--awb-spacing-left-small:1.92%;\"><div class=\"fusion-column-wrapper fusion-column-has-shadow fusion-flex-justify-content-flex-start fusion-content-layout-column\"><div class=\"fusion-text fusion-text-44\" style=\"--awb-content-alignment:center;--awb-font-size:18px;--awb-text-font-family:&quot;Nunito&quot;;--awb-text-font-style:normal;--awb-text-font-weight:700;\"><p><a href=\"https:\/\/akademskaknjiga.com\/en\/biblioteka\/savremeni-roman\/\">BIBLIOTEKA SAVREMENI ROMAN<\/a><\/p>\n<\/div><div class=\"fusion-image-element\" style=\"text-align:center;--awb-caption-text-size:16px;--awb-caption-title-font-family:var(--h2_typography-font-family);--awb-caption-title-font-weight:var(--h2_typography-font-weight);--awb-caption-title-font-style:var(--h2_typography-font-style);--awb-caption-title-size:var(--h2_typography-font-size);--awb-caption-title-transform:none;--awb-caption-title-line-height:var(--h2_typography-line-height);--awb-caption-title-letter-spacing:var(--h2_typography-letter-spacing);\"><span class=\"fusion-imageframe imageframe-none imageframe-22 hover-type-none\"><a class=\"fusion-no-lightbox\" href=\"https:\/\/www.amazon.com\/Gringo-viejo-Old-Spanish\/dp\/970580012X\" target=\"_self\" aria-label=\"516m8nRbLtL._SX346_BO1204203200_\" rel=\"noopener\"><img decoding=\"async\" width=\"209\" height=\"300\" alt=\"Carlos Fuentes: GRINGO VIEJO\" src=\"https:\/\/akademskaknjiga.com\/wp-content\/uploads\/2023\/03\/516m8nRbLtL._SX346_BO1204203200_.jpg\" data-orig-src=\"https:\/\/akademskaknjiga.com\/wp-content\/uploads\/2023\/03\/516m8nRbLtL._SX346_BO1204203200_-209x300.jpg\" class=\"lazyload img-responsive wp-image-20916\" srcset=\"data:image\/svg+xml,%3Csvg%20xmlns%3D%27http%3A%2F%2Fwww.w3.org%2F2000%2Fsvg%27%20width%3D%27348%27%20height%3D%27499%27%20viewBox%3D%270%200%20348%20499%27%3E%3Crect%20width%3D%27348%27%20height%3D%27499%27%20fill-opacity%3D%220%22%2F%3E%3C%2Fsvg%3E\" data-srcset=\"https:\/\/akademskaknjiga.com\/wp-content\/uploads\/2023\/03\/516m8nRbLtL._SX346_BO1204203200_-200x287.jpg 200w, https:\/\/akademskaknjiga.com\/wp-content\/uploads\/2023\/03\/516m8nRbLtL._SX346_BO1204203200_.jpg 348w\" data-sizes=\"auto\" data-orig-sizes=\"(max-width: 640px) 100vw, 209px\" \/><\/a><\/span><\/div><\/div><\/div><div class=\"fusion-layout-column fusion_builder_column fusion-builder-column-30 fusion_builder_column_2_5 2_5 fusion-flex-column\" style=\"--awb-bg-size:cover;--awb-width-large:40%;--awb-margin-top-large:0px;--awb-spacing-right-large:4.8%;--awb-margin-bottom-large:20px;--awb-spacing-left-large:4.8%;--awb-width-medium:40%;--awb-order-medium:0;--awb-spacing-right-medium:4.8%;--awb-spacing-left-medium:4.8%;--awb-width-small:100%;--awb-order-small:0;--awb-spacing-right-small:1.92%;--awb-spacing-left-small:1.92%;\"><div class=\"fusion-column-wrapper fusion-column-has-shadow fusion-flex-justify-content-flex-start fusion-content-layout-column\"><div class=\"fusion-text fusion-text-45\" style=\"--awb-content-alignment:center;--awb-font-size:16px;\"><p><em>Carlos Fuentes: GRINGO VIEJO<\/em><\/p>\n<\/div><\/div><\/div><\/div><\/div><div class=\"fusion-fullwidth fullwidth-box fusion-builder-row-17 fusion-flex-container has-pattern-background has-mask-background nonhundred-percent-fullwidth non-hundred-percent-height-scrolling\" style=\"--awb-border-radius-top-left:0px;--awb-border-radius-top-right:0px;--awb-border-radius-bottom-right:0px;--awb-border-radius-bottom-left:0px;--awb-flex-wrap:wrap;\" ><div class=\"fusion-builder-row fusion-row fusion-flex-align-items-flex-start fusion-flex-justify-content-center fusion-flex-content-wrap\" style=\"max-width:1248px;margin-left: calc(-4% \/ 2 );margin-right: calc(-4% \/ 2 );\"><div class=\"fusion-layout-column fusion_builder_column fusion-builder-column-31 fusion_builder_column_2_5 2_5 fusion-flex-column\" style=\"--awb-bg-size:cover;--awb-width-large:40%;--awb-margin-top-large:0px;--awb-spacing-right-large:4.8%;--awb-margin-bottom-large:20px;--awb-spacing-left-large:4.8%;--awb-width-medium:40%;--awb-order-medium:0;--awb-spacing-right-medium:4.8%;--awb-spacing-left-medium:4.8%;--awb-width-small:100%;--awb-order-small:0;--awb-spacing-right-small:1.92%;--awb-spacing-left-small:1.92%;\"><div class=\"fusion-column-wrapper fusion-column-has-shadow fusion-flex-justify-content-flex-start fusion-content-layout-column\"><div class=\"fusion-image-element\" style=\"text-align:center;--awb-caption-text-size:16px;--awb-max-width:300px;--awb-caption-title-font-family:var(--h2_typography-font-family);--awb-caption-title-font-weight:var(--h2_typography-font-weight);--awb-caption-title-font-style:var(--h2_typography-font-style);--awb-caption-title-size:var(--h2_typography-font-size);--awb-caption-title-transform:none;--awb-caption-title-line-height:var(--h2_typography-line-height);--awb-caption-title-letter-spacing:var(--h2_typography-letter-spacing);\"><span class=\"fusion-imageframe imageframe-none imageframe-23 hover-type-none\"><img decoding=\"async\" width=\"600\" height=\"600\" alt=\"Guillaume Calafat, Mathieu Grenet M\u00c9DITERRAN\u00c9ES. UNE HISTOIRE DES MOBILIT\u00c9S HUMAINES (1492\u20111750)\" title=\"s-l1200\" src=\"https:\/\/akademskaknjiga.com\/wp-content\/uploads\/2026\/01\/s-l1200.jpg\" data-orig-src=\"https:\/\/akademskaknjiga.com\/wp-content\/uploads\/2026\/01\/s-l1200.jpg\" class=\"lazyload img-responsive wp-image-33467\" srcset=\"data:image\/svg+xml,%3Csvg%20xmlns%3D%27http%3A%2F%2Fwww.w3.org%2F2000%2Fsvg%27%20width%3D%27600%27%20height%3D%27600%27%20viewBox%3D%270%200%20600%20600%27%3E%3Crect%20width%3D%27600%27%20height%3D%27600%27%20fill-opacity%3D%220%22%2F%3E%3C%2Fsvg%3E\" data-srcset=\"https:\/\/akademskaknjiga.com\/wp-content\/uploads\/2026\/01\/s-l1200-200x200.jpg 200w, https:\/\/akademskaknjiga.com\/wp-content\/uploads\/2026\/01\/s-l1200-400x400.jpg 400w, https:\/\/akademskaknjiga.com\/wp-content\/uploads\/2026\/01\/s-l1200.jpg 600w\" data-sizes=\"auto\" data-orig-sizes=\"(max-width: 640px) 100vw, 600px\" \/><\/span><\/div><div class=\"fusion-text fusion-text-46\" style=\"--awb-content-alignment:center;--awb-font-size:16px;\"><p style=\"text-align: center;\">Ismail Kadare <em>Prilli i thyer<\/em>&nbsp;<\/p>\n<\/div><div class=\"fusion-text fusion-text-47\" style=\"--awb-content-alignment:center;--awb-font-size:16px;\"><p style=\"text-align: center;\">\n<\/div><\/div><\/div><\/div><\/div><div class=\"fusion-fullwidth fullwidth-box fusion-builder-row-18 fusion-flex-container has-pattern-background has-mask-background nonhundred-percent-fullwidth non-hundred-percent-height-scrolling\" style=\"--awb-border-radius-top-left:0px;--awb-border-radius-top-right:0px;--awb-border-radius-bottom-right:0px;--awb-border-radius-bottom-left:0px;--awb-flex-wrap:wrap;\" ><div class=\"fusion-builder-row fusion-row fusion-flex-align-items-flex-start fusion-flex-justify-content-center fusion-flex-content-wrap\" style=\"max-width:1248px;margin-left: calc(-4% \/ 2 );margin-right: calc(-4% \/ 2 );\"><div class=\"fusion-layout-column fusion_builder_column fusion-builder-column-32 fusion_builder_column_2_5 2_5 fusion-flex-column\" style=\"--awb-bg-size:cover;--awb-width-large:40%;--awb-margin-top-large:0px;--awb-spacing-right-large:4.8%;--awb-margin-bottom-large:20px;--awb-spacing-left-large:4.8%;--awb-width-medium:40%;--awb-order-medium:0;--awb-spacing-right-medium:4.8%;--awb-spacing-left-medium:4.8%;--awb-width-small:100%;--awb-order-small:0;--awb-spacing-right-small:1.92%;--awb-spacing-left-small:1.92%;\"><div class=\"fusion-column-wrapper fusion-column-has-shadow fusion-flex-justify-content-flex-start fusion-content-layout-column\"><div class=\"fusion-image-element\" style=\"text-align:center;--awb-caption-text-size:16px;--awb-max-width:200px;--awb-caption-title-font-family:var(--h2_typography-font-family);--awb-caption-title-font-weight:var(--h2_typography-font-weight);--awb-caption-title-font-style:var(--h2_typography-font-style);--awb-caption-title-size:var(--h2_typography-font-size);--awb-caption-title-transform:none;--awb-caption-title-line-height:var(--h2_typography-line-height);--awb-caption-title-letter-spacing:var(--h2_typography-letter-spacing);\"><span class=\"fusion-imageframe imageframe-none imageframe-24 hover-type-none\"><img decoding=\"async\" width=\"468\" height=\"749\" alt=\"Guillaume Calafat, Mathieu Grenet M\u00c9DITERRAN\u00c9ES. UNE HISTOIRE DES MOBILIT\u00c9S HUMAINES (1492\u20111750)\" title=\"9782742776917\" src=\"https:\/\/akademskaknjiga.com\/wp-content\/uploads\/2024\/10\/9782742776917.jpeg\" data-orig-src=\"https:\/\/akademskaknjiga.com\/wp-content\/uploads\/2024\/10\/9782742776917.jpeg\" class=\"lazyload img-responsive wp-image-30181\" srcset=\"data:image\/svg+xml,%3Csvg%20xmlns%3D%27http%3A%2F%2Fwww.w3.org%2F2000%2Fsvg%27%20width%3D%27468%27%20height%3D%27749%27%20viewBox%3D%270%200%20468%20749%27%3E%3Crect%20width%3D%27468%27%20height%3D%27749%27%20fill-opacity%3D%220%22%2F%3E%3C%2Fsvg%3E\" data-srcset=\"https:\/\/akademskaknjiga.com\/wp-content\/uploads\/2024\/10\/9782742776917-200x320.jpeg 200w, https:\/\/akademskaknjiga.com\/wp-content\/uploads\/2024\/10\/9782742776917-400x640.jpeg 400w, https:\/\/akademskaknjiga.com\/wp-content\/uploads\/2024\/10\/9782742776917.jpeg 468w\" data-sizes=\"auto\" data-orig-sizes=\"(max-width: 640px) 100vw, 468px\" \/><\/span><\/div><div class=\"fusion-text fusion-text-48\" style=\"--awb-content-alignment:center;--awb-font-size:16px;\"><p>Mathias Enard: <em>LA PERFECTION DU TIR<\/em><\/p>\n<\/div><div class=\"fusion-text fusion-text-49\" style=\"--awb-content-alignment:center;--awb-font-size:16px;\"><p style=\"text-align: center;\">\n<\/div><\/div><\/div><\/div><\/div><div class=\"fusion-fullwidth fullwidth-box fusion-builder-row-19 fusion-flex-container has-pattern-background has-mask-background nonhundred-percent-fullwidth non-hundred-percent-height-scrolling\" style=\"--awb-border-radius-top-left:0px;--awb-border-radius-top-right:0px;--awb-border-radius-bottom-right:0px;--awb-border-radius-bottom-left:0px;--awb-flex-wrap:wrap;\" ><div class=\"fusion-builder-row fusion-row fusion-flex-align-items-flex-start fusion-flex-justify-content-center fusion-flex-content-wrap\" style=\"max-width:1248px;margin-left: calc(-4% \/ 2 );margin-right: calc(-4% \/ 2 );\"><div class=\"fusion-layout-column fusion_builder_column fusion-builder-column-33 fusion_builder_column_2_5 2_5 fusion-flex-column\" style=\"--awb-bg-size:cover;--awb-width-large:40%;--awb-margin-top-large:0px;--awb-spacing-right-large:4.8%;--awb-margin-bottom-large:20px;--awb-spacing-left-large:4.8%;--awb-width-medium:40%;--awb-order-medium:0;--awb-spacing-right-medium:4.8%;--awb-spacing-left-medium:4.8%;--awb-width-small:100%;--awb-order-small:0;--awb-spacing-right-small:1.92%;--awb-spacing-left-small:1.92%;\"><div class=\"fusion-column-wrapper fusion-column-has-shadow fusion-flex-justify-content-flex-start fusion-content-layout-column\"><div class=\"fusion-image-element\" style=\"text-align:center;--awb-caption-text-size:16px;--awb-max-width:200px;--awb-caption-title-font-family:var(--h2_typography-font-family);--awb-caption-title-font-weight:var(--h2_typography-font-weight);--awb-caption-title-font-style:var(--h2_typography-font-style);--awb-caption-title-size:var(--h2_typography-font-size);--awb-caption-title-transform:none;--awb-caption-title-line-height:var(--h2_typography-line-height);--awb-caption-title-letter-spacing:var(--h2_typography-letter-spacing);\"><span class=\"fusion-imageframe imageframe-none imageframe-25 hover-type-none\"><img decoding=\"async\" width=\"188\" height=\"268\" alt=\"Guillaume Calafat, Mathieu Grenet M\u00c9DITERRAN\u00c9ES. UNE HISTOIRE DES MOBILIT\u00c9S HUMAINES (1492\u20111750)\" title=\"images\" src=\"data:image\/svg+xml,%3Csvg%20xmlns%3D%27http%3A%2F%2Fwww.w3.org%2F2000%2Fsvg%27%20width%3D%27188%27%20height%3D%27268%27%20viewBox%3D%270%200%20188%20268%27%3E%3Crect%20width%3D%27188%27%20height%3D%27268%27%20fill-opacity%3D%220%22%2F%3E%3C%2Fsvg%3E\" data-orig-src=\"https:\/\/akademskaknjiga.com\/wp-content\/uploads\/2025\/03\/images.png\" class=\"lazyload img-responsive wp-image-31268\"\/><\/span><\/div><div class=\"fusion-text fusion-text-50\" style=\"--awb-content-alignment:center;--awb-font-size:16px;\"><p><span style=\"color: black; font-family: times new roman,serif; font-size: large;\" data-olk-copy-source=\"MessageBody\">Kamel Daoud&nbsp;<i>Houris<\/i><\/span><\/p>\n<\/div><div class=\"fusion-text fusion-text-51\" style=\"--awb-content-alignment:center;--awb-font-size:16px;\"><p style=\"text-align: center;\">\n<\/div><\/div><\/div><div class=\"fusion-layout-column fusion_builder_column fusion-builder-column-34 fusion_builder_column_2_5 2_5 fusion-flex-column\" style=\"--awb-bg-size:cover;--awb-width-large:40%;--awb-margin-top-large:0px;--awb-spacing-right-large:4.8%;--awb-margin-bottom-large:20px;--awb-spacing-left-large:4.8%;--awb-width-medium:40%;--awb-order-medium:0;--awb-spacing-right-medium:4.8%;--awb-spacing-left-medium:4.8%;--awb-width-small:100%;--awb-order-small:0;--awb-spacing-right-small:1.92%;--awb-spacing-left-small:1.92%;\"><div class=\"fusion-column-wrapper fusion-column-has-shadow fusion-flex-justify-content-flex-start fusion-content-layout-column\"><div class=\"fusion-image-element\" style=\"text-align:center;--awb-caption-text-size:16px;--awb-max-width:200px;--awb-caption-title-font-family:var(--h2_typography-font-family);--awb-caption-title-font-weight:var(--h2_typography-font-weight);--awb-caption-title-font-style:var(--h2_typography-font-style);--awb-caption-title-size:var(--h2_typography-font-size);--awb-caption-title-transform:none;--awb-caption-title-line-height:var(--h2_typography-line-height);--awb-caption-title-letter-spacing:var(--h2_typography-letter-spacing);\"><span class=\"fusion-imageframe imageframe-none imageframe-26 hover-type-none\"><img decoding=\"async\" width=\"185\" height=\"272\" alt=\"Isak Njutn: OPTIKA\" title=\"images\" src=\"data:image\/svg+xml,%3Csvg%20xmlns%3D%27http%3A%2F%2Fwww.w3.org%2F2000%2Fsvg%27%20width%3D%27185%27%20height%3D%27272%27%20viewBox%3D%270%200%20185%20272%27%3E%3Crect%20width%3D%27185%27%20height%3D%27272%27%20fill-opacity%3D%220%22%2F%3E%3C%2Fsvg%3E\" data-orig-src=\"https:\/\/akademskaknjiga.com\/wp-content\/uploads\/2025\/03\/images.jpg\" class=\"lazyload img-responsive wp-image-31269\"\/><\/span><\/div><div class=\"fusion-text fusion-text-52\" style=\"--awb-content-alignment:center;--awb-font-size:16px;\"><p><span lang=\"en-GB\"><span style=\"color: black; font-family: times new roman,serif; font-size: large;\" data-olk-copy-source=\"MessageBody\">CAMILLE LAURENS&nbsp;<i>TA PROMESSE<\/i><\/span><\/span><\/p>\n<\/div><\/div><\/div><\/div><\/div><div class=\"fusion-fullwidth fullwidth-box fusion-builder-row-20 fusion-flex-container has-pattern-background has-mask-background nonhundred-percent-fullwidth non-hundred-percent-height-scrolling\" style=\"--awb-border-radius-top-left:0px;--awb-border-radius-top-right:0px;--awb-border-radius-bottom-right:0px;--awb-border-radius-bottom-left:0px;--awb-flex-wrap:wrap;\" ><div class=\"fusion-builder-row fusion-row fusion-flex-align-items-flex-start fusion-flex-justify-content-center fusion-flex-content-wrap\" style=\"max-width:1248px;margin-left: calc(-4% \/ 2 );margin-right: calc(-4% \/ 2 );\"><div class=\"fusion-layout-column fusion_builder_column fusion-builder-column-35 fusion_builder_column_2_5 2_5 fusion-flex-column\" style=\"--awb-bg-size:cover;--awb-width-large:40%;--awb-margin-top-large:0px;--awb-spacing-right-large:4.8%;--awb-margin-bottom-large:20px;--awb-spacing-left-large:4.8%;--awb-width-medium:40%;--awb-order-medium:0;--awb-spacing-right-medium:4.8%;--awb-spacing-left-medium:4.8%;--awb-width-small:100%;--awb-order-small:0;--awb-spacing-right-small:1.92%;--awb-spacing-left-small:1.92%;\"><div class=\"fusion-column-wrapper fusion-column-has-shadow fusion-flex-justify-content-flex-start fusion-content-layout-column\"><div class=\"fusion-text fusion-text-53\" style=\"--awb-content-alignment:center;--awb-font-size:16px;\"><p style=\"text-align: center;\">\n<\/div><\/div><\/div><div class=\"fusion-layout-column fusion_builder_column fusion-builder-column-36 fusion_builder_column_2_5 2_5 fusion-flex-column\" style=\"--awb-bg-size:cover;--awb-width-large:40%;--awb-margin-top-large:0px;--awb-spacing-right-large:4.8%;--awb-margin-bottom-large:20px;--awb-spacing-left-large:4.8%;--awb-width-medium:40%;--awb-order-medium:0;--awb-spacing-right-medium:4.8%;--awb-spacing-left-medium:4.8%;--awb-width-small:100%;--awb-order-small:0;--awb-spacing-right-small:1.92%;--awb-spacing-left-small:1.92%;\"><div class=\"fusion-column-wrapper fusion-column-has-shadow fusion-flex-justify-content-flex-start fusion-content-layout-column\"><\/div><\/div><div class=\"fusion-layout-column fusion_builder_column fusion-builder-column-37 fusion_builder_column_2_5 2_5 fusion-flex-column\" style=\"--awb-bg-size:cover;--awb-width-large:40%;--awb-margin-top-large:0px;--awb-spacing-right-large:4.8%;--awb-margin-bottom-large:20px;--awb-spacing-left-large:4.8%;--awb-width-medium:40%;--awb-order-medium:0;--awb-spacing-right-medium:4.8%;--awb-spacing-left-medium:4.8%;--awb-width-small:100%;--awb-order-small:0;--awb-spacing-right-small:1.92%;--awb-spacing-left-small:1.92%;\"><div class=\"fusion-column-wrapper fusion-column-has-shadow fusion-flex-justify-content-flex-start fusion-content-layout-column\"><div class=\"fusion-image-element\" style=\"text-align:center;--awb-caption-text-size:16px;--awb-max-width:200px;--awb-caption-title-font-family:var(--h2_typography-font-family);--awb-caption-title-font-weight:var(--h2_typography-font-weight);--awb-caption-title-font-style:var(--h2_typography-font-style);--awb-caption-title-size:var(--h2_typography-font-size);--awb-caption-title-transform:none;--awb-caption-title-line-height:var(--h2_typography-line-height);--awb-caption-title-letter-spacing:var(--h2_typography-letter-spacing);\"><span class=\"fusion-imageframe imageframe-none imageframe-27 hover-type-none\"><img decoding=\"async\" width=\"182\" height=\"277\" alt=\"Guillaume Calafat, Mathieu Grenet M\u00c9DITERRAN\u00c9ES. UNE HISTOIRE DES MOBILIT\u00c9S HUMAINES (1492\u20111750)\" title=\"images\" src=\"data:image\/svg+xml,%3Csvg%20xmlns%3D%27http%3A%2F%2Fwww.w3.org%2F2000%2Fsvg%27%20width%3D%27182%27%20height%3D%27277%27%20viewBox%3D%270%200%20182%20277%27%3E%3Crect%20width%3D%27182%27%20height%3D%27277%27%20fill-opacity%3D%220%22%2F%3E%3C%2Fsvg%3E\" data-orig-src=\"https:\/\/akademskaknjiga.com\/wp-content\/uploads\/2025\/04\/images.jpg\" class=\"lazyload img-responsive wp-image-31439\"\/><\/span><\/div><div class=\"fusion-text fusion-text-54\"><p style=\"text-align: center;\"><span style=\"font-family: times new roman,serif; font-size: large;\" data-olk-copy-source=\"MessageBody\">Alec Patric&nbsp;<i>Black Rock White City<\/i><\/span><\/p>\n<\/div><\/div><\/div><div class=\"fusion-layout-column fusion_builder_column fusion-builder-column-38 fusion_builder_column_2_5 2_5 fusion-flex-column\" style=\"--awb-bg-size:cover;--awb-width-large:40%;--awb-margin-top-large:0px;--awb-spacing-right-large:4.8%;--awb-margin-bottom-large:20px;--awb-spacing-left-large:4.8%;--awb-width-medium:40%;--awb-order-medium:0;--awb-spacing-right-medium:4.8%;--awb-spacing-left-medium:4.8%;--awb-width-small:100%;--awb-order-small:0;--awb-spacing-right-small:1.92%;--awb-spacing-left-small:1.92%;\"><div class=\"fusion-column-wrapper fusion-column-has-shadow fusion-flex-justify-content-flex-start fusion-content-layout-column\"><div class=\"fusion-image-element\" style=\"text-align:center;--awb-caption-text-size:16px;--awb-max-width:200px;--awb-caption-title-font-family:var(--h2_typography-font-family);--awb-caption-title-font-weight:var(--h2_typography-font-weight);--awb-caption-title-font-style:var(--h2_typography-font-style);--awb-caption-title-size:var(--h2_typography-font-size);--awb-caption-title-transform:none;--awb-caption-title-line-height:var(--h2_typography-line-height);--awb-caption-title-letter-spacing:var(--h2_typography-letter-spacing);\"><span class=\"fusion-imageframe imageframe-none imageframe-28 hover-type-none\"><img decoding=\"async\" width=\"655\" height=\"1000\" alt=\"Guillaume Calafat, Mathieu Grenet M\u00c9DITERRAN\u00c9ES. UNE HISTOIRE DES MOBILIT\u00c9S HUMAINES (1492\u20111750)\" title=\"51+Bw1CM5nL._AC_UF1000,1000_QL80_\" src=\"https:\/\/akademskaknjiga.com\/wp-content\/uploads\/2026\/01\/51Bw1CM5nL._AC_UF10001000_QL80_.jpg\" data-orig-src=\"https:\/\/akademskaknjiga.com\/wp-content\/uploads\/2026\/01\/51Bw1CM5nL._AC_UF10001000_QL80_.jpg\" class=\"lazyload img-responsive wp-image-33468\" srcset=\"data:image\/svg+xml,%3Csvg%20xmlns%3D%27http%3A%2F%2Fwww.w3.org%2F2000%2Fsvg%27%20width%3D%27655%27%20height%3D%271000%27%20viewBox%3D%270%200%20655%201000%27%3E%3Crect%20width%3D%27655%27%20height%3D%271000%27%20fill-opacity%3D%220%22%2F%3E%3C%2Fsvg%3E\" data-srcset=\"https:\/\/akademskaknjiga.com\/wp-content\/uploads\/2026\/01\/51Bw1CM5nL._AC_UF10001000_QL80_-200x305.jpg 200w, https:\/\/akademskaknjiga.com\/wp-content\/uploads\/2026\/01\/51Bw1CM5nL._AC_UF10001000_QL80_-400x611.jpg 400w, https:\/\/akademskaknjiga.com\/wp-content\/uploads\/2026\/01\/51Bw1CM5nL._AC_UF10001000_QL80_-600x916.jpg 600w, https:\/\/akademskaknjiga.com\/wp-content\/uploads\/2026\/01\/51Bw1CM5nL._AC_UF10001000_QL80_.jpg 655w\" data-sizes=\"auto\" data-orig-sizes=\"(max-width: 640px) 100vw, 600px\" \/><\/span><\/div><div class=\"fusion-text fusion-text-55\"><p style=\"text-align: center;\">Simona Sora <em>Complezen\u021b\u0103&nbsp;<\/em> &nbsp;<\/p>\n<\/div><\/div><\/div><div class=\"fusion-layout-column fusion_builder_column fusion-builder-column-39 fusion_builder_column_2_5 2_5 fusion-flex-column\" style=\"--awb-bg-size:cover;--awb-width-large:40%;--awb-margin-top-large:0px;--awb-spacing-right-large:4.8%;--awb-margin-bottom-large:20px;--awb-spacing-left-large:4.8%;--awb-width-medium:40%;--awb-order-medium:0;--awb-spacing-right-medium:4.8%;--awb-spacing-left-medium:4.8%;--awb-width-small:100%;--awb-order-small:0;--awb-spacing-right-small:1.92%;--awb-spacing-left-small:1.92%;\"><div class=\"fusion-column-wrapper fusion-column-has-shadow fusion-flex-justify-content-flex-start fusion-content-layout-column\"><div class=\"fusion-image-element\" style=\"text-align:center;--awb-caption-text-size:16px;--awb-max-width:200px;--awb-caption-title-font-family:var(--h2_typography-font-family);--awb-caption-title-font-weight:var(--h2_typography-font-weight);--awb-caption-title-font-style:var(--h2_typography-font-style);--awb-caption-title-size:var(--h2_typography-font-size);--awb-caption-title-transform:none;--awb-caption-title-line-height:var(--h2_typography-line-height);--awb-caption-title-letter-spacing:var(--h2_typography-letter-spacing);\"><span class=\"fusion-imageframe imageframe-none imageframe-29 hover-type-none\"><img decoding=\"async\" width=\"1171\" height=\"1920\" alt=\"Guillaume Calafat, Mathieu Grenet M\u00c9DITERRAN\u00c9ES. UNE HISTOIRE DES MOBILIT\u00c9S HUMAINES (1492\u20111750)\" title=\"Version 1.0.0\" src=\"https:\/\/akademskaknjiga.com\/wp-content\/uploads\/2026\/01\/196749022-1-scaled.jpg\" data-orig-src=\"https:\/\/akademskaknjiga.com\/wp-content\/uploads\/2026\/01\/196749022-1-scaled.jpg\" class=\"lazyload img-responsive wp-image-33470\" srcset=\"data:image\/svg+xml,%3Csvg%20xmlns%3D%27http%3A%2F%2Fwww.w3.org%2F2000%2Fsvg%27%20width%3D%271171%27%20height%3D%271920%27%20viewBox%3D%270%200%201171%201920%27%3E%3Crect%20width%3D%271171%27%20height%3D%271920%27%20fill-opacity%3D%220%22%2F%3E%3C%2Fsvg%3E\" data-srcset=\"https:\/\/akademskaknjiga.com\/wp-content\/uploads\/2026\/01\/196749022-1-200x328.jpg 200w, https:\/\/akademskaknjiga.com\/wp-content\/uploads\/2026\/01\/196749022-1-400x656.jpg 400w, https:\/\/akademskaknjiga.com\/wp-content\/uploads\/2026\/01\/196749022-1-600x984.jpg 600w, https:\/\/akademskaknjiga.com\/wp-content\/uploads\/2026\/01\/196749022-1-800x1312.jpg 800w, https:\/\/akademskaknjiga.com\/wp-content\/uploads\/2026\/01\/196749022-1-scaled.jpg 1171w, https:\/\/akademskaknjiga.com\/wp-content\/uploads\/2026\/01\/196749022-1-1200x1968.jpg 1200w\" data-sizes=\"auto\" data-orig-sizes=\"(max-width: 640px) 100vw, 600px\" \/><\/span><\/div><div class=\"fusion-text fusion-text-56\" style=\"--awb-content-alignment:center;--awb-font-size:16px;\"><p style=\"text-align: center;\">Iris Wolff <em>Lichtungen<\/em>&nbsp;<\/p>\n<\/div><div class=\"fusion-text fusion-text-57\" style=\"--awb-content-alignment:center;--awb-font-size:16px;\"><p style=\"text-align: center;\">\n<\/div><\/div><\/div><div class=\"fusion-layout-column fusion_builder_column fusion-builder-column-40 fusion_builder_column_2_5 2_5 fusion-flex-column\" style=\"--awb-bg-size:cover;--awb-width-large:40%;--awb-margin-top-large:0px;--awb-spacing-right-large:4.8%;--awb-margin-bottom-large:20px;--awb-spacing-left-large:4.8%;--awb-width-medium:40%;--awb-order-medium:0;--awb-spacing-right-medium:4.8%;--awb-spacing-left-medium:4.8%;--awb-width-small:100%;--awb-order-small:0;--awb-spacing-right-small:1.92%;--awb-spacing-left-small:1.92%;\"><div class=\"fusion-column-wrapper fusion-column-has-shadow fusion-flex-justify-content-flex-start fusion-content-layout-column\"><div class=\"fusion-image-element\" style=\"text-align:center;--awb-caption-text-size:16px;--awb-max-width:200px;--awb-caption-title-font-family:var(--h2_typography-font-family);--awb-caption-title-font-weight:var(--h2_typography-font-weight);--awb-caption-title-font-style:var(--h2_typography-font-style);--awb-caption-title-size:var(--h2_typography-font-size);--awb-caption-title-transform:none;--awb-caption-title-line-height:var(--h2_typography-line-height);--awb-caption-title-letter-spacing:var(--h2_typography-letter-spacing);\"><span class=\"fusion-imageframe imageframe-none imageframe-30 hover-type-none\"><img decoding=\"async\" width=\"290\" height=\"450\" alt=\"Guillaume Calafat, Mathieu Grenet M\u00c9DITERRAN\u00c9ES. UNE HISTOIRE DES MOBILIT\u00c9S HUMAINES (1492\u20111750)\" title=\"29408903\" src=\"https:\/\/akademskaknjiga.com\/wp-content\/uploads\/2025\/08\/29408903.jpg\" data-orig-src=\"https:\/\/akademskaknjiga.com\/wp-content\/uploads\/2025\/08\/29408903.jpg\" class=\"lazyload img-responsive wp-image-32354\" srcset=\"data:image\/svg+xml,%3Csvg%20xmlns%3D%27http%3A%2F%2Fwww.w3.org%2F2000%2Fsvg%27%20width%3D%27290%27%20height%3D%27450%27%20viewBox%3D%270%200%20290%20450%27%3E%3Crect%20width%3D%27290%27%20height%3D%27450%27%20fill-opacity%3D%220%22%2F%3E%3C%2Fsvg%3E\" data-srcset=\"https:\/\/akademskaknjiga.com\/wp-content\/uploads\/2025\/08\/29408903-200x310.jpg 200w, https:\/\/akademskaknjiga.com\/wp-content\/uploads\/2025\/08\/29408903.jpg 290w\" data-sizes=\"auto\" data-orig-sizes=\"(max-width: 640px) 100vw, 290px\" \/><\/span><\/div><div class=\"fusion-text fusion-text-58\" style=\"--awb-content-alignment:center;--awb-font-size:16px;\"><p><span data-olk-copy-source=\"MessageBody\">JACEK DEHNEL <\/span><em>Krivoklat<\/em><\/p>\n<\/div><div class=\"fusion-text fusion-text-59\" style=\"--awb-content-alignment:center;--awb-font-size:16px;\"><p style=\"text-align: center;\">\n<\/div><\/div><\/div><div class=\"fusion-layout-column fusion_builder_column fusion-builder-column-41 fusion_builder_column_2_5 2_5 fusion-flex-column\" style=\"--awb-bg-size:cover;--awb-width-large:40%;--awb-margin-top-large:0px;--awb-spacing-right-large:4.8%;--awb-margin-bottom-large:20px;--awb-spacing-left-large:4.8%;--awb-width-medium:40%;--awb-order-medium:0;--awb-spacing-right-medium:4.8%;--awb-spacing-left-medium:4.8%;--awb-width-small:100%;--awb-order-small:0;--awb-spacing-right-small:1.92%;--awb-spacing-left-small:1.92%;\"><div class=\"fusion-column-wrapper fusion-column-has-shadow fusion-flex-justify-content-flex-start fusion-content-layout-column\"><div class=\"fusion-image-element\" style=\"text-align:center;--awb-caption-text-size:16px;--awb-max-width:170px;--awb-caption-title-font-family:var(--h2_typography-font-family);--awb-caption-title-font-weight:var(--h2_typography-font-weight);--awb-caption-title-font-style:var(--h2_typography-font-style);--awb-caption-title-size:var(--h2_typography-font-size);--awb-caption-title-transform:none;--awb-caption-title-line-height:var(--h2_typography-line-height);--awb-caption-title-letter-spacing:var(--h2_typography-letter-spacing);\"><span class=\"fusion-imageframe imageframe-none imageframe-31 hover-type-none\"><img decoding=\"async\" width=\"489\" height=\"923\" alt=\"Guillaume Calafat, Mathieu Grenet M\u00c9DITERRAN\u00c9ES. UNE HISTOIRE DES MOBILIT\u00c9S HUMAINES (1492\u20111750)\" title=\"9782330181611\" src=\"https:\/\/akademskaknjiga.com\/wp-content\/uploads\/2026\/01\/9782330181611.jpg\" data-orig-src=\"https:\/\/akademskaknjiga.com\/wp-content\/uploads\/2026\/01\/9782330181611.jpg\" class=\"lazyload img-responsive wp-image-33473\" srcset=\"data:image\/svg+xml,%3Csvg%20xmlns%3D%27http%3A%2F%2Fwww.w3.org%2F2000%2Fsvg%27%20width%3D%27489%27%20height%3D%27923%27%20viewBox%3D%270%200%20489%20923%27%3E%3Crect%20width%3D%27489%27%20height%3D%27923%27%20fill-opacity%3D%220%22%2F%3E%3C%2Fsvg%3E\" data-srcset=\"https:\/\/akademskaknjiga.com\/wp-content\/uploads\/2026\/01\/9782330181611-200x378.jpg 200w, https:\/\/akademskaknjiga.com\/wp-content\/uploads\/2026\/01\/9782330181611-400x755.jpg 400w, https:\/\/akademskaknjiga.com\/wp-content\/uploads\/2026\/01\/9782330181611.jpg 489w\" data-sizes=\"auto\" data-orig-sizes=\"(max-width: 640px) 100vw, 489px\" \/><\/span><\/div><div class=\"fusion-text fusion-text-60\" style=\"--awb-content-alignment:center;--awb-font-size:16px;\"><p style=\"text-align: center;\">Mathias Enard <em>D\u00e9serter<\/em><\/p>\n<\/div><div class=\"fusion-text fusion-text-61\" style=\"--awb-content-alignment:center;--awb-font-size:16px;\"><p style=\"text-align: center;\">\n<\/div><\/div><\/div><div class=\"fusion-layout-column fusion_builder_column fusion-builder-column-42 fusion_builder_column_2_5 2_5 fusion-flex-column\" style=\"--awb-bg-size:cover;--awb-width-large:40%;--awb-margin-top-large:0px;--awb-spacing-right-large:4.8%;--awb-margin-bottom-large:20px;--awb-spacing-left-large:4.8%;--awb-width-medium:40%;--awb-order-medium:0;--awb-spacing-right-medium:4.8%;--awb-spacing-left-medium:4.8%;--awb-width-small:100%;--awb-order-small:0;--awb-spacing-right-small:1.92%;--awb-spacing-left-small:1.92%;\"><div class=\"fusion-column-wrapper fusion-column-has-shadow fusion-flex-justify-content-flex-start fusion-content-layout-column\"><div class=\"fusion-image-element\" style=\"text-align:center;--awb-caption-text-size:16px;--awb-max-width:170px;--awb-caption-title-font-family:var(--h2_typography-font-family);--awb-caption-title-font-weight:var(--h2_typography-font-weight);--awb-caption-title-font-style:var(--h2_typography-font-style);--awb-caption-title-size:var(--h2_typography-font-size);--awb-caption-title-transform:none;--awb-caption-title-line-height:var(--h2_typography-line-height);--awb-caption-title-letter-spacing:var(--h2_typography-letter-spacing);\"><span class=\"fusion-imageframe imageframe-none imageframe-32 hover-type-none\"><img decoding=\"async\" width=\"720\" height=\"1368\" alt=\"Guillaume Calafat, Mathieu Grenet M\u00c9DITERRAN\u00c9ES. UNE HISTOIRE DES MOBILIT\u00c9S HUMAINES (1492\u20111750)\" title=\"9782330217556\" src=\"https:\/\/akademskaknjiga.com\/wp-content\/uploads\/2026\/01\/9782330217556.jpg\" data-orig-src=\"https:\/\/akademskaknjiga.com\/wp-content\/uploads\/2026\/01\/9782330217556.jpg\" class=\"lazyload img-responsive wp-image-33472\" srcset=\"data:image\/svg+xml,%3Csvg%20xmlns%3D%27http%3A%2F%2Fwww.w3.org%2F2000%2Fsvg%27%20width%3D%27720%27%20height%3D%271368%27%20viewBox%3D%270%200%20720%201368%27%3E%3Crect%20width%3D%27720%27%20height%3D%271368%27%20fill-opacity%3D%220%22%2F%3E%3C%2Fsvg%3E\" data-srcset=\"https:\/\/akademskaknjiga.com\/wp-content\/uploads\/2026\/01\/9782330217556-200x380.jpg 200w, https:\/\/akademskaknjiga.com\/wp-content\/uploads\/2026\/01\/9782330217556-400x760.jpg 400w, https:\/\/akademskaknjiga.com\/wp-content\/uploads\/2026\/01\/9782330217556-600x1140.jpg 600w, https:\/\/akademskaknjiga.com\/wp-content\/uploads\/2026\/01\/9782330217556.jpg 720w\" data-sizes=\"auto\" data-orig-sizes=\"(max-width: 640px) 100vw, 600px\" \/><\/span><\/div><div class=\"fusion-text fusion-text-62\" style=\"--awb-content-alignment:center;--awb-font-size:16px;\"><p style=\"text-align: center;\">\u00c9ric Vuillard <em>Les Orphelins<\/em><\/p>\n<\/div><div class=\"fusion-text fusion-text-63\" style=\"--awb-content-alignment:center;--awb-font-size:16px;\"><p style=\"text-align: center;\">\n<\/div><\/div><\/div><\/div><\/div><div class=\"fusion-fullwidth fullwidth-box fusion-builder-row-21 fusion-flex-container has-pattern-background has-mask-background nonhundred-percent-fullwidth non-hundred-percent-height-scrolling\" style=\"--awb-border-radius-top-left:0px;--awb-border-radius-top-right:0px;--awb-border-radius-bottom-right:0px;--awb-border-radius-bottom-left:0px;--awb-flex-wrap:wrap;\" ><div class=\"fusion-builder-row fusion-row fusion-flex-align-items-flex-start fusion-flex-justify-content-center fusion-flex-content-wrap\" style=\"max-width:1248px;margin-left: calc(-4% \/ 2 );margin-right: calc(-4% \/ 2 );\"><div class=\"fusion-layout-column fusion_builder_column fusion-builder-column-43 fusion_builder_column_4_5 4_5 fusion-flex-column\" style=\"--awb-bg-size:cover;--awb-width-large:80%;--awb-margin-top-large:0px;--awb-spacing-right-large:2.4%;--awb-margin-bottom-large:20px;--awb-spacing-left-large:2.4%;--awb-width-medium:80%;--awb-order-medium:0;--awb-spacing-right-medium:2.4%;--awb-spacing-left-medium:2.4%;--awb-width-small:100%;--awb-order-small:0;--awb-spacing-right-small:1.92%;--awb-spacing-left-small:1.92%;\"><div class=\"fusion-column-wrapper fusion-column-has-shadow fusion-flex-justify-content-flex-start fusion-content-layout-column\"><div class=\"fusion-text fusion-text-64\" style=\"--awb-content-alignment:center;--awb-font-size:16px;\"><\/div><div class=\"fusion-text fusion-text-65\" style=\"--awb-content-alignment:center;--awb-font-size:18px;--awb-text-font-family:&quot;Nunito&quot;;--awb-text-font-style:normal;--awb-text-font-weight:700;\"><p>BIBLIOTEKA HISPANOAMERI\u010cKI ROMAN XXI VEK<\/p>\n<\/div><\/div><\/div><\/div><\/div><div class=\"fusion-fullwidth fullwidth-box fusion-builder-row-22 fusion-flex-container has-pattern-background has-mask-background nonhundred-percent-fullwidth non-hundred-percent-height-scrolling\" style=\"--awb-border-radius-top-left:0px;--awb-border-radius-top-right:0px;--awb-border-radius-bottom-right:0px;--awb-border-radius-bottom-left:0px;--awb-flex-wrap:wrap;\" ><div class=\"fusion-builder-row fusion-row fusion-flex-align-items-flex-start fusion-flex-justify-content-center fusion-flex-content-wrap\" style=\"max-width:1248px;margin-left: calc(-4% \/ 2 );margin-right: calc(-4% \/ 2 );\"><div class=\"fusion-layout-column fusion_builder_column fusion-builder-column-44 fusion_builder_column_4_5 4_5 fusion-flex-column\" style=\"--awb-bg-size:cover;--awb-width-large:80%;--awb-margin-top-large:0px;--awb-spacing-right-large:2.4%;--awb-margin-bottom-large:20px;--awb-spacing-left-large:2.4%;--awb-width-medium:80%;--awb-order-medium:0;--awb-spacing-right-medium:2.4%;--awb-spacing-left-medium:2.4%;--awb-width-small:100%;--awb-order-small:0;--awb-spacing-right-small:1.92%;--awb-spacing-left-small:1.92%;\"><div class=\"fusion-column-wrapper fusion-column-has-shadow fusion-flex-justify-content-flex-start fusion-content-layout-column\"><div class=\"fusion-separator fusion-full-width-sep\" style=\"align-self: center;margin-left: auto;margin-right: auto;width:100%;\"><div class=\"fusion-separator-border sep-single sep-solid\" style=\"--awb-height:20px;--awb-amount:20px;--awb-sep-color:#000000;border-color:#000000;border-top-width:1px;\"><\/div><\/div><\/div><\/div><div class=\"fusion-layout-column fusion_builder_column fusion-builder-column-45 fusion_builder_column_2_5 2_5 fusion-flex-column\" style=\"--awb-bg-size:cover;--awb-width-large:40%;--awb-margin-top-large:0px;--awb-spacing-right-large:4.8%;--awb-margin-bottom-large:20px;--awb-spacing-left-large:4.8%;--awb-width-medium:40%;--awb-order-medium:0;--awb-spacing-right-medium:4.8%;--awb-spacing-left-medium:4.8%;--awb-width-small:100%;--awb-order-small:0;--awb-spacing-right-small:1.92%;--awb-spacing-left-small:1.92%;\"><div class=\"fusion-column-wrapper fusion-column-has-shadow fusion-flex-justify-content-flex-start fusion-content-layout-column\"><div class=\"fusion-image-element\" style=\"text-align:center;--awb-caption-text-size:16px;--awb-max-width:180px;--awb-caption-title-font-family:var(--h2_typography-font-family);--awb-caption-title-font-weight:var(--h2_typography-font-weight);--awb-caption-title-font-style:var(--h2_typography-font-style);--awb-caption-title-size:var(--h2_typography-font-size);--awb-caption-title-transform:none;--awb-caption-title-line-height:var(--h2_typography-line-height);--awb-caption-title-letter-spacing:var(--h2_typography-letter-spacing);\"><span class=\"fusion-imageframe imageframe-none imageframe-33 hover-type-none\"><img decoding=\"async\" width=\"1130\" height=\"1920\" alt=\"Isak Njutn: OPTIKA\" title=\"91m1nXykH7L\" src=\"https:\/\/akademskaknjiga.com\/wp-content\/uploads\/2025\/03\/91m1nXykH7L-scaled.jpg\" data-orig-src=\"https:\/\/akademskaknjiga.com\/wp-content\/uploads\/2025\/03\/91m1nXykH7L-scaled.jpg\" class=\"lazyload img-responsive wp-image-31273\" srcset=\"data:image\/svg+xml,%3Csvg%20xmlns%3D%27http%3A%2F%2Fwww.w3.org%2F2000%2Fsvg%27%20width%3D%271130%27%20height%3D%271920%27%20viewBox%3D%270%200%201130%201920%27%3E%3Crect%20width%3D%271130%27%20height%3D%271920%27%20fill-opacity%3D%220%22%2F%3E%3C%2Fsvg%3E\" data-srcset=\"https:\/\/akademskaknjiga.com\/wp-content\/uploads\/2025\/03\/91m1nXykH7L-200x340.jpg 200w, https:\/\/akademskaknjiga.com\/wp-content\/uploads\/2025\/03\/91m1nXykH7L-400x679.jpg 400w, https:\/\/akademskaknjiga.com\/wp-content\/uploads\/2025\/03\/91m1nXykH7L-600x1019.jpg 600w, https:\/\/akademskaknjiga.com\/wp-content\/uploads\/2025\/03\/91m1nXykH7L-800x1359.jpg 800w, https:\/\/akademskaknjiga.com\/wp-content\/uploads\/2025\/03\/91m1nXykH7L-scaled.jpg 1130w, https:\/\/akademskaknjiga.com\/wp-content\/uploads\/2025\/03\/91m1nXykH7L-1200x2038.jpg 1200w\" data-sizes=\"auto\" data-orig-sizes=\"(max-width: 640px) 100vw, 600px\" \/><\/span><\/div><div class=\"fusion-text fusion-text-66\" style=\"--awb-content-alignment:center;--awb-font-size:16px;\"><p><span style=\"color: black; font-family: times new roman,serif; font-size: large;\" data-olk-copy-source=\"MessageBody\">William Ospina&nbsp;EL PAIS DE LA CANELA&nbsp;<\/span><\/p>\n<\/div><\/div><\/div><div class=\"fusion-layout-column fusion_builder_column fusion-builder-column-46 fusion_builder_column_2_5 2_5 fusion-flex-column\" style=\"--awb-bg-size:cover;--awb-width-large:40%;--awb-margin-top-large:0px;--awb-spacing-right-large:4.8%;--awb-margin-bottom-large:20px;--awb-spacing-left-large:4.8%;--awb-width-medium:40%;--awb-order-medium:0;--awb-spacing-right-medium:4.8%;--awb-spacing-left-medium:4.8%;--awb-width-small:100%;--awb-order-small:0;--awb-spacing-right-small:1.92%;--awb-spacing-left-small:1.92%;\"><div class=\"fusion-column-wrapper fusion-column-has-shadow fusion-flex-justify-content-flex-start fusion-content-layout-column\"><div class=\"fusion-image-element\" style=\"text-align:center;--awb-caption-text-size:16px;--awb-max-width:200px;--awb-caption-title-font-family:var(--h2_typography-font-family);--awb-caption-title-font-weight:var(--h2_typography-font-weight);--awb-caption-title-font-style:var(--h2_typography-font-style);--awb-caption-title-size:var(--h2_typography-font-size);--awb-caption-title-transform:none;--awb-caption-title-line-height:var(--h2_typography-line-height);--awb-caption-title-letter-spacing:var(--h2_typography-letter-spacing);\"><span class=\"fusion-imageframe imageframe-none imageframe-34 hover-type-none\"><a class=\"fusion-no-lightbox\" href=\"https:\/\/www.amazon.com\/Volver-vista-atr%C3%A1s-Hisp%C3%A1nica-Spanish\/dp\/8420455601\" target=\"_self\" aria-label=\"portada_como-polvo-en-el-viento_leonardo-padura_202007071048\" rel=\"noopener\"><img decoding=\"async\" width=\"1263\" height=\"1920\" alt=\"Juan Gabriel Vasquez: Volver La Vista Atras\" src=\"https:\/\/akademskaknjiga.com\/wp-content\/uploads\/2025\/03\/portada_como-polvo-en-el-viento_leonardo-padura_202007071048-scaled.jpg\" data-orig-src=\"https:\/\/akademskaknjiga.com\/wp-content\/uploads\/2025\/03\/portada_como-polvo-en-el-viento_leonardo-padura_202007071048-scaled.jpg\" class=\"lazyload img-responsive wp-image-31274\" srcset=\"data:image\/svg+xml,%3Csvg%20xmlns%3D%27http%3A%2F%2Fwww.w3.org%2F2000%2Fsvg%27%20width%3D%271263%27%20height%3D%271920%27%20viewBox%3D%270%200%201263%201920%27%3E%3Crect%20width%3D%271263%27%20height%3D%271920%27%20fill-opacity%3D%220%22%2F%3E%3C%2Fsvg%3E\" data-srcset=\"https:\/\/akademskaknjiga.com\/wp-content\/uploads\/2025\/03\/portada_como-polvo-en-el-viento_leonardo-padura_202007071048-200x304.jpg 200w, https:\/\/akademskaknjiga.com\/wp-content\/uploads\/2025\/03\/portada_como-polvo-en-el-viento_leonardo-padura_202007071048-400x608.jpg 400w, https:\/\/akademskaknjiga.com\/wp-content\/uploads\/2025\/03\/portada_como-polvo-en-el-viento_leonardo-padura_202007071048-600x912.jpg 600w, https:\/\/akademskaknjiga.com\/wp-content\/uploads\/2025\/03\/portada_como-polvo-en-el-viento_leonardo-padura_202007071048-800x1216.jpg 800w, https:\/\/akademskaknjiga.com\/wp-content\/uploads\/2025\/03\/portada_como-polvo-en-el-viento_leonardo-padura_202007071048-1200x1824.jpg 1200w, https:\/\/akademskaknjiga.com\/wp-content\/uploads\/2025\/03\/portada_como-polvo-en-el-viento_leonardo-padura_202007071048-scaled.jpg 1263w\" data-sizes=\"auto\" data-orig-sizes=\"(max-width: 640px) 100vw, 600px\" \/><\/a><\/span><\/div><div class=\"fusion-text fusion-text-67\" style=\"--awb-content-alignment:center;--awb-font-size:16px;\"><p><span style=\"color: black; font-family: times new roman,serif; font-size: large;\" data-olk-copy-source=\"MessageBody\">Leonardo Padura COMO POLVO EN EL VIENTO&nbsp;<\/span><\/p>\n<\/div><\/div><\/div><\/div><\/div><div class=\"fusion-fullwidth fullwidth-box fusion-builder-row-23 fusion-flex-container has-pattern-background has-mask-background nonhundred-percent-fullwidth non-hundred-percent-height-scrolling\" style=\"--awb-border-radius-top-left:0px;--awb-border-radius-top-right:0px;--awb-border-radius-bottom-right:0px;--awb-border-radius-bottom-left:0px;--awb-flex-wrap:wrap;\" ><div class=\"fusion-builder-row fusion-row fusion-flex-align-items-flex-start fusion-flex-justify-content-center fusion-flex-content-wrap\" style=\"max-width:1248px;margin-left: calc(-4% \/ 2 );margin-right: calc(-4% \/ 2 );\"><div class=\"fusion-layout-column fusion_builder_column fusion-builder-column-47 fusion_builder_column_2_5 2_5 fusion-flex-column\" style=\"--awb-bg-size:cover;--awb-width-large:40%;--awb-margin-top-large:0px;--awb-spacing-right-large:4.8%;--awb-margin-bottom-large:20px;--awb-spacing-left-large:4.8%;--awb-width-medium:40%;--awb-order-medium:0;--awb-spacing-right-medium:4.8%;--awb-spacing-left-medium:4.8%;--awb-width-small:100%;--awb-order-small:0;--awb-spacing-right-small:1.92%;--awb-spacing-left-small:1.92%;\"><div class=\"fusion-column-wrapper fusion-column-has-shadow fusion-flex-justify-content-flex-start fusion-content-layout-column\"><div class=\"fusion-image-element\" style=\"text-align:center;--awb-caption-text-size:16px;--awb-max-width:180px;--awb-caption-title-font-family:var(--h2_typography-font-family);--awb-caption-title-font-weight:var(--h2_typography-font-weight);--awb-caption-title-font-style:var(--h2_typography-font-style);--awb-caption-title-size:var(--h2_typography-font-size);--awb-caption-title-transform:none;--awb-caption-title-line-height:var(--h2_typography-line-height);--awb-caption-title-letter-spacing:var(--h2_typography-letter-spacing);\"><span class=\"fusion-imageframe imageframe-none imageframe-35 hover-type-none\"><img decoding=\"async\" width=\"624\" height=\"1000\" alt=\"Isak Njutn: OPTIKA\" title=\"51VgpgGvxtL._AC_UF1000,1000_QL80_\" src=\"https:\/\/akademskaknjiga.com\/wp-content\/uploads\/2025\/04\/51VgpgGvxtL._AC_UF10001000_QL80_.jpg\" data-orig-src=\"https:\/\/akademskaknjiga.com\/wp-content\/uploads\/2025\/04\/51VgpgGvxtL._AC_UF10001000_QL80_.jpg\" class=\"lazyload img-responsive wp-image-31440\" srcset=\"data:image\/svg+xml,%3Csvg%20xmlns%3D%27http%3A%2F%2Fwww.w3.org%2F2000%2Fsvg%27%20width%3D%27624%27%20height%3D%271000%27%20viewBox%3D%270%200%20624%201000%27%3E%3Crect%20width%3D%27624%27%20height%3D%271000%27%20fill-opacity%3D%220%22%2F%3E%3C%2Fsvg%3E\" data-srcset=\"https:\/\/akademskaknjiga.com\/wp-content\/uploads\/2025\/04\/51VgpgGvxtL._AC_UF10001000_QL80_-200x321.jpg 200w, https:\/\/akademskaknjiga.com\/wp-content\/uploads\/2025\/04\/51VgpgGvxtL._AC_UF10001000_QL80_-400x641.jpg 400w, https:\/\/akademskaknjiga.com\/wp-content\/uploads\/2025\/04\/51VgpgGvxtL._AC_UF10001000_QL80_-600x962.jpg 600w, https:\/\/akademskaknjiga.com\/wp-content\/uploads\/2025\/04\/51VgpgGvxtL._AC_UF10001000_QL80_.jpg 624w\" data-sizes=\"auto\" data-orig-sizes=\"(max-width: 640px) 100vw, 600px\" \/><\/span><\/div><div class=\"fusion-text fusion-text-68\" style=\"--awb-content-alignment:center;--awb-font-size:16px;\"><p><span style=\"font-family: times new roman,serif; font-size: large;\" data-olk-copy-source=\"MessageBody\">Hugo Burel,&nbsp;<i>El corredor nocturno<\/i>&nbsp;<\/span><\/p>\n<\/div><\/div><\/div><div class=\"fusion-layout-column fusion_builder_column fusion-builder-column-48 fusion_builder_column_2_5 2_5 fusion-flex-column\" style=\"--awb-bg-size:cover;--awb-width-large:40%;--awb-margin-top-large:0px;--awb-spacing-right-large:4.8%;--awb-margin-bottom-large:20px;--awb-spacing-left-large:4.8%;--awb-width-medium:40%;--awb-order-medium:0;--awb-spacing-right-medium:4.8%;--awb-spacing-left-medium:4.8%;--awb-width-small:100%;--awb-order-small:0;--awb-spacing-right-small:1.92%;--awb-spacing-left-small:1.92%;\"><div class=\"fusion-column-wrapper fusion-column-has-shadow fusion-flex-justify-content-flex-start fusion-content-layout-column\"><div class=\"fusion-image-element\" style=\"text-align:center;--awb-caption-text-size:16px;--awb-max-width:200px;--awb-caption-title-font-family:var(--h2_typography-font-family);--awb-caption-title-font-weight:var(--h2_typography-font-weight);--awb-caption-title-font-style:var(--h2_typography-font-style);--awb-caption-title-size:var(--h2_typography-font-size);--awb-caption-title-transform:none;--awb-caption-title-line-height:var(--h2_typography-line-height);--awb-caption-title-letter-spacing:var(--h2_typography-letter-spacing);\"><span class=\"fusion-imageframe imageframe-none imageframe-36 hover-type-none\"><a class=\"fusion-no-lightbox\" href=\"https:\/\/www.amazon.com\/Volver-vista-atr%C3%A1s-Hisp%C3%A1nica-Spanish\/dp\/8420455601\" target=\"_self\" aria-label=\"71lgj2LcVnL\" rel=\"noopener\"><img decoding=\"async\" width=\"1216\" height=\"1920\" alt=\"Juan Gabriel Vasquez: Volver La Vista Atras\" src=\"https:\/\/akademskaknjiga.com\/wp-content\/uploads\/2025\/04\/71lgj2LcVnL-scaled.jpg\" data-orig-src=\"https:\/\/akademskaknjiga.com\/wp-content\/uploads\/2025\/04\/71lgj2LcVnL-scaled.jpg\" class=\"lazyload img-responsive wp-image-31441\" srcset=\"data:image\/svg+xml,%3Csvg%20xmlns%3D%27http%3A%2F%2Fwww.w3.org%2F2000%2Fsvg%27%20width%3D%271216%27%20height%3D%271920%27%20viewBox%3D%270%200%201216%201920%27%3E%3Crect%20width%3D%271216%27%20height%3D%271920%27%20fill-opacity%3D%220%22%2F%3E%3C%2Fsvg%3E\" data-srcset=\"https:\/\/akademskaknjiga.com\/wp-content\/uploads\/2025\/04\/71lgj2LcVnL-200x316.jpg 200w, https:\/\/akademskaknjiga.com\/wp-content\/uploads\/2025\/04\/71lgj2LcVnL-400x632.jpg 400w, https:\/\/akademskaknjiga.com\/wp-content\/uploads\/2025\/04\/71lgj2LcVnL-600x948.jpg 600w, https:\/\/akademskaknjiga.com\/wp-content\/uploads\/2025\/04\/71lgj2LcVnL-800x1263.jpg 800w, https:\/\/akademskaknjiga.com\/wp-content\/uploads\/2025\/04\/71lgj2LcVnL-1200x1895.jpg 1200w, https:\/\/akademskaknjiga.com\/wp-content\/uploads\/2025\/04\/71lgj2LcVnL-scaled.jpg 1216w\" data-sizes=\"auto\" data-orig-sizes=\"(max-width: 640px) 100vw, 600px\" \/><\/a><\/span><\/div><div class=\"fusion-text fusion-text-69\" style=\"--awb-content-alignment:center;--awb-font-size:16px;\"><p><span style=\"font-family: times new roman,serif; font-size: large;\" data-olk-copy-source=\"MessageBody\">Carla Guelfenbein&nbsp;<i>La naturaleza del deseo<\/i><\/span><\/p>\n<\/div><\/div><\/div><\/div><\/div><div class=\"fusion-fullwidth fullwidth-box fusion-builder-row-24 fusion-flex-container has-pattern-background has-mask-background nonhundred-percent-fullwidth non-hundred-percent-height-scrolling\" style=\"--awb-border-radius-top-left:0px;--awb-border-radius-top-right:0px;--awb-border-radius-bottom-right:0px;--awb-border-radius-bottom-left:0px;--awb-flex-wrap:wrap;\" ><div class=\"fusion-builder-row fusion-row fusion-flex-align-items-flex-start fusion-flex-justify-content-center fusion-flex-content-wrap\" style=\"max-width:1248px;margin-left: calc(-4% \/ 2 );margin-right: calc(-4% \/ 2 );\"><div class=\"fusion-layout-column fusion_builder_column fusion-builder-column-49 fusion_builder_column_2_5 2_5 fusion-flex-column\" style=\"--awb-bg-size:cover;--awb-width-large:40%;--awb-margin-top-large:0px;--awb-spacing-right-large:4.8%;--awb-margin-bottom-large:20px;--awb-spacing-left-large:4.8%;--awb-width-medium:40%;--awb-order-medium:0;--awb-spacing-right-medium:4.8%;--awb-spacing-left-medium:4.8%;--awb-width-small:100%;--awb-order-small:0;--awb-spacing-right-small:1.92%;--awb-spacing-left-small:1.92%;\"><div class=\"fusion-column-wrapper fusion-column-has-shadow fusion-flex-justify-content-flex-start fusion-content-layout-column\"><div class=\"fusion-text fusion-text-70\" style=\"--awb-content-alignment:center;--awb-font-size:16px;\"><p style=\"text-align: center;\">\n<\/div><\/div><\/div><div class=\"fusion-layout-column fusion_builder_column fusion-builder-column-50 fusion_builder_column_2_5 2_5 fusion-flex-column\" style=\"--awb-bg-size:cover;--awb-width-large:40%;--awb-margin-top-large:0px;--awb-spacing-right-large:4.8%;--awb-margin-bottom-large:20px;--awb-spacing-left-large:4.8%;--awb-width-medium:40%;--awb-order-medium:0;--awb-spacing-right-medium:4.8%;--awb-spacing-left-medium:4.8%;--awb-width-small:100%;--awb-order-small:0;--awb-spacing-right-small:1.92%;--awb-spacing-left-small:1.92%;\"><div class=\"fusion-column-wrapper fusion-column-has-shadow fusion-flex-justify-content-flex-start fusion-content-layout-column\"><div class=\"fusion-image-element\" style=\"text-align:center;--awb-caption-text-size:16px;--awb-max-width:200px;--awb-caption-title-font-family:var(--h2_typography-font-family);--awb-caption-title-font-weight:var(--h2_typography-font-weight);--awb-caption-title-font-style:var(--h2_typography-font-style);--awb-caption-title-size:var(--h2_typography-font-size);--awb-caption-title-transform:none;--awb-caption-title-line-height:var(--h2_typography-line-height);--awb-caption-title-letter-spacing:var(--h2_typography-letter-spacing);\"><span class=\"fusion-imageframe imageframe-none imageframe-37 hover-type-none\"><img decoding=\"async\" width=\"878\" height=\"1312\" alt=\"Guillaume Calafat, Mathieu Grenet M\u00c9DITERRAN\u00c9ES. UNE HISTOIRE DES MOBILIT\u00c9S HUMAINES (1492\u20111750)\" title=\"71e3uO3mz6L\" src=\"https:\/\/akademskaknjiga.com\/wp-content\/uploads\/2025\/03\/71e3uO3mz6L.jpg\" data-orig-src=\"https:\/\/akademskaknjiga.com\/wp-content\/uploads\/2025\/03\/71e3uO3mz6L.jpg\" class=\"lazyload img-responsive wp-image-31276\" srcset=\"data:image\/svg+xml,%3Csvg%20xmlns%3D%27http%3A%2F%2Fwww.w3.org%2F2000%2Fsvg%27%20width%3D%27878%27%20height%3D%271312%27%20viewBox%3D%270%200%20878%201312%27%3E%3Crect%20width%3D%27878%27%20height%3D%271312%27%20fill-opacity%3D%220%22%2F%3E%3C%2Fsvg%3E\" data-srcset=\"https:\/\/akademskaknjiga.com\/wp-content\/uploads\/2025\/03\/71e3uO3mz6L-200x299.jpg 200w, https:\/\/akademskaknjiga.com\/wp-content\/uploads\/2025\/03\/71e3uO3mz6L-400x598.jpg 400w, https:\/\/akademskaknjiga.com\/wp-content\/uploads\/2025\/03\/71e3uO3mz6L-600x897.jpg 600w, https:\/\/akademskaknjiga.com\/wp-content\/uploads\/2025\/03\/71e3uO3mz6L-800x1195.jpg 800w, https:\/\/akademskaknjiga.com\/wp-content\/uploads\/2025\/03\/71e3uO3mz6L.jpg 878w\" data-sizes=\"auto\" data-orig-sizes=\"(max-width: 640px) 100vw, 600px\" \/><\/span><\/div><div class=\"fusion-text fusion-text-71\" style=\"--awb-content-alignment:center;--awb-font-size:16px;\"><p><span style=\"color: black; font-family: times new roman,serif; font-size: large;\" data-olk-copy-source=\"MessageBody\">M\u00f3nica Ojeda Franco&nbsp;<i>Mand\u00edbula<\/i><\/span><\/p>\n<\/div><div class=\"fusion-text fusion-text-72\" style=\"--awb-content-alignment:center;--awb-font-size:16px;\"><p style=\"text-align: center;\">\n<\/div><\/div><\/div><\/div><\/div><div class=\"fusion-fullwidth fullwidth-box fusion-builder-row-25 fusion-flex-container has-pattern-background has-mask-background nonhundred-percent-fullwidth non-hundred-percent-height-scrolling\" style=\"--awb-border-radius-top-left:0px;--awb-border-radius-top-right:0px;--awb-border-radius-bottom-right:0px;--awb-border-radius-bottom-left:0px;--awb-flex-wrap:wrap;\" ><div class=\"fusion-builder-row fusion-row fusion-flex-align-items-flex-start fusion-flex-justify-content-center fusion-flex-content-wrap\" style=\"max-width:1248px;margin-left: calc(-4% \/ 2 );margin-right: calc(-4% \/ 2 );\"><div class=\"fusion-layout-column fusion_builder_column fusion-builder-column-51 fusion_builder_column_4_5 4_5 fusion-flex-column\" style=\"--awb-bg-size:cover;--awb-width-large:80%;--awb-margin-top-large:0px;--awb-spacing-right-large:2.4%;--awb-margin-bottom-large:20px;--awb-spacing-left-large:2.4%;--awb-width-medium:80%;--awb-order-medium:0;--awb-spacing-right-medium:2.4%;--awb-spacing-left-medium:2.4%;--awb-width-small:100%;--awb-order-small:0;--awb-spacing-right-small:1.92%;--awb-spacing-left-small:1.92%;\"><div class=\"fusion-column-wrapper fusion-column-has-shadow fusion-flex-justify-content-flex-start fusion-content-layout-column\"><div class=\"fusion-separator fusion-full-width-sep\" style=\"align-self: center;margin-left: auto;margin-right: auto;width:100%;\"><div class=\"fusion-separator-border sep-single sep-solid\" style=\"--awb-height:20px;--awb-amount:20px;--awb-sep-color:#000000;border-color:#000000;border-top-width:1px;\"><\/div><\/div><\/div><\/div><div class=\"fusion-layout-column fusion_builder_column fusion-builder-column-52 fusion_builder_column_4_5 4_5 fusion-flex-column\" style=\"--awb-bg-size:cover;--awb-width-large:80%;--awb-margin-top-large:0px;--awb-spacing-right-large:2.4%;--awb-margin-bottom-large:20px;--awb-spacing-left-large:2.4%;--awb-width-medium:80%;--awb-order-medium:0;--awb-spacing-right-medium:2.4%;--awb-spacing-left-medium:2.4%;--awb-width-small:100%;--awb-order-small:0;--awb-spacing-right-small:1.92%;--awb-spacing-left-small:1.92%;\"><div class=\"fusion-column-wrapper fusion-column-has-shadow fusion-flex-justify-content-flex-start fusion-content-layout-column\"><div class=\"fusion-text fusion-text-73\" style=\"--awb-content-alignment:center;--awb-font-size:18px;--awb-text-font-family:&quot;Nunito&quot;;--awb-text-font-style:normal;--awb-text-font-weight:700;\"><p><a href=\"https:\/\/akademskaknjiga.com\/en\/biblioteka\/mozaik\/\">BIBLIOTEKA MOZAIK<\/a><\/p>\n<\/div><\/div><\/div><div class=\"fusion-layout-column fusion_builder_column fusion-builder-column-53 fusion_builder_column_2_5 2_5 fusion-flex-column\" style=\"--awb-bg-size:cover;--awb-width-large:40%;--awb-margin-top-large:0px;--awb-spacing-right-large:4.8%;--awb-margin-bottom-large:20px;--awb-spacing-left-large:4.8%;--awb-width-medium:40%;--awb-order-medium:0;--awb-spacing-right-medium:4.8%;--awb-spacing-left-medium:4.8%;--awb-width-small:100%;--awb-order-small:0;--awb-spacing-right-small:1.92%;--awb-spacing-left-small:1.92%;\"><div class=\"fusion-column-wrapper fusion-column-has-shadow fusion-flex-justify-content-flex-start fusion-content-layout-column\"><div class=\"fusion-image-element\" style=\"text-align:center;--awb-caption-text-size:16px;--awb-caption-title-font-family:var(--h2_typography-font-family);--awb-caption-title-font-weight:var(--h2_typography-font-weight);--awb-caption-title-font-style:var(--h2_typography-font-style);--awb-caption-title-size:var(--h2_typography-font-size);--awb-caption-title-transform:none;--awb-caption-title-line-height:var(--h2_typography-line-height);--awb-caption-title-letter-spacing:var(--h2_typography-letter-spacing);\"><span class=\"fusion-imageframe imageframe-none imageframe-38 hover-type-none\"><a class=\"fusion-no-lightbox\" href=\"https:\/\/www.amazon.com\/Constantine-P-Cavafy-Poems-ebook\/dp\/B006NU4D5Y\" target=\"_self\" aria-label=\"41baUh310HL\" rel=\"noopener\"><img decoding=\"async\" width=\"194\" height=\"300\" alt=\"Konstantin Kavafi: PESME\" src=\"https:\/\/akademskaknjiga.com\/wp-content\/uploads\/2023\/03\/41baUh310HL.jpg\" data-orig-src=\"https:\/\/akademskaknjiga.com\/wp-content\/uploads\/2023\/03\/41baUh310HL-194x300.jpg\" class=\"lazyload img-responsive wp-image-20933\" srcset=\"data:image\/svg+xml,%3Csvg%20xmlns%3D%27http%3A%2F%2Fwww.w3.org%2F2000%2Fsvg%27%20width%3D%27324%27%20height%3D%27500%27%20viewBox%3D%270%200%20324%20500%27%3E%3Crect%20width%3D%27324%27%20height%3D%27500%27%20fill-opacity%3D%220%22%2F%3E%3C%2Fsvg%3E\" data-srcset=\"https:\/\/akademskaknjiga.com\/wp-content\/uploads\/2023\/03\/41baUh310HL-200x309.jpg 200w, https:\/\/akademskaknjiga.com\/wp-content\/uploads\/2023\/03\/41baUh310HL.jpg 324w\" data-sizes=\"auto\" data-orig-sizes=\"(max-width: 640px) 100vw, 194px\" \/><\/a><\/span><\/div><div class=\"fusion-text fusion-text-74\" style=\"--awb-content-alignment:center;--awb-font-size:16px;\"><p><em>Konstantin Kavafi: PESME<\/em><\/p>\n<\/div><\/div><\/div><div class=\"fusion-layout-column fusion_builder_column fusion-builder-column-54 fusion_builder_column_2_5 2_5 fusion-flex-column\" style=\"--awb-bg-size:cover;--awb-width-large:40%;--awb-margin-top-large:0px;--awb-spacing-right-large:4.8%;--awb-margin-bottom-large:20px;--awb-spacing-left-large:4.8%;--awb-width-medium:40%;--awb-order-medium:0;--awb-spacing-right-medium:4.8%;--awb-spacing-left-medium:4.8%;--awb-width-small:100%;--awb-order-small:0;--awb-spacing-right-small:1.92%;--awb-spacing-left-small:1.92%;\"><div class=\"fusion-column-wrapper fusion-column-has-shadow fusion-flex-justify-content-flex-start fusion-content-layout-column\"><div class=\"fusion-image-element\" style=\"text-align:center;--awb-caption-text-size:16px;--awb-caption-title-font-family:var(--h2_typography-font-family);--awb-caption-title-font-weight:var(--h2_typography-font-weight);--awb-caption-title-font-style:var(--h2_typography-font-style);--awb-caption-title-size:var(--h2_typography-font-size);--awb-caption-title-transform:none;--awb-caption-title-line-height:var(--h2_typography-line-height);--awb-caption-title-letter-spacing:var(--h2_typography-letter-spacing);\"><span class=\"fusion-imageframe imageframe-none imageframe-39 hover-type-none\"><a class=\"fusion-no-lightbox\" href=\"https:\/\/www.amazon.com\/Dream-Middling-Women-Samuel-Beckett-ebook\/dp\/B07Z5GJQTM\" target=\"_self\" aria-label=\"41aZJ0TvuNL-185&#215;300\" rel=\"noopener\"><img decoding=\"async\" width=\"185\" height=\"300\" alt=\"Samuel Beckett: DREAM OF FAIR TO MIDDLING WOMEN\" src=\"data:image\/svg+xml,%3Csvg%20xmlns%3D%27http%3A%2F%2Fwww.w3.org%2F2000%2Fsvg%27%20width%3D%27185%27%20height%3D%27300%27%20viewBox%3D%270%200%20185%20300%27%3E%3Crect%20width%3D%27185%27%20height%3D%27300%27%20fill-opacity%3D%220%22%2F%3E%3C%2Fsvg%3E\" data-orig-src=\"https:\/\/akademskaknjiga.com\/wp-content\/uploads\/2023\/03\/41aZJ0TvuNL-185x300-1.jpg\" class=\"lazyload img-responsive wp-image-20932\"\/><\/a><\/span><\/div><div class=\"fusion-text fusion-text-75\" style=\"--awb-content-alignment:center;--awb-font-size:16px;\"><p><em>Samuel Beckett: DREAM OF FAIR TO MIDDLING WOMEN<\/em><\/p>\n<\/div><\/div><\/div><div class=\"fusion-layout-column fusion_builder_column fusion-builder-column-55 fusion_builder_column_2_5 2_5 fusion-flex-column\" style=\"--awb-bg-size:cover;--awb-width-large:40%;--awb-margin-top-large:0px;--awb-spacing-right-large:4.8%;--awb-margin-bottom-large:20px;--awb-spacing-left-large:4.8%;--awb-width-medium:40%;--awb-order-medium:0;--awb-spacing-right-medium:4.8%;--awb-spacing-left-medium:4.8%;--awb-width-small:100%;--awb-order-small:0;--awb-spacing-right-small:1.92%;--awb-spacing-left-small:1.92%;\"><div class=\"fusion-column-wrapper fusion-column-has-shadow fusion-flex-justify-content-flex-start fusion-content-layout-column\"><div class=\"fusion-image-element\" style=\"text-align:center;--awb-caption-text-size:16px;--awb-caption-title-font-family:var(--h2_typography-font-family);--awb-caption-title-font-weight:var(--h2_typography-font-weight);--awb-caption-title-font-style:var(--h2_typography-font-style);--awb-caption-title-size:var(--h2_typography-font-size);--awb-caption-title-transform:none;--awb-caption-title-line-height:var(--h2_typography-line-height);--awb-caption-title-letter-spacing:var(--h2_typography-letter-spacing);\"><span class=\"fusion-imageframe imageframe-none imageframe-40 hover-type-none\"><a class=\"fusion-no-lightbox\" href=\"https:\/\/www.amazon.com\/Kolyma-Tales-Classic-20th-Century-Penguin\/dp\/0140186956\" target=\"_self\" aria-label=\"51BFN3V6nyL._SX325_BO1204203200_\" rel=\"noopener\"><img decoding=\"async\" width=\"197\" height=\"300\" alt=\"Varlam Shalamov \u2013 KOLYMA STORIES\" src=\"https:\/\/akademskaknjiga.com\/wp-content\/uploads\/2023\/03\/51BFN3V6nyL._SX325_BO1204203200_.jpg\" data-orig-src=\"https:\/\/akademskaknjiga.com\/wp-content\/uploads\/2023\/03\/51BFN3V6nyL._SX325_BO1204203200_-197x300.jpg\" class=\"lazyload img-responsive wp-image-20925\" srcset=\"data:image\/svg+xml,%3Csvg%20xmlns%3D%27http%3A%2F%2Fwww.w3.org%2F2000%2Fsvg%27%20width%3D%27327%27%20height%3D%27499%27%20viewBox%3D%270%200%20327%20499%27%3E%3Crect%20width%3D%27327%27%20height%3D%27499%27%20fill-opacity%3D%220%22%2F%3E%3C%2Fsvg%3E\" data-srcset=\"https:\/\/akademskaknjiga.com\/wp-content\/uploads\/2023\/03\/51BFN3V6nyL._SX325_BO1204203200_-200x305.jpg 200w, https:\/\/akademskaknjiga.com\/wp-content\/uploads\/2023\/03\/51BFN3V6nyL._SX325_BO1204203200_.jpg 327w\" data-sizes=\"auto\" data-orig-sizes=\"(max-width: 640px) 100vw, 197px\" \/><\/a><\/span><\/div><div class=\"fusion-text fusion-text-76\"><p style=\"text-align: center;\"><em>Varlam Shalamov \u2013 KOLYMA STORIES<\/em><\/p>\n<\/div><\/div><\/div><div class=\"fusion-layout-column fusion_builder_column fusion-builder-column-56 fusion_builder_column_2_5 2_5 fusion-flex-column\" style=\"--awb-bg-size:cover;--awb-width-large:40%;--awb-margin-top-large:0px;--awb-spacing-right-large:4.8%;--awb-margin-bottom-large:20px;--awb-spacing-left-large:4.8%;--awb-width-medium:40%;--awb-order-medium:0;--awb-spacing-right-medium:4.8%;--awb-spacing-left-medium:4.8%;--awb-width-small:100%;--awb-order-small:0;--awb-spacing-right-small:1.92%;--awb-spacing-left-small:1.92%;\"><div class=\"fusion-column-wrapper fusion-column-has-shadow fusion-flex-justify-content-flex-start fusion-content-layout-column\"><div class=\"fusion-image-element\" style=\"text-align:center;--awb-caption-text-size:16px;--awb-max-width:200px;--awb-caption-title-font-family:var(--h2_typography-font-family);--awb-caption-title-font-weight:var(--h2_typography-font-weight);--awb-caption-title-font-style:var(--h2_typography-font-style);--awb-caption-title-size:var(--h2_typography-font-size);--awb-caption-title-transform:none;--awb-caption-title-line-height:var(--h2_typography-line-height);--awb-caption-title-letter-spacing:var(--h2_typography-letter-spacing);\"><span class=\"fusion-imageframe imageframe-none imageframe-41 hover-type-none\"><img decoding=\"async\" width=\"328\" height=\"500\" alt=\"Varlam Shalamov \u2013 KOLYMA STORIES\" title=\"9781911717669-jacket-large\" src=\"https:\/\/akademskaknjiga.com\/wp-content\/uploads\/2026\/01\/9781911717669-jacket-large.webp\" data-orig-src=\"https:\/\/akademskaknjiga.com\/wp-content\/uploads\/2026\/01\/9781911717669-jacket-large.webp\" class=\"lazyload img-responsive wp-image-33466\" srcset=\"data:image\/svg+xml,%3Csvg%20xmlns%3D%27http%3A%2F%2Fwww.w3.org%2F2000%2Fsvg%27%20width%3D%27328%27%20height%3D%27500%27%20viewBox%3D%270%200%20328%20500%27%3E%3Crect%20width%3D%27328%27%20height%3D%27500%27%20fill-opacity%3D%220%22%2F%3E%3C%2Fsvg%3E\" data-srcset=\"https:\/\/akademskaknjiga.com\/wp-content\/uploads\/2026\/01\/9781911717669-jacket-large-200x305.webp 200w, https:\/\/akademskaknjiga.com\/wp-content\/uploads\/2026\/01\/9781911717669-jacket-large.webp 328w\" data-sizes=\"auto\" data-orig-sizes=\"(max-width: 640px) 100vw, 328px\" \/><\/span><\/div><div class=\"fusion-text fusion-text-77\"><\/div><div class=\"fusion-text fusion-text-78\"><p style=\"text-align: center;\">Emmanuel Carr\u00e8re <em>Kolkhoze<\/em><\/p>\n<\/div><\/div><\/div><div class=\"fusion-layout-column fusion_builder_column fusion-builder-column-57 fusion_builder_column_2_5 2_5 fusion-flex-column\" style=\"--awb-bg-size:cover;--awb-width-large:40%;--awb-margin-top-large:0px;--awb-spacing-right-large:4.8%;--awb-margin-bottom-large:20px;--awb-spacing-left-large:4.8%;--awb-width-medium:40%;--awb-order-medium:0;--awb-spacing-right-medium:4.8%;--awb-spacing-left-medium:4.8%;--awb-width-small:100%;--awb-order-small:0;--awb-spacing-right-small:1.92%;--awb-spacing-left-small:1.92%;\"><div class=\"fusion-column-wrapper fusion-column-has-shadow fusion-flex-justify-content-flex-start fusion-content-layout-column\"><div class=\"fusion-text fusion-text-79\"><\/div><\/div><\/div><div class=\"fusion-layout-column fusion_builder_column fusion-builder-column-58 fusion_builder_column_2_5 2_5 fusion-flex-column\" style=\"--awb-bg-size:cover;--awb-width-large:40%;--awb-margin-top-large:0px;--awb-spacing-right-large:4.8%;--awb-margin-bottom-large:20px;--awb-spacing-left-large:4.8%;--awb-width-medium:40%;--awb-order-medium:0;--awb-spacing-right-medium:4.8%;--awb-spacing-left-medium:4.8%;--awb-width-small:100%;--awb-order-small:0;--awb-spacing-right-small:1.92%;--awb-spacing-left-small:1.92%;\"><div class=\"fusion-column-wrapper fusion-column-has-shadow fusion-flex-justify-content-flex-start fusion-content-layout-column\"><div class=\"fusion-image-element\" style=\"text-align:center;--awb-caption-text-size:16px;--awb-max-width:200px;--awb-caption-title-font-family:var(--h2_typography-font-family);--awb-caption-title-font-weight:var(--h2_typography-font-weight);--awb-caption-title-font-style:var(--h2_typography-font-style);--awb-caption-title-size:var(--h2_typography-font-size);--awb-caption-title-transform:none;--awb-caption-title-line-height:var(--h2_typography-line-height);--awb-caption-title-letter-spacing:var(--h2_typography-letter-spacing);\"><span class=\"fusion-imageframe imageframe-none imageframe-42 hover-type-none\"><img decoding=\"async\" width=\"177\" height=\"285\" alt=\"Varlam Shalamov \u2013 KOLYMA STORIES\" title=\"images (2)\" src=\"data:image\/svg+xml,%3Csvg%20xmlns%3D%27http%3A%2F%2Fwww.w3.org%2F2000%2Fsvg%27%20width%3D%27177%27%20height%3D%27285%27%20viewBox%3D%270%200%20177%20285%27%3E%3Crect%20width%3D%27177%27%20height%3D%27285%27%20fill-opacity%3D%220%22%2F%3E%3C%2Fsvg%3E\" data-orig-src=\"https:\/\/akademskaknjiga.com\/wp-content\/uploads\/2026\/06\/images-2.jpg\" class=\"lazyload img-responsive wp-image-34652\"\/><\/span><\/div><div class=\"fusion-text fusion-text-80\"><\/div><div class=\"fusion-text fusion-text-81\"><p class=\"x_gmail-Default\" style=\"text-align: center;\" data-olk-copy-source=\"MessageBody\">Amos Reichman: LES MORTS DE RAOUL VILLAIN<b><\/b><\/p>\n<\/div><\/div><\/div><div class=\"fusion-layout-column fusion_builder_column fusion-builder-column-59 fusion_builder_column_4_5 4_5 fusion-flex-column\" style=\"--awb-bg-size:cover;--awb-width-large:80%;--awb-margin-top-large:0px;--awb-spacing-right-large:2.4%;--awb-margin-bottom-large:20px;--awb-spacing-left-large:2.4%;--awb-width-medium:80%;--awb-order-medium:0;--awb-spacing-right-medium:2.4%;--awb-spacing-left-medium:2.4%;--awb-width-small:100%;--awb-order-small:0;--awb-spacing-right-small:1.92%;--awb-spacing-left-small:1.92%;\"><div class=\"fusion-column-wrapper fusion-column-has-shadow fusion-flex-justify-content-flex-start fusion-content-layout-column\"><div class=\"fusion-text fusion-text-82\" style=\"--awb-content-alignment:center;--awb-font-size:16px;\"><\/div><div class=\"fusion-text fusion-text-83\" style=\"--awb-content-alignment:center;--awb-font-size:16px;\"><p><span style=\"letter-spacing: 0.24px; background-color: rgba(0, 0, 0, 0);\">\u017daneta \u0110uki\u0107 Peri\u0161i\u0107 i Vladimir Petrovi\u0107: <\/span><em style=\"letter-spacing: 0.24px; background-color: rgba(0, 0, 0, 0);\">ANDRI\u0106EVE ADRESE<\/em><\/p>\n<p style=\"text-align: center;\">Aleksandar Isajevi\u010d Sol\u017eenjicin <em>PRI\u010cE 2<\/em><\/p>\n<\/div><\/div><\/div><\/div><\/div><div class=\"fusion-fullwidth fullwidth-box fusion-builder-row-26 fusion-flex-container has-pattern-background has-mask-background nonhundred-percent-fullwidth non-hundred-percent-height-scrolling\" style=\"--awb-border-radius-top-left:0px;--awb-border-radius-top-right:0px;--awb-border-radius-bottom-right:0px;--awb-border-radius-bottom-left:0px;--awb-flex-wrap:wrap;\" ><div class=\"fusion-builder-row fusion-row fusion-flex-align-items-flex-start fusion-flex-justify-content-center fusion-flex-content-wrap\" style=\"max-width:1248px;margin-left: calc(-4% \/ 2 );margin-right: calc(-4% \/ 2 );\"><div class=\"fusion-layout-column fusion_builder_column fusion-builder-column-60 fusion_builder_column_4_5 4_5 fusion-flex-column\" style=\"--awb-bg-size:cover;--awb-width-large:80%;--awb-margin-top-large:0px;--awb-spacing-right-large:2.4%;--awb-margin-bottom-large:20px;--awb-spacing-left-large:2.4%;--awb-width-medium:80%;--awb-order-medium:0;--awb-spacing-right-medium:2.4%;--awb-spacing-left-medium:2.4%;--awb-width-small:100%;--awb-order-small:0;--awb-spacing-right-small:1.92%;--awb-spacing-left-small:1.92%;\"><div class=\"fusion-column-wrapper fusion-column-has-shadow fusion-flex-justify-content-flex-start fusion-content-layout-column\"><div class=\"fusion-separator fusion-full-width-sep\" style=\"align-self: center;margin-left: auto;margin-right: auto;width:100%;\"><div class=\"fusion-separator-border sep-single sep-solid\" style=\"--awb-height:20px;--awb-amount:20px;--awb-sep-color:#000000;border-color:#000000;border-top-width:1px;\"><\/div><\/div><\/div><\/div><div class=\"fusion-layout-column fusion_builder_column fusion-builder-column-61 fusion_builder_column_4_5 4_5 fusion-flex-column\" style=\"--awb-bg-size:cover;--awb-width-large:80%;--awb-margin-top-large:0px;--awb-spacing-right-large:2.4%;--awb-margin-bottom-large:20px;--awb-spacing-left-large:2.4%;--awb-width-medium:80%;--awb-order-medium:0;--awb-spacing-right-medium:2.4%;--awb-spacing-left-medium:2.4%;--awb-width-small:100%;--awb-order-small:0;--awb-spacing-right-small:1.92%;--awb-spacing-left-small:1.92%;\"><div class=\"fusion-column-wrapper fusion-column-has-shadow fusion-flex-justify-content-flex-start fusion-content-layout-column\"><div class=\"fusion-text fusion-text-84\" style=\"--awb-content-alignment:center;--awb-font-size:18px;--awb-text-font-family:&quot;Nunito&quot;;--awb-text-font-style:normal;--awb-text-font-weight:700;\"><p><a href=\"https:\/\/akademskaknjiga.com\/en\/biblioteka\/arcus\/\">BIBLIOTEKA ARCUS<\/a><\/p>\n<\/div><\/div><\/div><div class=\"fusion-layout-column fusion_builder_column fusion-builder-column-62 fusion_builder_column_2_5 2_5 fusion-flex-column\" style=\"--awb-bg-size:cover;--awb-width-large:40%;--awb-margin-top-large:0px;--awb-spacing-right-large:4.8%;--awb-margin-bottom-large:20px;--awb-spacing-left-large:4.8%;--awb-width-medium:40%;--awb-order-medium:0;--awb-spacing-right-medium:4.8%;--awb-spacing-left-medium:4.8%;--awb-width-small:100%;--awb-order-small:0;--awb-spacing-right-small:1.92%;--awb-spacing-left-small:1.92%;\"><div class=\"fusion-column-wrapper fusion-column-has-shadow fusion-flex-justify-content-flex-start fusion-content-layout-column\"><div class=\"fusion-image-element\" style=\"text-align:center;--awb-caption-text-size:16px;--awb-caption-title-font-family:var(--h2_typography-font-family);--awb-caption-title-font-weight:var(--h2_typography-font-weight);--awb-caption-title-font-style:var(--h2_typography-font-style);--awb-caption-title-size:var(--h2_typography-font-size);--awb-caption-title-transform:none;--awb-caption-title-line-height:var(--h2_typography-line-height);--awb-caption-title-letter-spacing:var(--h2_typography-letter-spacing);\"><span class=\"fusion-imageframe imageframe-none imageframe-43 hover-type-none\"><a class=\"fusion-no-lightbox\" href=\"https:\/\/www.amazon.com\/School-Barbarians-Education-History-Political\/dp\/0486781003\" target=\"_self\" aria-label=\"51bcJUVf6DL._SX312_BO1204203200_-189&#215;300\" rel=\"noopener\"><img decoding=\"async\" width=\"189\" height=\"300\" alt=\"Erika Mann: SCHOOL FOR BARBARIANS: EDUCATION UNDER THE NAZIS\" src=\"data:image\/svg+xml,%3Csvg%20xmlns%3D%27http%3A%2F%2Fwww.w3.org%2F2000%2Fsvg%27%20width%3D%27189%27%20height%3D%27300%27%20viewBox%3D%270%200%20189%20300%27%3E%3Crect%20width%3D%27189%27%20height%3D%27300%27%20fill-opacity%3D%220%22%2F%3E%3C%2Fsvg%3E\" data-orig-src=\"https:\/\/akademskaknjiga.com\/wp-content\/uploads\/2023\/03\/51bcJUVf6DL._SX312_BO1204203200_-189x300-1.jpg\" class=\"lazyload img-responsive wp-image-20937\"\/><\/a><\/span><\/div><div class=\"fusion-text fusion-text-85\" style=\"--awb-content-alignment:center;--awb-font-size:16px;\"><p><em>Erika Mann: SCHOOL FOR BARBARIANS: EDUCATION UNDER THE NAZIS<\/em><\/p>\n<\/div><\/div><\/div><div class=\"fusion-layout-column fusion_builder_column fusion-builder-column-63 fusion_builder_column_4_5 4_5 fusion-flex-column\" style=\"--awb-bg-size:cover;--awb-width-large:80%;--awb-margin-top-large:0px;--awb-spacing-right-large:2.4%;--awb-margin-bottom-large:20px;--awb-spacing-left-large:2.4%;--awb-width-medium:80%;--awb-order-medium:0;--awb-spacing-right-medium:2.4%;--awb-spacing-left-medium:2.4%;--awb-width-small:100%;--awb-order-small:0;--awb-spacing-right-small:1.92%;--awb-spacing-left-small:1.92%;\"><div class=\"fusion-column-wrapper fusion-column-has-shadow fusion-flex-justify-content-flex-start fusion-content-layout-column\"><div class=\"fusion-text fusion-text-86\" style=\"--awb-content-alignment:center;--awb-font-size:16px;\"><\/div><\/div><\/div><\/div><\/div><div class=\"fusion-fullwidth fullwidth-box fusion-builder-row-27 fusion-flex-container has-pattern-background has-mask-background nonhundred-percent-fullwidth non-hundred-percent-height-scrolling\" style=\"--awb-border-radius-top-left:0px;--awb-border-radius-top-right:0px;--awb-border-radius-bottom-right:0px;--awb-border-radius-bottom-left:0px;--awb-flex-wrap:wrap;\" ><div class=\"fusion-builder-row fusion-row fusion-flex-align-items-flex-start fusion-flex-justify-content-center fusion-flex-content-wrap\" style=\"max-width:1248px;margin-left: calc(-4% \/ 2 );margin-right: calc(-4% \/ 2 );\"><div class=\"fusion-layout-column fusion_builder_column fusion-builder-column-64 fusion_builder_column_4_5 4_5 fusion-flex-column\" style=\"--awb-bg-size:cover;--awb-width-large:80%;--awb-margin-top-large:0px;--awb-spacing-right-large:2.4%;--awb-margin-bottom-large:20px;--awb-spacing-left-large:2.4%;--awb-width-medium:80%;--awb-order-medium:0;--awb-spacing-right-medium:2.4%;--awb-spacing-left-medium:2.4%;--awb-width-small:100%;--awb-order-small:0;--awb-spacing-right-small:1.92%;--awb-spacing-left-small:1.92%;\"><div class=\"fusion-column-wrapper fusion-column-has-shadow fusion-flex-justify-content-flex-start fusion-content-layout-column\"><div class=\"fusion-separator fusion-full-width-sep\" style=\"align-self: center;margin-left: auto;margin-right: auto;width:100%;\"><div class=\"fusion-separator-border sep-single sep-solid\" style=\"--awb-height:20px;--awb-amount:20px;--awb-sep-color:#000000;border-color:#000000;border-top-width:1px;\"><\/div><\/div><\/div><\/div><div class=\"fusion-layout-column fusion_builder_column fusion-builder-column-65 fusion_builder_column_4_5 4_5 fusion-flex-column\" style=\"--awb-bg-size:cover;--awb-width-large:80%;--awb-margin-top-large:0px;--awb-spacing-right-large:2.4%;--awb-margin-bottom-large:20px;--awb-spacing-left-large:2.4%;--awb-width-medium:80%;--awb-order-medium:0;--awb-spacing-right-medium:2.4%;--awb-spacing-left-medium:2.4%;--awb-width-small:100%;--awb-order-small:0;--awb-spacing-right-small:1.92%;--awb-spacing-left-small:1.92%;\"><div class=\"fusion-column-wrapper fusion-column-has-shadow fusion-flex-justify-content-flex-start fusion-content-layout-column\"><div class=\"fusion-text fusion-text-87\" style=\"--awb-content-alignment:center;--awb-font-size:18px;--awb-text-font-family:&quot;Nunito&quot;;--awb-text-font-style:normal;--awb-text-font-weight:700;\"><\/div><div class=\"fusion-text fusion-text-88\"><\/div><div class=\"fusion-text fusion-text-89\" style=\"--awb-content-alignment:center;--awb-font-size:18px;--awb-text-font-family:&quot;Nunito&quot;;--awb-text-font-style:normal;--awb-text-font-weight:700;\"><p><a href=\"https:\/\/akademskaknjiga.com\/en\/biblioteka\/horizonti\/\">BIBLIOTEKA HORIZONTI<\/a><\/p>\n<\/div><\/div><\/div><div class=\"fusion-layout-column fusion_builder_column fusion-builder-column-66 fusion_builder_column_4_5 4_5 fusion-flex-column\" style=\"--awb-bg-size:cover;--awb-width-large:80%;--awb-margin-top-large:0px;--awb-spacing-right-large:2.4%;--awb-margin-bottom-large:20px;--awb-spacing-left-large:2.4%;--awb-width-medium:80%;--awb-order-medium:0;--awb-spacing-right-medium:2.4%;--awb-spacing-left-medium:2.4%;--awb-width-small:100%;--awb-order-small:0;--awb-spacing-right-small:1.92%;--awb-spacing-left-small:1.92%;\"><div class=\"fusion-column-wrapper fusion-column-has-shadow fusion-flex-justify-content-flex-start fusion-content-layout-column\"><div class=\"fusion-text fusion-text-90\" style=\"--awb-content-alignment:center;--awb-font-size:16px;\"><\/div><div class=\"fusion-text fusion-text-91\" style=\"--awb-content-alignment:center;--awb-font-size:16px;\"><p>Varja<em> Bal\u017ealorsky Anti\u0107: LIRSKI SUBJEKT. REKONCEPTUALIZACIJA<\/em><\/p>\n<p>Adriana Babeti <em>AMAZOANELE<\/em><\/p>\n<p>Aleksandar Prstojevi\u0107 <em>Une histoire de l&#8217;antir\u00e9f\u00e9rence dans la litt\u00e9rature et les sciences humaines 1945-2000<\/em><\/p>\n<\/div><div class=\"fusion-text fusion-text-92\" style=\"--awb-content-alignment:center;--awb-font-size:16px;\"><\/div><\/div><\/div><\/div><\/div><div class=\"fusion-fullwidth fullwidth-box fusion-builder-row-28 fusion-flex-container has-pattern-background has-mask-background nonhundred-percent-fullwidth non-hundred-percent-height-scrolling\" style=\"--awb-border-radius-top-left:0px;--awb-border-radius-top-right:0px;--awb-border-radius-bottom-right:0px;--awb-border-radius-bottom-left:0px;--awb-flex-wrap:wrap;\" ><div class=\"fusion-builder-row fusion-row fusion-flex-align-items-flex-start fusion-flex-justify-content-center fusion-flex-content-wrap\" style=\"max-width:1248px;margin-left: calc(-4% \/ 2 );margin-right: calc(-4% \/ 2 );\"><div class=\"fusion-layout-column fusion_builder_column fusion-builder-column-67 fusion_builder_column_4_5 4_5 fusion-flex-column\" style=\"--awb-bg-size:cover;--awb-width-large:80%;--awb-margin-top-large:0px;--awb-spacing-right-large:2.4%;--awb-margin-bottom-large:20px;--awb-spacing-left-large:2.4%;--awb-width-medium:80%;--awb-order-medium:0;--awb-spacing-right-medium:2.4%;--awb-spacing-left-medium:2.4%;--awb-width-small:100%;--awb-order-small:0;--awb-spacing-right-small:1.92%;--awb-spacing-left-small:1.92%;\"><div class=\"fusion-column-wrapper fusion-column-has-shadow fusion-flex-justify-content-flex-start fusion-content-layout-column\"><div class=\"fusion-separator fusion-full-width-sep\" style=\"align-self: center;margin-left: auto;margin-right: auto;width:100%;\"><div class=\"fusion-separator-border sep-single sep-solid\" style=\"--awb-height:20px;--awb-amount:20px;--awb-sep-color:#000000;border-color:#000000;border-top-width:1px;\"><\/div><\/div><\/div><\/div><div class=\"fusion-layout-column fusion_builder_column fusion-builder-column-68 fusion_builder_column_4_5 4_5 fusion-flex-column\" style=\"--awb-bg-size:cover;--awb-width-large:80%;--awb-margin-top-large:0px;--awb-spacing-right-large:2.4%;--awb-margin-bottom-large:20px;--awb-spacing-left-large:2.4%;--awb-width-medium:80%;--awb-order-medium:0;--awb-spacing-right-medium:2.4%;--awb-spacing-left-medium:2.4%;--awb-width-small:100%;--awb-order-small:0;--awb-spacing-right-small:1.92%;--awb-spacing-left-small:1.92%;\"><div class=\"fusion-column-wrapper fusion-column-has-shadow fusion-flex-justify-content-flex-start fusion-content-layout-column\"><div class=\"fusion-text fusion-text-93\" style=\"--awb-content-alignment:center;--awb-font-size:18px;--awb-text-font-family:&quot;Nunito&quot;;--awb-text-font-style:normal;--awb-text-font-weight:700;\"><\/div><div class=\"fusion-text fusion-text-94\"><\/div><div class=\"fusion-text fusion-text-95\" style=\"--awb-content-alignment:center;--awb-font-size:18px;--awb-text-font-family:&quot;Nunito&quot;;--awb-text-font-style:normal;--awb-text-font-weight:700;\"><p>BIBLIOTEKA CELOKUPNA DELA ALEKSANDRA TI\u0160ME<\/p>\n<\/div><\/div><\/div><div class=\"fusion-layout-column fusion_builder_column fusion-builder-column-69 fusion_builder_column_4_5 4_5 fusion-flex-column\" style=\"--awb-bg-size:cover;--awb-width-large:80%;--awb-margin-top-large:0px;--awb-spacing-right-large:2.4%;--awb-margin-bottom-large:20px;--awb-spacing-left-large:2.4%;--awb-width-medium:80%;--awb-order-medium:0;--awb-spacing-right-medium:2.4%;--awb-spacing-left-medium:2.4%;--awb-width-small:100%;--awb-order-small:0;--awb-spacing-right-small:1.92%;--awb-spacing-left-small:1.92%;\"><div class=\"fusion-column-wrapper fusion-column-has-shadow fusion-flex-justify-content-flex-start fusion-content-layout-column\"><div class=\"fusion-text fusion-text-96\" style=\"--awb-content-alignment:center;--awb-font-size:16px;\"><\/div><div class=\"fusion-text fusion-text-97\" style=\"--awb-content-alignment:center;--awb-font-size:16px;\"><p><span style=\"color: black; font-family: times new roman,serif; font-size: large;\"><a name=\"x__Hlk164274979\"><\/a><span lang=\"sr-Cyrl-RS\" data-olk-copy-source=\"MessageBody\">Aleksandar Ti\u0161ma&nbsp;<\/span><i><span lang=\"sr-Cyrl-RS\">Correspondence<\/span><\/i><span lang=\"sr-Cyrl-RS\">&nbsp;<\/span><span lang=\"sr-Latn-RS\">(<\/span><span lang=\"sr-Cyrl-RS\">tom&nbsp;<\/span><span lang=\"sr-Latn-RS\">I)&nbsp;<\/span><i><span lang=\"sr-Cyrl-RS\">Pisma Sonji<\/span><\/i><\/span><\/p>\n<\/div><div class=\"fusion-text fusion-text-98\" style=\"--awb-content-alignment:center;--awb-font-size:16px;\"><\/div><\/div><\/div><\/div><\/div><div class=\"fusion-fullwidth fullwidth-box fusion-builder-row-29 fusion-flex-container has-pattern-background has-mask-background nonhundred-percent-fullwidth non-hundred-percent-height-scrolling\" style=\"--awb-border-radius-top-left:0px;--awb-border-radius-top-right:0px;--awb-border-radius-bottom-right:0px;--awb-border-radius-bottom-left:0px;--awb-flex-wrap:wrap;\" ><div class=\"fusion-builder-row fusion-row fusion-flex-align-items-flex-start fusion-flex-justify-content-center fusion-flex-content-wrap\" style=\"max-width:1248px;margin-left: calc(-4% \/ 2 );margin-right: calc(-4% \/ 2 );\"><div class=\"fusion-layout-column fusion_builder_column fusion-builder-column-70 fusion_builder_column_4_5 4_5 fusion-flex-column\" style=\"--awb-bg-size:cover;--awb-width-large:80%;--awb-margin-top-large:0px;--awb-spacing-right-large:2.4%;--awb-margin-bottom-large:20px;--awb-spacing-left-large:2.4%;--awb-width-medium:80%;--awb-order-medium:0;--awb-spacing-right-medium:2.4%;--awb-spacing-left-medium:2.4%;--awb-width-small:100%;--awb-order-small:0;--awb-spacing-right-small:1.92%;--awb-spacing-left-small:1.92%;\"><div class=\"fusion-column-wrapper fusion-column-has-shadow fusion-flex-justify-content-flex-start fusion-content-layout-column\"><div class=\"fusion-separator fusion-full-width-sep\" style=\"align-self: center;margin-left: auto;margin-right: auto;width:100%;\"><div class=\"fusion-separator-border sep-single sep-solid\" style=\"--awb-height:20px;--awb-amount:20px;--awb-sep-color:#000000;border-color:#000000;border-top-width:1px;\"><\/div><\/div><\/div><\/div><div class=\"fusion-layout-column fusion_builder_column fusion-builder-column-71 fusion_builder_column_4_5 4_5 fusion-flex-column\" style=\"--awb-bg-size:cover;--awb-width-large:80%;--awb-margin-top-large:0px;--awb-spacing-right-large:2.4%;--awb-margin-bottom-large:20px;--awb-spacing-left-large:2.4%;--awb-width-medium:80%;--awb-order-medium:0;--awb-spacing-right-medium:2.4%;--awb-spacing-left-medium:2.4%;--awb-width-small:100%;--awb-order-small:0;--awb-spacing-right-small:1.92%;--awb-spacing-left-small:1.92%;\"><div class=\"fusion-column-wrapper fusion-column-has-shadow fusion-flex-justify-content-flex-start fusion-content-layout-column\"><div class=\"fusion-text fusion-text-99\" style=\"--awb-content-alignment:center;--awb-font-size:18px;--awb-text-font-family:&quot;Nunito&quot;;--awb-text-font-style:normal;--awb-text-font-weight:700;\"><\/div><div class=\"fusion-text fusion-text-100\"><\/div><div class=\"fusion-text fusion-text-101\" style=\"--awb-content-alignment:center;--awb-font-size:18px;--awb-text-font-family:&quot;Nunito&quot;;--awb-text-font-style:normal;--awb-text-font-weight:700;\"><p>BIBLIOTEKA PSYCHE<\/p>\n<\/div><\/div><\/div><div class=\"fusion-layout-column fusion_builder_column fusion-builder-column-72 fusion_builder_column_4_5 4_5 fusion-flex-column\" style=\"--awb-bg-size:cover;--awb-width-large:80%;--awb-margin-top-large:0px;--awb-spacing-right-large:2.4%;--awb-margin-bottom-large:20px;--awb-spacing-left-large:2.4%;--awb-width-medium:80%;--awb-order-medium:0;--awb-spacing-right-medium:2.4%;--awb-spacing-left-medium:2.4%;--awb-width-small:100%;--awb-order-small:0;--awb-spacing-right-small:1.92%;--awb-spacing-left-small:1.92%;\"><div class=\"fusion-column-wrapper fusion-column-has-shadow fusion-flex-justify-content-flex-start fusion-content-layout-column\"><div class=\"fusion-text fusion-text-102\" style=\"--awb-content-alignment:center;--awb-font-size:16px;\"><\/div><div class=\"fusion-text fusion-text-103\" style=\"--awb-content-alignment:center;--awb-font-size:16px;\"><div><span lang=\"sr-Latn-RS\"><span style=\"color: black; font-family: times new roman,serif; font-size: large;\" data-olk-copy-source=\"MessageBody\">Nina Krajnik<i>&nbsp;Lacanska psihoanaliza: Znanost in subjekt<\/i><\/span><\/span><\/div>\n<div>&nbsp;<\/div>\n<div><span style=\"color: black; font-family: times new roman,serif; font-size: large;\"><span lang=\"sr-Latn-RS\">STUART SHANKER&nbsp;<i><\/i><\/span><i>Self-Reg<\/i>&nbsp;&#8211;&nbsp;<i>How to Help Your Child (and You) Break the Stress Cycle and Successfully Engage with Life<\/i><\/span><\/div>\n<\/div><div class=\"fusion-text fusion-text-104\" style=\"--awb-content-alignment:center;--awb-font-size:16px;\"><\/div><\/div><\/div><\/div><\/div><\/p>","protected":false},"excerpt":{"rendered":"","protected":false},"author":1,"featured_media":0,"parent":0,"menu_order":0,"comment_status":"closed","ping_status":"closed","template":"","meta":{"_acf_changed":false,"footnotes":""},"autor":[],"class_list":["post-19074","page","type-page","status-publish","hentry"],"acf":[],"_links":{"self":[{"href":"https:\/\/akademskaknjiga.com\/en\/wp-json\/wp\/v2\/pages\/19074","targetHints":{"allow":["GET"]}}],"collection":[{"href":"https:\/\/akademskaknjiga.com\/en\/wp-json\/wp\/v2\/pages"}],"about":[{"href":"https:\/\/akademskaknjiga.com\/en\/wp-json\/wp\/v2\/types\/page"}],"author":[{"embeddable":true,"href":"https:\/\/akademskaknjiga.com\/en\/wp-json\/wp\/v2\/users\/1"}],"replies":[{"embeddable":true,"href":"https:\/\/akademskaknjiga.com\/en\/wp-json\/wp\/v2\/comments?post=19074"}],"version-history":[{"count":3,"href":"https:\/\/akademskaknjiga.com\/en\/wp-json\/wp\/v2\/pages\/19074\/revisions"}],"predecessor-version":[{"id":35281,"href":"https:\/\/akademskaknjiga.com\/en\/wp-json\/wp\/v2\/pages\/19074\/revisions\/35281"}],"wp:attachment":[{"href":"https:\/\/akademskaknjiga.com\/en\/wp-json\/wp\/v2\/media?parent=19074"}],"wp:term":[{"taxonomy":"autor","embeddable":true,"href":"https:\/\/akademskaknjiga.com\/en\/wp-json\/wp\/v2\/autor?post=19074"}],"curies":[{"name":"wp","href":"https:\/\/api.w.org\/{rel}","templated":true}]}}